{"id":134,"date":"2022-06-21T01:24:47","date_gmt":"2022-06-21T01:24:47","guid":{"rendered":"https:\/\/naturecantonsdelest.ca\/nce\/?page_id=134"},"modified":"2025-12-05T14:07:37","modified_gmt":"2025-12-05T14:07:37","slug":"accueil","status":"publish","type":"page","link":"https:\/\/naturecantonsdelest.ca\/nce\/","title":{"rendered":"Accueil"},"content":{"rendered":"\t\t<div data-elementor-type=\"wp-post\" data-elementor-id=\"134\" class=\"elementor elementor-134\" data-elementor-post-type=\"page\">\n\t\t\t\t\t\t<section class=\"elementor-section elementor-top-section elementor-element elementor-element-5a4bd9c elementor-section-height-min-height elementor-section-items-bottom elementor-section-boxed elementor-section-height-default\" data-id=\"5a4bd9c\" data-element_type=\"section\" data-settings=\"{&quot;background_background&quot;:&quot;classic&quot;}\">\n\t\t\t\t\t\t\t<div class=\"elementor-background-overlay\"><\/div>\n\t\t\t\t\t\t\t<div class=\"elementor-container elementor-column-gap-default\">\n\t\t\t\t\t<div class=\"elementor-column elementor-col-100 elementor-top-column elementor-element elementor-element-57a5bb0\" data-id=\"57a5bb0\" data-element_type=\"column\">\n\t\t\t<div class=\"elementor-widget-wrap elementor-element-populated\">\n\t\t\t\t\t\t<div class=\"elementor-element elementor-element-5325c74 elementor-widget elementor-widget-text-editor\" data-id=\"5325c74\" data-element_type=\"widget\" data-widget_type=\"text-editor.default\">\n\t\t\t\t<div class=\"elementor-widget-container\">\n\t\t\t\t\t\t\t\t\t<p><strong>PR\u00c9SERVER<\/strong><br \/>LES MILIEUX NATURELS<br \/>ET LA BIODIVERSIT\u00c9<\/p>\t\t\t\t\t\t\t\t<\/div>\n\t\t\t\t<\/div>\n\t\t\t\t\t<\/div>\n\t\t<\/div>\n\t\t\t\t\t<\/div>\n\t\t<\/section>\n\t\t\t\t<section class=\"elementor-section elementor-top-section elementor-element elementor-element-a6f3e57 elementor-section-height-min-height elementor-section-boxed elementor-section-height-default elementor-section-items-middle\" data-id=\"a6f3e57\" data-element_type=\"section\">\n\t\t\t\t\t\t<div class=\"elementor-container elementor-column-gap-no\">\n\t\t\t\t\t<div class=\"elementor-column elementor-col-100 elementor-top-column elementor-element elementor-element-86e6f66\" data-id=\"86e6f66\" data-element_type=\"column\">\n\t\t\t<div class=\"elementor-widget-wrap elementor-element-populated\">\n\t\t\t\t\t\t<div class=\"elementor-element elementor-element-ece7788 elementor-widget elementor-widget-spacer\" data-id=\"ece7788\" data-element_type=\"widget\" data-widget_type=\"spacer.default\">\n\t\t\t\t<div class=\"elementor-widget-container\">\n\t\t\t\t\t\t\t<div class=\"elementor-spacer\">\n\t\t\t<div class=\"elementor-spacer-inner\"><\/div>\n\t\t<\/div>\n\t\t\t\t\t\t<\/div>\n\t\t\t\t<\/div>\n\t\t\t\t\t<\/div>\n\t\t<\/div>\n\t\t\t\t\t<\/div>\n\t\t<\/section>\n\t\t\t\t<section class=\"elementor-section elementor-top-section elementor-element elementor-element-295ce1b elementor-section-height-min-height elementor-section-content-middle elementor-hidden-mobile click-child pointer elementor-section-boxed elementor-section-height-default elementor-section-items-middle\" data-id=\"295ce1b\" data-element_type=\"section\" data-settings=\"{&quot;background_background&quot;:&quot;classic&quot;}\">\n\t\t\t\t\t\t\t<div class=\"elementor-background-overlay\"><\/div>\n\t\t\t\t\t\t\t<div class=\"elementor-container elementor-column-gap-no\">\n\t\t\t\t\t<div class=\"elementor-column elementor-col-50 elementor-top-column elementor-element elementor-element-b70ee0d\" data-id=\"b70ee0d\" data-element_type=\"column\">\n\t\t\t<div class=\"elementor-widget-wrap elementor-element-populated\">\n\t\t\t\t\t\t<div class=\"elementor-element elementor-element-4848db5 elementor-widget elementor-widget-text-editor\" data-id=\"4848db5\" data-element_type=\"widget\" data-widget_type=\"text-editor.default\">\n\t\t\t\t<div class=\"elementor-widget-container\">\n\t\t\t\t\t\t\t\t\t<p>Vous \u00eates <b>un propri\u00e9taire<\/b> int\u00e9ress\u00e9 par la<\/p>\t\t\t\t\t\t\t\t<\/div>\n\t\t\t\t<\/div>\n\t\t\t\t<div class=\"elementor-element elementor-element-306de9e elementor-widget elementor-widget-text-editor\" data-id=\"306de9e\" data-element_type=\"widget\" data-widget_type=\"text-editor.default\">\n\t\t\t\t<div class=\"elementor-widget-container\">\n\t\t\t\t\t\t\t\t\t<p><span style=\"color: #ffff99;\"><a style=\"color: #ffff99;\" href=\"https:\/\/naturecantonsdelest.ca\/nce\/options-de-conservation-milieux-naturels\/\"><span style=\"color: #ffff99;\">CONSERVATION?<\/span><\/a><\/span><\/p>\t\t\t\t\t\t\t\t<\/div>\n\t\t\t\t<\/div>\n\t\t\t\t\t<\/div>\n\t\t<\/div>\n\t\t\t\t<div class=\"elementor-column elementor-col-50 elementor-top-column elementor-element elementor-element-9e7727f\" data-id=\"9e7727f\" data-element_type=\"column\">\n\t\t\t<div class=\"elementor-widget-wrap elementor-element-populated\">\n\t\t\t\t\t\t<div class=\"elementor-element elementor-element-ec58d6a elementor-widget elementor-widget-text-editor\" data-id=\"ec58d6a\" data-element_type=\"widget\" data-widget_type=\"text-editor.default\">\n\t\t\t\t<div class=\"elementor-widget-container\">\n\t\t\t\t\t\t\t\t\t<p style=\"text-align: right;\"><b>CONTACTEZ-NOUS<\/b><\/p>\n<p style=\"text-align: right;\">819-566-5600<\/p>\t\t\t\t\t\t\t\t<\/div>\n\t\t\t\t<\/div>\n\t\t\t\t\t<\/div>\n\t\t<\/div>\n\t\t\t\t\t<\/div>\n\t\t<\/section>\n\t\t\t\t<section class=\"elementor-section elementor-top-section elementor-element elementor-element-dd30d9b elementor-hidden-mobile click-child pointer elementor-section-boxed elementor-section-height-default elementor-section-height-default\" data-id=\"dd30d9b\" data-element_type=\"section\">\n\t\t\t\t\t\t<div class=\"elementor-container elementor-column-gap-default\">\n\t\t\t\t\t<div class=\"elementor-column elementor-col-100 elementor-top-column elementor-element elementor-element-ad3b845\" data-id=\"ad3b845\" data-element_type=\"column\">\n\t\t\t<div class=\"elementor-widget-wrap elementor-element-populated\">\n\t\t\t\t\t\t<div class=\"elementor-element elementor-element-36334c4 elementor-widget elementor-widget-image\" data-id=\"36334c4\" data-element_type=\"widget\" data-widget_type=\"image.default\">\n\t\t\t\t<div class=\"elementor-widget-container\">\n\t\t\t\t\t\t\t\t\t\t\t\t\t\t\t\t<a href=\"https:\/\/naturecantonsdelest.ca\/nce\/options-de-conservation-milieux-naturels\/\">\n\t\t\t\t\t\t\t<img fetchpriority=\"high\" decoding=\"async\" width=\"293\" height=\"191\" src=\"https:\/\/naturecantonsdelest.ca\/nce\/wp-content\/uploads\/2022\/06\/papillon.png\" class=\"attachment-full size-full wp-image-144\" alt=\"\" \/>\t\t\t\t\t\t\t\t<\/a>\n\t\t\t\t\t\t\t\t\t\t\t\t\t\t\t<\/div>\n\t\t\t\t<\/div>\n\t\t\t\t\t<\/div>\n\t\t<\/div>\n\t\t\t\t\t<\/div>\n\t\t<\/section>\n\t\t\t\t<section class=\"elementor-section elementor-top-section elementor-element elementor-element-124a333 elementor-section-boxed elementor-section-height-default elementor-section-height-default\" data-id=\"124a333\" data-element_type=\"section\" data-settings=\"{&quot;background_background&quot;:&quot;classic&quot;}\">\n\t\t\t\t\t\t<div class=\"elementor-container elementor-column-gap-default\">\n\t\t\t\t\t<div class=\"elementor-column elementor-col-50 elementor-top-column elementor-element elementor-element-8c391ed\" data-id=\"8c391ed\" data-element_type=\"column\">\n\t\t\t<div class=\"elementor-widget-wrap elementor-element-populated\">\n\t\t\t\t\t\t<div class=\"elementor-element elementor-element-ec552b0 elementor-widget elementor-widget-heading\" data-id=\"ec552b0\" data-element_type=\"widget\" data-widget_type=\"heading.default\">\n\t\t\t\t<div class=\"elementor-widget-container\">\n\t\t\t\t\t<h2 class=\"elementor-heading-title elementor-size-default\">Nature Cantons-de-l\u2019Est <\/h2>\t\t\t\t<\/div>\n\t\t\t\t<\/div>\n\t\t\t\t<div class=\"elementor-element elementor-element-3cafc48 elementor-widget elementor-widget-text-editor\" data-id=\"3cafc48\" data-element_type=\"widget\" data-widget_type=\"text-editor.default\">\n\t\t\t\t<div class=\"elementor-widget-container\">\n\t\t\t\t\t\t\t\t\t<p>est un organisme actif dans la conservation des milieux naturels et dans l\u2019\u00e9ducation et la sensibilisation aux milieux naturels, et qui appuie la formation et la recherche au niveau postsecondaire. En activit\u00e9 depuis 1989, Nature Cantons-de-l\u2019Est collabore avec des propri\u00e9taires priv\u00e9s, des municipalit\u00e9s et des institutions d\u2019enseignement postsecondaire pour atteindre ses objectifs. <br \/><strong><a href=\"https:\/\/naturecantonsdelest.ca\/nce\/organisation\/\">\u00bb En savoir plus<\/a> <\/strong><\/p>\t\t\t\t\t\t\t\t<\/div>\n\t\t\t\t<\/div>\n\t\t\t\t\t<\/div>\n\t\t<\/div>\n\t\t\t\t<div class=\"elementor-column elementor-col-50 elementor-top-column elementor-element elementor-element-b37a236\" data-id=\"b37a236\" data-element_type=\"column\">\n\t\t\t<div class=\"elementor-widget-wrap elementor-element-populated\">\n\t\t\t\t\t\t<div class=\"elementor-element elementor-element-444cb51 elementor-widget elementor-widget-video\" data-id=\"444cb51\" data-element_type=\"widget\" data-settings=\"{&quot;youtube_url&quot;:&quot;https:\\\/\\\/www.youtube.com\\\/watch?v=i0fZdhOd5AA&quot;,&quot;loop&quot;:&quot;yes&quot;,&quot;video_type&quot;:&quot;youtube&quot;,&quot;controls&quot;:&quot;yes&quot;}\" data-widget_type=\"video.default\">\n\t\t\t\t<div class=\"elementor-widget-container\">\n\t\t\t\t\t\t\t<div class=\"elementor-wrapper elementor-open-inline\">\n\t\t\t<div class=\"elementor-video\"><\/div>\t\t<\/div>\n\t\t\t\t\t\t<\/div>\n\t\t\t\t<\/div>\n\t\t\t\t\t<\/div>\n\t\t<\/div>\n\t\t\t\t\t<\/div>\n\t\t<\/section>\n\t\t\t\t<section class=\"elementor-section elementor-top-section elementor-element elementor-element-6aa5dbf elementor-section-height-min-height elementor-section-content-middle click-child pointer elementor-section-boxed elementor-section-height-default elementor-section-items-middle\" data-id=\"6aa5dbf\" data-element_type=\"section\" data-settings=\"{&quot;background_background&quot;:&quot;slideshow&quot;,&quot;background_slideshow_gallery&quot;:[{&quot;id&quot;:167,&quot;url&quot;:&quot;https:\\\/\\\/naturecantonsdelest.ca\\\/nce\\\/wp-content\\\/uploads\\\/2022\\\/06\\\/bg-projet-mont-megantic.jpg&quot;},{&quot;id&quot;:168,&quot;url&quot;:&quot;https:\\\/\\\/naturecantonsdelest.ca\\\/nce\\\/wp-content\\\/uploads\\\/2022\\\/06\\\/bg-projet-sherbrooke.jpg&quot;},{&quot;id&quot;:173,&quot;url&quot;:&quot;https:\\\/\\\/naturecantonsdelest.ca\\\/nce\\\/wp-content\\\/uploads\\\/2022\\\/06\\\/bg-projet-johnville.jpg&quot;}],&quot;background_slideshow_loop&quot;:&quot;yes&quot;,&quot;background_slideshow_slide_duration&quot;:5000,&quot;background_slideshow_slide_transition&quot;:&quot;fade&quot;,&quot;background_slideshow_transition_duration&quot;:500}\">\n\t\t\t\t\t\t\t<div class=\"elementor-background-overlay\"><\/div>\n\t\t\t\t\t\t\t<div class=\"elementor-container elementor-column-gap-no\">\n\t\t\t\t\t<div class=\"elementor-column elementor-col-100 elementor-top-column elementor-element elementor-element-dba72c4\" data-id=\"dba72c4\" data-element_type=\"column\">\n\t\t\t<div class=\"elementor-widget-wrap elementor-element-populated\">\n\t\t\t\t\t\t<div class=\"elementor-element elementor-element-8688291 elementor-widget elementor-widget-text-editor\" data-id=\"8688291\" data-element_type=\"widget\" data-widget_type=\"text-editor.default\">\n\t\t\t\t<div class=\"elementor-widget-container\">\n\t\t\t\t\t\t\t\t\t<p>D\u00c9COUVREZ NOS DIFF\u00c9RENTS<\/p>\t\t\t\t\t\t\t\t<\/div>\n\t\t\t\t<\/div>\n\t\t\t\t<div class=\"elementor-element elementor-element-eb5ad0a elementor-widget elementor-widget-heading\" data-id=\"eb5ad0a\" data-element_type=\"widget\" data-widget_type=\"heading.default\">\n\t\t\t\t<div class=\"elementor-widget-container\">\n\t\t\t\t\t<h2 class=\"elementor-heading-title elementor-size-default\"><a href=\"https:\/\/naturecantonsdelest.ca\/nce\/conservation-milieux-naturels\/\">PROJETS DE CONSERVATION<\/a><\/h2>\t\t\t\t<\/div>\n\t\t\t\t<\/div>\n\t\t\t\t\t<\/div>\n\t\t<\/div>\n\t\t\t\t\t<\/div>\n\t\t<\/section>\n\t\t\t\t<section class=\"elementor-section elementor-top-section elementor-element elementor-element-5a02e75 elementor-section-height-min-height elementor-section-boxed elementor-section-height-default elementor-section-items-middle\" data-id=\"5a02e75\" data-element_type=\"section\" data-settings=\"{&quot;background_background&quot;:&quot;classic&quot;}\">\n\t\t\t\t\t\t<div class=\"elementor-container elementor-column-gap-no\">\n\t\t\t\t\t<div class=\"elementor-column elementor-col-100 elementor-top-column elementor-element elementor-element-f693d4a\" data-id=\"f693d4a\" data-element_type=\"column\">\n\t\t\t<div class=\"elementor-widget-wrap elementor-element-populated\">\n\t\t\t\t\t\t<div class=\"elementor-element elementor-element-f111233 elementor-widget elementor-widget-spacer\" data-id=\"f111233\" data-element_type=\"widget\" data-widget_type=\"spacer.default\">\n\t\t\t\t<div class=\"elementor-widget-container\">\n\t\t\t\t\t\t\t<div class=\"elementor-spacer\">\n\t\t\t<div class=\"elementor-spacer-inner\"><\/div>\n\t\t<\/div>\n\t\t\t\t\t\t<\/div>\n\t\t\t\t<\/div>\n\t\t\t\t\t<\/div>\n\t\t<\/div>\n\t\t\t\t\t<\/div>\n\t\t<\/section>\n\t\t\t\t<section class=\"elementor-section elementor-top-section elementor-element elementor-element-dd873ae elementor-section-boxed elementor-section-height-default elementor-section-height-default\" data-id=\"dd873ae\" data-element_type=\"section\" data-settings=\"{&quot;background_background&quot;:&quot;classic&quot;}\">\n\t\t\t\t\t\t<div class=\"elementor-container elementor-column-gap-default\">\n\t\t\t\t\t<div class=\"elementor-column elementor-col-100 elementor-top-column elementor-element elementor-element-2978894\" data-id=\"2978894\" data-element_type=\"column\" data-settings=\"{&quot;background_background&quot;:&quot;classic&quot;}\">\n\t\t\t<div class=\"elementor-widget-wrap elementor-element-populated\">\n\t\t\t\t\t\t<div class=\"elementor-element elementor-element-a59ea39 elementor-widget__width-inherit elementor-widget elementor-widget-heading\" data-id=\"a59ea39\" data-element_type=\"widget\" data-widget_type=\"heading.default\">\n\t\t\t\t<div class=\"elementor-widget-container\">\n\t\t\t\t\t<h2 class=\"elementor-heading-title elementor-size-default\"><b>ACTUALIT\u00c9<\/b><br><span style=\"font-size: 80%\">SUIVEZ-NOUS SUR NOTRE <b>PAGE FACEBOOK<b><\/span>\n<\/b><\/b><\/h2>\t\t\t\t<\/div>\n\t\t\t\t<\/div>\n\t\t\t\t<div class=\"elementor-element elementor-element-988c1dc elementor-widget__width-inherit elementor-widget elementor-widget-cff-widget\" data-id=\"988c1dc\" data-element_type=\"widget\" data-widget_type=\"cff-widget.default\">\n\t\t\t\t<div class=\"elementor-widget-container\">\n\t\t\t\t\t<div class=\"cff-wrapper\">\t<div id=\"cff-visual-header-419624361426852\" class=\"cff-visual-header\">\n\t\t\t\t\t\t<div class=\"cff-header-inner-wrap\">\n\t\t\t\t\t\t<div class=\"cff-header-text\" >\n\n\t\t\t\t\t\t\t\t\t\t\t\t<\/div>\n\t\t<\/div>\n\t<\/div>\n<div class=\"cff-wrapper-ctn  cff-wrapper-fixed-height\"  style=\"height:450px;\" ><div id=\"cff\" role=\"region\" aria-label=\"Facebook feed\"  class=\"cff cff-list-container cff-masonry masonry-2-tablet cff-masonry-js cff-fixed-height  cff-default-styles  cff-mob-cols-1 cff-palette-2 \"   style=\"width:100%;\"   data-char=\"400\"  data-cff-flags=\"gdpr\" ><div class=\"cff-posts-wrap\" role=\"list\"><div role=\"listitem\" id=\"cff_419624361426852_1500897155411355\" class=\"cff-item cff-status-post cff-album cff-box cff-shadow author-nature-cantons-de-l-est\"  style=\"border-radius:15px;background-color:#ECECEC;\" >\n\t<div class=\"cff-author\">\n\t<div class=\"cff-author-text\">\n\t\t\t\t\t<div class=\"cff-page-name cff-author-date\" >\n\t\t\t\t<strong role=\"heading\" aria-level=\"3\"><a href=\"https:\/\/facebook.com\/419624361426852\" target=\"_blank\" rel=\"nofollow noopener\" >Nature Cantons-de-l&#039;Est<\/a><\/strong>\n\t\t\t\t<span class=\"cff-story\"> <\/span>\n\t\t\t<\/div>\n\t\t\t\n<p class=\"cff-date\" > 2 weeks ago <\/p>\n\t\t\t<\/div>\n\t<div class=\"cff-author-img  cff-no-consent\" data-avatar=\"https:\/\/scontent-lga3-3.xx.fbcdn.net\/v\/t39.30808-1\/260461949_4831969493525628_7486788510063965590_n.png?stp=cp0_dst-png_s50x50&#038;_nc_cat=102&#038;ccb=1-7&#038;_nc_sid=f907e8&#038;_nc_ohc=UaeytmLyMSYQ7kNvwHsbB8i&#038;_nc_oc=Ado05SH3yQAMJX5f_zbRnOKU-5DZSNbBA8GpvmkVezwPJEE1cx9dD2DChXgoiPPwUPqptJE409YYWcI_8Gx_x7pM&#038;_nc_zt=24&#038;_nc_ht=scontent-lga3-3.xx&#038;edm=AKIiGfEEAAAA&#038;_nc_gid=TUWDTILEQ3fsYy_P0G6Qcw&#038;_nc_tpa=Q5bMBQLyc5kZlSZ86bldy-_gfIvyFlhHCDid0x82XXuwBD7DCtFUxIcRfOpFuNFIGuzThGvmnZ1kQuGvdA&#038;oh=00_AQG5TP71-pBSoFIHhwWwyMtez2VkqfmtVTF-GZPuxoLt1A&#038;oe=6A94F59C\">\n\t\t\t\t<a href=\"https:\/\/facebook.com\/419624361426852\" target=\"_blank\" rel=\"nofollow noopener\" ><img decoding=\"async\" src=\"https:\/\/naturecantonsdelest.ca\/nce\/wp-content\/plugins\/custom-facebook-feed\/\/assets\/img\/placeholder.png\" title=\"Nature Cantons-de-l&#039;Est\" alt=\"Nature Cantons-de-l&#039;Est\" width=40 height=40><\/a>\n\t<\/div>\n<\/div>\n\n<div class=\"cff-post-text\" >\n\t<span class=\"cff-text\" data-color=\"\">\n\t\t\ud83d\udc1f Retour sur le Bioblitz de Sherbrooke 2026 \ud83e\udd9d<img class=\"cff-linebreak\" alt=\"\" aria-hidden=\"true\" \/><img class=\"cff-linebreak\" alt=\"\" aria-hidden=\"true\" \/>Le Bioblitz 2026 de la <a href=\"https:\/\/facebook.com\/114449895238919\">Ville de Sherbrooke<\/a> s\u2019est d\u00e9roul\u00e9 cette ann\u00e9e en trois volets dans diff\u00e9rents parcs de la ville, soit le Bioblitz terrestre au parc du Bois Beckett, le Bioblitz nocturne au parc Atto-Beaver et le Bioblitz aquatique au parc Lucien-Blanchard. \ud83d\udc22<img class=\"cff-linebreak\" alt=\"\" aria-hidden=\"true\" \/><img class=\"cff-linebreak\" alt=\"\" aria-hidden=\"true\" \/>Gr\u00e2ce \u00e0 la participation des citoyens et des experts en taxonomie, ce sont 136 esp\u00e8ces animales et v\u00e9g\u00e9tales qui ont \u00e9t\u00e9 observ\u00e9es et recens\u00e9es au cours de ces activit\u00e9s de d\u00e9couverte de la biodiversit\u00e9! \ud83d\udd0e<img class=\"cff-linebreak\" alt=\"\" aria-hidden=\"true\" \/><img class=\"cff-linebreak\" alt=\"\" aria-hidden=\"true\" \/>\ud83e\udef6 Un grand merci \u00e0 toutes les participants ainsi qu\u2019aux sp\u00e9cialistes qui ont partag\u00e9 leurs connaissances et contribu\u00e9 au succ\u00e8s de cette belle initiative. Enfin, un immense merci \u00e0 la <a href=\"https:\/\/facebook.com\/114449895238919\">Ville de Sherbrooke<\/a>, sans qui cet \u00e9v\u00e9nement n\u2019aurait pas \u00e9t\u00e9 possible!\t\t\t<\/span>\n\t<span class=\"cff-expand\">... <button type=\"button\" class=\"cff-readmore\" aria-expanded=\"false\" style=\"color: #\"><span class=\"cff-more\">Voir plus<\/span><span class=\"cff-less\">Voir moins<\/span><\/button><\/span>\n\n<\/div>\n\n<p class=\"cff-media-link\">\n\t<a href=\"https:\/\/www.facebook.com\/884557657045311\/posts\/1500897155411355\" aria-label=\"Photo\" target=\"_blank\" style=\"color: #\">\n\t\t<span style=\"padding-right: 5px;\" class=\"fa fas fa-picture-o fa-image\" aria-hidden=\"true\"><\/span>Photo\t<\/a>\n<\/p>\n\t\t<div class=\"cff-post-links\">\n\t\t\t\t\t<a class=\"cff-viewpost-facebook\" href=\"https:\/\/www.facebook.com\/884557657045311\/posts\/1500897155411355\" title=\"View on Facebook\" target=\"_blank\" rel=\"nofollow noopener\" >View on Facebook<span class=\"cff-screenreader\"> (opens in a new tab)<\/span><\/a>\n\t\t\t\t\t\t\t<div class=\"cff-share-container\">\n\t\t\t\t\t\t\t\t\t<span class=\"cff-dot\" >&middot;<\/span>\n\t\t\t\t\t\t\t\t<a class=\"cff-share-link\" href=\"https:\/\/www.facebook.com\/sharer\/sharer.php?u=https%3A%2F%2Fwww.facebook.com%2F884557657045311%2Fposts%2F1500897155411355\" title=\"Share\" aria-expanded=\"false\" aria-haspopup=\"true\" >Share<\/a>\n\t\t\t\t<p class=\"cff-share-tooltip\">\n\t\t\t\t\t\t\t\t\t\t\t<a href=\"https:\/\/www.facebook.com\/sharer\/sharer.php?u=https%3A%2F%2Fwww.facebook.com%2F884557657045311%2Fposts%2F1500897155411355\" target=\"_blank\" rel=\"noopener noreferrer\" class=\"cff-facebook-icon\">\n\t\t\t\t\t\t\t<span class=\"fa fab fa-facebook-square\" aria-hidden=\"true\"><\/span>\n\t\t\t\t\t\t\t<span class=\"cff-screenreader\">Partager sur Facebook (opens in a new tab)<\/span>\n\t\t\t\t\t\t<\/a>\n\t\t\t\t\t\t\t\t\t\t\t<a href=\"https:\/\/twitter.com\/intent\/tweet?text=https%3A%2F%2Fwww.facebook.com%2F884557657045311%2Fposts%2F1500897155411355\" target=\"_blank\" rel=\"noopener noreferrer\" class=\"cff-twitter-icon\">\n\t\t\t\t\t\t\t<span class=\"fa fab fa-twitter\" aria-hidden=\"true\"><\/span>\n\t\t\t\t\t\t\t<span class=\"cff-screenreader\">Partager sur Twitter (opens in a new tab)<\/span>\n\t\t\t\t\t\t<\/a>\n\t\t\t\t\t\t\t\t\t\t\t<a href=\"https:\/\/www.linkedin.com\/shareArticle?mini=true&#038;url=https%3A%2F%2Fwww.facebook.com%2F884557657045311%2Fposts%2F1500897155411355&#038;title=%09%09%09%F0%9F%90%9F%20Retour%20sur%20le%20Bioblitz%20de%20Sherbrooke%202026%20%F0%9F%A6%9DLe%20Bioblitz%202026%20de%20la%20Ville%20de%20Sherbrooke%20s%E2%80%99est%20d%C3%A9roul%C3%A9%20cette%20ann%C3%A9e%20en%20trois%20volets%20dans%20diff%C3%A9rents%20parcs%20de%20la%20ville%2C%20soit%20le%20Bioblitz%20terrestre%20au%20parc%20du%20Bois%20Beckett%2C%20le%20Bioblitz%20nocturne%20au%20parc%20Atto-Beaver%20et%20le%20Bioblitz%20aquatique%20au%20parc%20Lucien-Blanchard.%20%F0%9F%90%A2Gr%C3%A2ce%20%C3%A0%20la%20participation%20des%20citoyens%20et%20des%20experts%20en%20taxonomie%2C%20ce%20sont%20136%20esp%C3%A8ces%20animales%20et%20v%C3%A9g%C3%A9tales%20qui%20ont%20%C3%A9t%C3%A9%20observ%C3%A9es%20et%20recens%C3%A9es%20au%20cours%20de%20ces%20activit%C3%A9s%20de%20d%C3%A9couverte%20de%20la%20biodiversit%C3%A9%21%20%F0%9F%94%8E%F0%9F%AB%B6%20Un%20grand%20merci%20%C3%A0%20toutes%20les%20participants%20ainsi%20qu%E2%80%99aux%20sp%C3%A9cialistes%20qui%20ont%20partag%C3%A9%20leurs%20connaissances%20et%20contribu%C3%A9%20au%20succ%C3%A8s%20de%20cette%20belle%20initiative.%20Enfin%2C%20un%20immense%20merci%20%C3%A0%20la%20Ville%20de%20Sherbrooke%2C%20sans%20qui%20cet%20%C3%A9v%C3%A9nement%20n%E2%80%99aurait%20pas%20%C3%A9t%C3%A9%20possible%21%09%09%09%09\" target=\"_blank\" rel=\"noopener noreferrer\" class=\"cff-linkedin-icon\">\n\t\t\t\t\t\t\t<span class=\"fa fab fa-linkedin\" aria-hidden=\"true\"><\/span>\n\t\t\t\t\t\t\t<span class=\"cff-screenreader\">Share on LinkedIn (opens in a new tab)<\/span>\n\t\t\t\t\t\t<\/a>\n\t\t\t\t\t\t\t\t\t\t\t<a href=\"mailto:?subject=Facebook&#038;body=https%3A%2F%2Fwww.facebook.com%2F884557657045311%2Fposts%2F1500897155411355%20-%20%0A%0A%09%0A%09%09%F0%9F%90%9F%20Retour%20sur%20le%20Bioblitz%20de%20Sherbrooke%202026%20%F0%9F%A6%9DLe%20Bioblitz%202026%20de%20la%20Ville%20de%20Sherbrooke%20s%E2%80%99est%20d%C3%A9roul%C3%A9%20cette%20ann%C3%A9e%20en%20trois%20volets%20dans%20diff%C3%A9rents%20parcs%20de%20la%20ville%2C%20soit%20le%20Bioblitz%20terrestre%20au%20parc%20du%20Bois%20Beckett%2C%20le%20Bioblitz%20nocturne%20au%20parc%20Atto-Beaver%20et%20le%20Bioblitz%20aquatique%20au%20parc%20Lucien-Blanchard.%20%F0%9F%90%A2Gr%C3%A2ce%20%C3%A0%20la%20participation%20des%20citoyens%20et%20des%20experts%20en%20taxonomie%2C%20ce%20sont%20136%20esp%C3%A8ces%20animales%20et%20v%C3%A9g%C3%A9tales%20qui%20ont%20%C3%A9t%C3%A9%20observ%C3%A9es%20et%20recens%C3%A9es%20au%20cours%20de%20ces%20activit%C3%A9s%20de%20d%C3%A9couverte%20de%20la%20biodiversit%C3%A9%21%20%F0%9F%94%8E%F0%9F%AB%B6%20Un%20grand%20merci%20%C3%A0%20toutes%20les%20participants%20ainsi%20qu%E2%80%99aux%20sp%C3%A9cialistes%20qui%20ont%20partag%C3%A9%20leurs%20connaissances%20et%20contribu%C3%A9%20au%20succ%C3%A8s%20de%20cette%20belle%20initiative.%20Enfin%2C%20un%20immense%20merci%20%C3%A0%20la%20Ville%20de%20Sherbrooke%2C%20sans%20qui%20cet%20%C3%A9v%C3%A9nement%20n%E2%80%99aurait%20pas%20%C3%A9t%C3%A9%20possible%21%09%09%09%0A%09\" target=\"_blank\" rel=\"noopener noreferrer\" class=\"cff-email-icon\">\n\t\t\t\t\t\t\t<span class=\"fa fab fa-envelope\" aria-hidden=\"true\"><\/span>\n\t\t\t\t\t\t\t<span class=\"cff-screenreader\">Partager par email (opens in a new tab)<\/span>\n\t\t\t\t\t\t<\/a>\n\t\t\t\t\t\t\t\t\t<\/p>\n\t\t\t<\/div>\n\t\t\t<\/div>\n\t<\/div>\n\n\n\n<div role=\"listitem\" id=\"cff_419624361426852_1491594303008307\" class=\"cff-item cff-photo-post cff-box cff-shadow author-nature-cantons-de-l-est\"  style=\"border-radius:15px;background-color:#ECECEC;\" >\n\t<div class=\"cff-author\">\n\t<div class=\"cff-author-text\">\n\t\t\t\t\t<div class=\"cff-page-name cff-author-date\" >\n\t\t\t\t<strong role=\"heading\" aria-level=\"3\"><a href=\"https:\/\/facebook.com\/419624361426852\" target=\"_blank\" rel=\"nofollow noopener\" >Nature Cantons-de-l&#039;Est<\/a><\/strong>\n\t\t\t\t<span class=\"cff-story\"> <\/span>\n\t\t\t<\/div>\n\t\t\t\n<p class=\"cff-date\" > 3 weeks ago <\/p>\n\t\t\t<\/div>\n\t<div class=\"cff-author-img  cff-no-consent\" data-avatar=\"https:\/\/scontent-lga3-3.xx.fbcdn.net\/v\/t39.30808-1\/260461949_4831969493525628_7486788510063965590_n.png?stp=cp0_dst-png_s50x50&#038;_nc_cat=102&#038;ccb=1-7&#038;_nc_sid=f907e8&#038;_nc_ohc=UaeytmLyMSYQ7kNvwHsbB8i&#038;_nc_oc=Ado05SH3yQAMJX5f_zbRnOKU-5DZSNbBA8GpvmkVezwPJEE1cx9dD2DChXgoiPPwUPqptJE409YYWcI_8Gx_x7pM&#038;_nc_zt=24&#038;_nc_ht=scontent-lga3-3.xx&#038;edm=AKIiGfEEAAAA&#038;_nc_gid=TUWDTILEQ3fsYy_P0G6Qcw&#038;_nc_tpa=Q5bMBQLyc5kZlSZ86bldy-_gfIvyFlhHCDid0x82XXuwBD7DCtFUxIcRfOpFuNFIGuzThGvmnZ1kQuGvdA&#038;oh=00_AQG5TP71-pBSoFIHhwWwyMtez2VkqfmtVTF-GZPuxoLt1A&#038;oe=6A94F59C\">\n\t\t\t\t<a href=\"https:\/\/facebook.com\/419624361426852\" target=\"_blank\" rel=\"nofollow noopener\" ><img decoding=\"async\" src=\"https:\/\/naturecantonsdelest.ca\/nce\/wp-content\/plugins\/custom-facebook-feed\/\/assets\/img\/placeholder.png\" title=\"Nature Cantons-de-l&#039;Est\" alt=\"Nature Cantons-de-l&#039;Est\" width=40 height=40><\/a>\n\t<\/div>\n<\/div>\n\n<div class=\"cff-post-text\" >\n\t<span class=\"cff-text\" data-color=\"\">\n\t\t<span class=\"cff-post-desc\"  style=\"font-size:12px;\" >\ud83d\udc1f Pssst... Le Bioblitz aquatique de Sherbrooke, c'est demain!<img class=\"cff-linebreak\" alt=\"\" aria-hidden=\"true\" \/><img class=\"cff-linebreak\" alt=\"\" aria-hidden=\"true\" \/>\ud83c\udf0a \u00cates-vous pr\u00eats \u00e0 d\u00e9couvrir les poissons qui peuplent la rivi\u00e8re Magog?<img class=\"cff-linebreak\" alt=\"\" aria-hidden=\"true\" \/><img class=\"cff-linebreak\" alt=\"\" aria-hidden=\"true\" \/>Demain, venez assister \u00e0 un inventaire de poissons r\u00e9alis\u00e9 par des sp\u00e9cialistes! Vous d\u00e9couvrirez les diff\u00e9rentes esp\u00e8ces pr\u00e9sentes dans nos cours d'eau, les techniques utilis\u00e9es pour les recenser ainsi que l'importance de ces inventaires pour mieux conna\u00eetre et prot\u00e9ger nos \u00e9cosyst\u00e8mes aquatiques.<img class=\"cff-linebreak\" alt=\"\" aria-hidden=\"true\" \/><img class=\"cff-linebreak\" alt=\"\" aria-hidden=\"true\" \/>C'est une occasion unique d'observer le travail des biologistes sur le terrain, de poser vos questions et d'en apprendre davantage sur la biodiversit\u00e9 aquatique de Sherbrooke.<img class=\"cff-linebreak\" alt=\"\" aria-hidden=\"true\" \/><img class=\"cff-linebreak\" alt=\"\" aria-hidden=\"true\" \/>L'activit\u00e9 est enti\u00e8rement gratuite et tout le mat\u00e9riel n\u00e9cessaire sera fourni sur place. Il ne vous reste qu'\u00e0 apporter votre curiosit\u00e9! \ud83c\udf3f<img class=\"cff-linebreak\" alt=\"\" aria-hidden=\"true\" \/><img class=\"cff-linebreak\" alt=\"\" aria-hidden=\"true\" \/>\ud83d\udccd Parc Lucien-Blanchard<img class=\"cff-linebreak\" alt=\"\" aria-hidden=\"true\" \/>\ud83d\udcc5 Demain \u2013 Samedi 8 ao\u00fbt<img class=\"cff-linebreak\" alt=\"\" aria-hidden=\"true\" \/>\ud83d\udd5a De 11 h \u00e0 15 h 30<img class=\"cff-linebreak\" alt=\"\" aria-hidden=\"true\" \/>On vous attend en grand nombre! \ud83d\udc1f\ud83d\udc99 <\/span>\t\t\t<\/span>\n\t<span class=\"cff-expand\">... <button type=\"button\" class=\"cff-readmore\" aria-expanded=\"false\" style=\"color: #\"><span class=\"cff-more\">Voir plus<\/span><span class=\"cff-less\">Voir moins<\/span><\/button><\/span>\n\n<\/div>\n\n<p class=\"cff-media-link\">\n\t<a href=\"https:\/\/www.facebook.com\/photo.php?fbid=1484742087026862&#038;set=a.458054843028930&#038;type=3\" aria-label=\"Photo\" target=\"_blank\" style=\"color: #\">\n\t\t<span style=\"padding-right: 5px;\" class=\"fa fas fa-picture-o fa-image\" aria-hidden=\"true\"><\/span>Photo\t<\/a>\n<\/p>\n\t\t<div class=\"cff-post-links\">\n\t\t\t\t\t<a class=\"cff-viewpost-facebook\" href=\"https:\/\/www.facebook.com\/photo.php?fbid=1484742087026862&#038;set=a.458054843028930&#038;type=3\" title=\"View on Facebook\" target=\"_blank\" rel=\"nofollow noopener\" >View on Facebook<span class=\"cff-screenreader\"> (opens in a new tab)<\/span><\/a>\n\t\t\t\t\t\t\t<div class=\"cff-share-container\">\n\t\t\t\t\t\t\t\t\t<span class=\"cff-dot\" >&middot;<\/span>\n\t\t\t\t\t\t\t\t<a class=\"cff-share-link\" href=\"https:\/\/www.facebook.com\/sharer\/sharer.php?u=https%3A%2F%2Fwww.facebook.com%2Fphoto.php%3Ffbid%3D1484742087026862%26amp%3Bset%3Da.458054843028930%26amp%3Btype%3D3\" title=\"Share\" aria-expanded=\"false\" aria-haspopup=\"true\" >Share<\/a>\n\t\t\t\t<p class=\"cff-share-tooltip\">\n\t\t\t\t\t\t\t\t\t\t\t<a href=\"https:\/\/www.facebook.com\/sharer\/sharer.php?u=https%3A%2F%2Fwww.facebook.com%2Fphoto.php%3Ffbid%3D1484742087026862%26amp%3Bset%3Da.458054843028930%26amp%3Btype%3D3\" target=\"_blank\" rel=\"noopener noreferrer\" class=\"cff-facebook-icon\">\n\t\t\t\t\t\t\t<span class=\"fa fab fa-facebook-square\" aria-hidden=\"true\"><\/span>\n\t\t\t\t\t\t\t<span class=\"cff-screenreader\">Partager sur Facebook (opens in a new tab)<\/span>\n\t\t\t\t\t\t<\/a>\n\t\t\t\t\t\t\t\t\t\t\t<a href=\"https:\/\/twitter.com\/intent\/tweet?text=https%3A%2F%2Fwww.facebook.com%2Fphoto.php%3Ffbid%3D1484742087026862%26amp%3Bset%3Da.458054843028930%26amp%3Btype%3D3\" target=\"_blank\" rel=\"noopener noreferrer\" class=\"cff-twitter-icon\">\n\t\t\t\t\t\t\t<span class=\"fa fab fa-twitter\" aria-hidden=\"true\"><\/span>\n\t\t\t\t\t\t\t<span class=\"cff-screenreader\">Partager sur Twitter (opens in a new tab)<\/span>\n\t\t\t\t\t\t<\/a>\n\t\t\t\t\t\t\t\t\t\t\t<a href=\"https:\/\/www.linkedin.com\/shareArticle?mini=true&#038;url=https%3A%2F%2Fwww.facebook.com%2Fphoto.php%3Ffbid%3D1484742087026862%26amp%3Bset%3Da.458054843028930%26amp%3Btype%3D3&#038;title=%09%09%09%F0%9F%90%9F%20Pssst...%20Le%20Bioblitz%20aquatique%20de%20Sherbrooke%2C%20c%27est%20demain%21%F0%9F%8C%8A%20%C3%8Ates-vous%20pr%C3%AAts%20%C3%A0%20d%C3%A9couvrir%20les%20poissons%20qui%20peuplent%20la%20rivi%C3%A8re%20Magog%3FDemain%2C%20venez%20assister%20%C3%A0%20un%20inventaire%20de%20poissons%20r%C3%A9alis%C3%A9%20par%20des%20sp%C3%A9cialistes%21%20Vous%20d%C3%A9couvrirez%20les%20diff%C3%A9rentes%20esp%C3%A8ces%20pr%C3%A9sentes%20dans%20nos%20cours%20d%27eau%2C%20les%20techniques%20utilis%C3%A9es%20pour%20les%20recenser%20ainsi%20que%20l%27importance%20de%20ces%20inventaires%20pour%20mieux%20conna%C3%AEtre%20et%20prot%C3%A9ger%20nos%20%C3%A9cosyst%C3%A8mes%20aquatiques.C%27est%20une%20occasion%20unique%20d%27observer%20le%20travail%20des%20biologistes%20sur%20le%20terrain%2C%20de%20poser%20vos%20questions%20et%20d%27en%20apprendre%20davantage%20sur%20la%20biodiversit%C3%A9%20aquatique%20de%20Sherbrooke.L%27activit%C3%A9%20est%20enti%C3%A8rement%20gratuite%20et%20tout%20le%20mat%C3%A9riel%20n%C3%A9cessaire%20sera%20fourni%20sur%20place.%20Il%20ne%20vous%20reste%20qu%27%C3%A0%20apporter%20votre%20curiosit%C3%A9%21%20%F0%9F%8C%BF%F0%9F%93%8D%20Parc%20Lucien-Blanchard%F0%9F%93%85%20Demain%20%E2%80%93%20Samedi%208%20ao%C3%BBt%F0%9F%95%9A%20De%2011%20h%20%C3%A0%2015%20h%2030On%20vous%20attend%20en%20grand%20nombre%21%20%F0%9F%90%9F%F0%9F%92%99%20%09%09%09%09\" target=\"_blank\" rel=\"noopener noreferrer\" class=\"cff-linkedin-icon\">\n\t\t\t\t\t\t\t<span class=\"fa fab fa-linkedin\" aria-hidden=\"true\"><\/span>\n\t\t\t\t\t\t\t<span class=\"cff-screenreader\">Share on LinkedIn (opens in a new tab)<\/span>\n\t\t\t\t\t\t<\/a>\n\t\t\t\t\t\t\t\t\t\t\t<a href=\"mailto:?subject=Facebook&#038;body=https%3A%2F%2Fwww.facebook.com%2Fphoto.php%3Ffbid%3D1484742087026862%26amp%3Bset%3Da.458054843028930%26amp%3Btype%3D3%20-%20%0A%0A%09%0A%09%09%F0%9F%90%9F%20Pssst...%20Le%20Bioblitz%20aquatique%20de%20Sherbrooke%2C%20c%27est%20demain%21%F0%9F%8C%8A%20%C3%8Ates-vous%20pr%C3%AAts%20%C3%A0%20d%C3%A9couvrir%20les%20poissons%20qui%20peuplent%20la%20rivi%C3%A8re%20Magog%3FDemain%2C%20venez%20assister%20%C3%A0%20un%20inventaire%20de%20poissons%20r%C3%A9alis%C3%A9%20par%20des%20sp%C3%A9cialistes%21%20Vous%20d%C3%A9couvrirez%20les%20diff%C3%A9rentes%20esp%C3%A8ces%20pr%C3%A9sentes%20dans%20nos%20cours%20d%27eau%2C%20les%20techniques%20utilis%C3%A9es%20pour%20les%20recenser%20ainsi%20que%20l%27importance%20de%20ces%20inventaires%20pour%20mieux%20conna%C3%AEtre%20et%20prot%C3%A9ger%20nos%20%C3%A9cosyst%C3%A8mes%20aquatiques.C%27est%20une%20occasion%20unique%20d%27observer%20le%20travail%20des%20biologistes%20sur%20le%20terrain%2C%20de%20poser%20vos%20questions%20et%20d%27en%20apprendre%20davantage%20sur%20la%20biodiversit%C3%A9%20aquatique%20de%20Sherbrooke.L%27activit%C3%A9%20est%20enti%C3%A8rement%20gratuite%20et%20tout%20le%20mat%C3%A9riel%20n%C3%A9cessaire%20sera%20fourni%20sur%20place.%20Il%20ne%20vous%20reste%20qu%27%C3%A0%20apporter%20votre%20curiosit%C3%A9%21%20%F0%9F%8C%BF%F0%9F%93%8D%20Parc%20Lucien-Blanchard%F0%9F%93%85%20Demain%20%E2%80%93%20Samedi%208%20ao%C3%BBt%F0%9F%95%9A%20De%2011%20h%20%C3%A0%2015%20h%2030On%20vous%20attend%20en%20grand%20nombre%21%20%F0%9F%90%9F%F0%9F%92%99%20%09%09%09%0A%09\" target=\"_blank\" rel=\"noopener noreferrer\" class=\"cff-email-icon\">\n\t\t\t\t\t\t\t<span class=\"fa fab fa-envelope\" aria-hidden=\"true\"><\/span>\n\t\t\t\t\t\t\t<span class=\"cff-screenreader\">Partager par email (opens in a new tab)<\/span>\n\t\t\t\t\t\t<\/a>\n\t\t\t\t\t\t\t\t\t<\/p>\n\t\t\t<\/div>\n\t\t\t<\/div>\n\t<\/div>\n\n\n\n<div role=\"listitem\" id=\"cff_419624361426852_1484744233693314\" class=\"cff-item cff-photo-post cff-box cff-shadow author-nature-cantons-de-l-est\"  style=\"border-radius:15px;background-color:#ECECEC;\" >\n\t<div class=\"cff-author\">\n\t<div class=\"cff-author-text\">\n\t\t\t\t\t<div class=\"cff-page-name cff-author-date\" >\n\t\t\t\t<strong role=\"heading\" aria-level=\"3\"><a href=\"https:\/\/facebook.com\/419624361426852\" target=\"_blank\" rel=\"nofollow noopener\" >Nature Cantons-de-l&#039;Est<\/a><\/strong>\n\t\t\t\t<span class=\"cff-story\"> Nature Cantons-de-l'Est is attending an event.<\/span>\n\t\t\t<\/div>\n\t\t\t\n<p class=\"cff-date\" > 3 weeks ago <\/p>\n\t\t\t<\/div>\n\t<div class=\"cff-author-img  cff-no-consent\" data-avatar=\"https:\/\/scontent-lga3-3.xx.fbcdn.net\/v\/t39.30808-1\/260461949_4831969493525628_7486788510063965590_n.png?stp=cp0_dst-png_s50x50&#038;_nc_cat=102&#038;ccb=1-7&#038;_nc_sid=f907e8&#038;_nc_ohc=UaeytmLyMSYQ7kNvwHsbB8i&#038;_nc_oc=Ado05SH3yQAMJX5f_zbRnOKU-5DZSNbBA8GpvmkVezwPJEE1cx9dD2DChXgoiPPwUPqptJE409YYWcI_8Gx_x7pM&#038;_nc_zt=24&#038;_nc_ht=scontent-lga3-3.xx&#038;edm=AKIiGfEEAAAA&#038;_nc_gid=TUWDTILEQ3fsYy_P0G6Qcw&#038;_nc_tpa=Q5bMBQLyc5kZlSZ86bldy-_gfIvyFlhHCDid0x82XXuwBD7DCtFUxIcRfOpFuNFIGuzThGvmnZ1kQuGvdA&#038;oh=00_AQG5TP71-pBSoFIHhwWwyMtez2VkqfmtVTF-GZPuxoLt1A&#038;oe=6A94F59C\">\n\t\t\t\t<a href=\"https:\/\/facebook.com\/419624361426852\" target=\"_blank\" rel=\"nofollow noopener\" ><img decoding=\"async\" src=\"https:\/\/naturecantonsdelest.ca\/nce\/wp-content\/plugins\/custom-facebook-feed\/\/assets\/img\/placeholder.png\" title=\"Nature Cantons-de-l&#039;Est\" alt=\"Nature Cantons-de-l&#039;Est\" width=40 height=40><\/a>\n\t<\/div>\n<\/div>\n\n<div class=\"cff-post-text\" >\n\t<span class=\"cff-text\" data-color=\"\">\n\t\t\ud83d\udc1f Pssst... Le Bioblitz aquatique de Sherbrooke, c'est demain!<img class=\"cff-linebreak\" alt=\"\" aria-hidden=\"true\" \/><img class=\"cff-linebreak\" alt=\"\" aria-hidden=\"true\" \/>\ud83c\udf0a \u00cates-vous pr\u00eats \u00e0 d\u00e9couvrir les poissons qui peuplent la rivi\u00e8re Magog?<img class=\"cff-linebreak\" alt=\"\" aria-hidden=\"true\" \/><img class=\"cff-linebreak\" alt=\"\" aria-hidden=\"true\" \/>Demain, venez assister \u00e0 un inventaire de poissons r\u00e9alis\u00e9 par des sp\u00e9cialistes! Vous d\u00e9couvrirez les diff\u00e9rentes esp\u00e8ces pr\u00e9sentes dans nos cours d'eau, les techniques utilis\u00e9es pour les recenser ainsi que l'importance de ces inventaires pour mieux conna\u00eetre et prot\u00e9ger nos \u00e9cosyst\u00e8mes aquatiques.<img class=\"cff-linebreak\" alt=\"\" aria-hidden=\"true\" \/><img class=\"cff-linebreak\" alt=\"\" aria-hidden=\"true\" \/>C'est une occasion unique d'observer le travail des biologistes sur le terrain, de poser vos questions et d'en apprendre davantage sur la biodiversit\u00e9 aquatique de Sherbrooke.<img class=\"cff-linebreak\" alt=\"\" aria-hidden=\"true\" \/><img class=\"cff-linebreak\" alt=\"\" aria-hidden=\"true\" \/>L'activit\u00e9 est enti\u00e8rement gratuite et tout le mat\u00e9riel n\u00e9cessaire sera fourni sur place. Il ne vous reste qu'\u00e0 apporter votre curiosit\u00e9! \ud83c\udf3f<img class=\"cff-linebreak\" alt=\"\" aria-hidden=\"true\" \/><img class=\"cff-linebreak\" alt=\"\" aria-hidden=\"true\" \/>\ud83d\udccd Parc Lucien-Blanchard<img class=\"cff-linebreak\" alt=\"\" aria-hidden=\"true\" \/>\ud83d\udcc5 Demain \u2013 Samedi 8 ao\u00fbt<img class=\"cff-linebreak\" alt=\"\" aria-hidden=\"true\" \/>\ud83d\udd5a De 11 h \u00e0 15 h 30<img class=\"cff-linebreak\" alt=\"\" aria-hidden=\"true\" \/>On vous attend en grand nombre! \ud83d\udc1f\ud83d\udc99\t\t\t<\/span>\n\t<span class=\"cff-expand\">... <button type=\"button\" class=\"cff-readmore\" aria-expanded=\"false\" style=\"color: #\"><span class=\"cff-more\">Voir plus<\/span><span class=\"cff-less\">Voir moins<\/span><\/button><\/span>\n\n<\/div>\n\n<p class=\"cff-media-link\">\n\t<a href=\"https:\/\/www.facebook.com\/photo.php?fbid=1484742087026862&#038;set=a.458054843028930&#038;type=3\" aria-label=\"Photo\" target=\"_blank\" style=\"color: #\">\n\t\t<span style=\"padding-right: 5px;\" class=\"fa fas fa-picture-o fa-image\" aria-hidden=\"true\"><\/span>Photo\t<\/a>\n<\/p>\n\t\t<div class=\"cff-post-links\">\n\t\t\t\t\t<a class=\"cff-viewpost-facebook\" href=\"https:\/\/www.facebook.com\/photo.php?fbid=1484742087026862&#038;set=a.458054843028930&#038;type=3\" title=\"View on Facebook\" target=\"_blank\" rel=\"nofollow noopener\" >View on Facebook<span class=\"cff-screenreader\"> (opens in a new tab)<\/span><\/a>\n\t\t\t\t\t\t\t<div class=\"cff-share-container\">\n\t\t\t\t\t\t\t\t\t<span class=\"cff-dot\" >&middot;<\/span>\n\t\t\t\t\t\t\t\t<a class=\"cff-share-link\" href=\"https:\/\/www.facebook.com\/sharer\/sharer.php?u=https%3A%2F%2Fwww.facebook.com%2Fphoto.php%3Ffbid%3D1484742087026862%26amp%3Bset%3Da.458054843028930%26amp%3Btype%3D3\" title=\"Share\" aria-expanded=\"false\" aria-haspopup=\"true\" >Share<\/a>\n\t\t\t\t<p class=\"cff-share-tooltip\">\n\t\t\t\t\t\t\t\t\t\t\t<a href=\"https:\/\/www.facebook.com\/sharer\/sharer.php?u=https%3A%2F%2Fwww.facebook.com%2Fphoto.php%3Ffbid%3D1484742087026862%26amp%3Bset%3Da.458054843028930%26amp%3Btype%3D3\" target=\"_blank\" rel=\"noopener noreferrer\" class=\"cff-facebook-icon\">\n\t\t\t\t\t\t\t<span class=\"fa fab fa-facebook-square\" aria-hidden=\"true\"><\/span>\n\t\t\t\t\t\t\t<span class=\"cff-screenreader\">Partager sur Facebook (opens in a new tab)<\/span>\n\t\t\t\t\t\t<\/a>\n\t\t\t\t\t\t\t\t\t\t\t<a href=\"https:\/\/twitter.com\/intent\/tweet?text=https%3A%2F%2Fwww.facebook.com%2Fphoto.php%3Ffbid%3D1484742087026862%26amp%3Bset%3Da.458054843028930%26amp%3Btype%3D3\" target=\"_blank\" rel=\"noopener noreferrer\" class=\"cff-twitter-icon\">\n\t\t\t\t\t\t\t<span class=\"fa fab fa-twitter\" aria-hidden=\"true\"><\/span>\n\t\t\t\t\t\t\t<span class=\"cff-screenreader\">Partager sur Twitter (opens in a new tab)<\/span>\n\t\t\t\t\t\t<\/a>\n\t\t\t\t\t\t\t\t\t\t\t<a href=\"https:\/\/www.linkedin.com\/shareArticle?mini=true&#038;url=https%3A%2F%2Fwww.facebook.com%2Fphoto.php%3Ffbid%3D1484742087026862%26amp%3Bset%3Da.458054843028930%26amp%3Btype%3D3&#038;title=%09%09%09%F0%9F%90%9F%20Pssst...%20Le%20Bioblitz%20aquatique%20de%20Sherbrooke%2C%20c%27est%20demain%21%F0%9F%8C%8A%20%C3%8Ates-vous%20pr%C3%AAts%20%C3%A0%20d%C3%A9couvrir%20les%20poissons%20qui%20peuplent%20la%20rivi%C3%A8re%20Magog%3FDemain%2C%20venez%20assister%20%C3%A0%20un%20inventaire%20de%20poissons%20r%C3%A9alis%C3%A9%20par%20des%20sp%C3%A9cialistes%21%20Vous%20d%C3%A9couvrirez%20les%20diff%C3%A9rentes%20esp%C3%A8ces%20pr%C3%A9sentes%20dans%20nos%20cours%20d%27eau%2C%20les%20techniques%20utilis%C3%A9es%20pour%20les%20recenser%20ainsi%20que%20l%27importance%20de%20ces%20inventaires%20pour%20mieux%20conna%C3%AEtre%20et%20prot%C3%A9ger%20nos%20%C3%A9cosyst%C3%A8mes%20aquatiques.C%27est%20une%20occasion%20unique%20d%27observer%20le%20travail%20des%20biologistes%20sur%20le%20terrain%2C%20de%20poser%20vos%20questions%20et%20d%27en%20apprendre%20davantage%20sur%20la%20biodiversit%C3%A9%20aquatique%20de%20Sherbrooke.L%27activit%C3%A9%20est%20enti%C3%A8rement%20gratuite%20et%20tout%20le%20mat%C3%A9riel%20n%C3%A9cessaire%20sera%20fourni%20sur%20place.%20Il%20ne%20vous%20reste%20qu%27%C3%A0%20apporter%20votre%20curiosit%C3%A9%21%20%F0%9F%8C%BF%F0%9F%93%8D%20Parc%20Lucien-Blanchard%F0%9F%93%85%20Demain%20%E2%80%93%20Samedi%208%20ao%C3%BBt%F0%9F%95%9A%20De%2011%20h%20%C3%A0%2015%20h%2030On%20vous%20attend%20en%20grand%20nombre%21%20%F0%9F%90%9F%F0%9F%92%99%09%09%09%09\" target=\"_blank\" rel=\"noopener noreferrer\" class=\"cff-linkedin-icon\">\n\t\t\t\t\t\t\t<span class=\"fa fab fa-linkedin\" aria-hidden=\"true\"><\/span>\n\t\t\t\t\t\t\t<span class=\"cff-screenreader\">Share on LinkedIn (opens in a new tab)<\/span>\n\t\t\t\t\t\t<\/a>\n\t\t\t\t\t\t\t\t\t\t\t<a href=\"mailto:?subject=Facebook&#038;body=https%3A%2F%2Fwww.facebook.com%2Fphoto.php%3Ffbid%3D1484742087026862%26amp%3Bset%3Da.458054843028930%26amp%3Btype%3D3%20-%20%0A%0A%09%0A%09%09%F0%9F%90%9F%20Pssst...%20Le%20Bioblitz%20aquatique%20de%20Sherbrooke%2C%20c%27est%20demain%21%F0%9F%8C%8A%20%C3%8Ates-vous%20pr%C3%AAts%20%C3%A0%20d%C3%A9couvrir%20les%20poissons%20qui%20peuplent%20la%20rivi%C3%A8re%20Magog%3FDemain%2C%20venez%20assister%20%C3%A0%20un%20inventaire%20de%20poissons%20r%C3%A9alis%C3%A9%20par%20des%20sp%C3%A9cialistes%21%20Vous%20d%C3%A9couvrirez%20les%20diff%C3%A9rentes%20esp%C3%A8ces%20pr%C3%A9sentes%20dans%20nos%20cours%20d%27eau%2C%20les%20techniques%20utilis%C3%A9es%20pour%20les%20recenser%20ainsi%20que%20l%27importance%20de%20ces%20inventaires%20pour%20mieux%20conna%C3%AEtre%20et%20prot%C3%A9ger%20nos%20%C3%A9cosyst%C3%A8mes%20aquatiques.C%27est%20une%20occasion%20unique%20d%27observer%20le%20travail%20des%20biologistes%20sur%20le%20terrain%2C%20de%20poser%20vos%20questions%20et%20d%27en%20apprendre%20davantage%20sur%20la%20biodiversit%C3%A9%20aquatique%20de%20Sherbrooke.L%27activit%C3%A9%20est%20enti%C3%A8rement%20gratuite%20et%20tout%20le%20mat%C3%A9riel%20n%C3%A9cessaire%20sera%20fourni%20sur%20place.%20Il%20ne%20vous%20reste%20qu%27%C3%A0%20apporter%20votre%20curiosit%C3%A9%21%20%F0%9F%8C%BF%F0%9F%93%8D%20Parc%20Lucien-Blanchard%F0%9F%93%85%20Demain%20%E2%80%93%20Samedi%208%20ao%C3%BBt%F0%9F%95%9A%20De%2011%20h%20%C3%A0%2015%20h%2030On%20vous%20attend%20en%20grand%20nombre%21%20%F0%9F%90%9F%F0%9F%92%99%09%09%09%0A%09\" target=\"_blank\" rel=\"noopener noreferrer\" class=\"cff-email-icon\">\n\t\t\t\t\t\t\t<span class=\"fa fab fa-envelope\" aria-hidden=\"true\"><\/span>\n\t\t\t\t\t\t\t<span class=\"cff-screenreader\">Partager par email (opens in a new tab)<\/span>\n\t\t\t\t\t\t<\/a>\n\t\t\t\t\t\t\t\t\t<\/p>\n\t\t\t<\/div>\n\t\t\t<\/div>\n\t<\/div>\n\n\n\n<div role=\"listitem\" id=\"cff_419624361426852_1484719310362473\" class=\"cff-item cff-status-post cff-album cff-box cff-shadow author-nature-cantons-de-l-est\"  style=\"border-radius:15px;background-color:#ECECEC;\" >\n\t<div class=\"cff-author\">\n\t<div class=\"cff-author-text\">\n\t\t\t\t\t<div class=\"cff-page-name cff-author-date\" >\n\t\t\t\t<strong role=\"heading\" aria-level=\"3\"><a href=\"https:\/\/facebook.com\/419624361426852\" target=\"_blank\" rel=\"nofollow noopener\" >Nature Cantons-de-l&#039;Est<\/a><\/strong>\n\t\t\t\t<span class=\"cff-story\"> <\/span>\n\t\t\t<\/div>\n\t\t\t\n<p class=\"cff-date\" > 3 weeks ago <\/p>\n\t\t\t<\/div>\n\t<div class=\"cff-author-img  cff-no-consent\" data-avatar=\"https:\/\/scontent-lga3-3.xx.fbcdn.net\/v\/t39.30808-1\/260461949_4831969493525628_7486788510063965590_n.png?stp=cp0_dst-png_s50x50&#038;_nc_cat=102&#038;ccb=1-7&#038;_nc_sid=f907e8&#038;_nc_ohc=UaeytmLyMSYQ7kNvwHsbB8i&#038;_nc_oc=Ado05SH3yQAMJX5f_zbRnOKU-5DZSNbBA8GpvmkVezwPJEE1cx9dD2DChXgoiPPwUPqptJE409YYWcI_8Gx_x7pM&#038;_nc_zt=24&#038;_nc_ht=scontent-lga3-3.xx&#038;edm=AKIiGfEEAAAA&#038;_nc_gid=TUWDTILEQ3fsYy_P0G6Qcw&#038;_nc_tpa=Q5bMBQLyc5kZlSZ86bldy-_gfIvyFlhHCDid0x82XXuwBD7DCtFUxIcRfOpFuNFIGuzThGvmnZ1kQuGvdA&#038;oh=00_AQG5TP71-pBSoFIHhwWwyMtez2VkqfmtVTF-GZPuxoLt1A&#038;oe=6A94F59C\">\n\t\t\t\t<a href=\"https:\/\/facebook.com\/419624361426852\" target=\"_blank\" rel=\"nofollow noopener\" ><img decoding=\"async\" src=\"https:\/\/naturecantonsdelest.ca\/nce\/wp-content\/plugins\/custom-facebook-feed\/\/assets\/img\/placeholder.png\" title=\"Nature Cantons-de-l&#039;Est\" alt=\"Nature Cantons-de-l&#039;Est\" width=40 height=40><\/a>\n\t<\/div>\n<\/div>\n\n<div class=\"cff-post-text\" >\n\t<span class=\"cff-text\" data-color=\"\">\n\t\t[Saurez-vous faire la diff\u00e9rence ?] \ud83d\udc40<img class=\"cff-linebreak\" alt=\"\" aria-hidden=\"true\" \/><img class=\"cff-linebreak\" alt=\"\" aria-hidden=\"true\" \/>Grenouille verte ou ouaouaron\u2026 saurez-vous les distinguer ? \ud83d\udc38<img class=\"cff-linebreak\" alt=\"\" aria-hidden=\"true\" \/><img class=\"cff-linebreak\" alt=\"\" aria-hidden=\"true\" \/>\u00c0 premi\u00e8re vue, ces deux esp\u00e8ces se ressemblent beaucoup. <img class=\"cff-linebreak\" alt=\"\" aria-hidden=\"true\" \/>Pourtant, quelques indices permettent de les reconna\u00eetre facilement ! \ud83d\udd0e<img class=\"cff-linebreak\" alt=\"\" aria-hidden=\"true\" \/><img class=\"cff-linebreak\" alt=\"\" aria-hidden=\"true\" \/>La grenouille verte (premi\u00e8re photo), poss\u00e8de un pli dorsolat\u00e9ral (une ligne de peau sur\u00e9lev\u00e9e) qui part de derri\u00e8re l'\u0153il et se prolonge jusqu'au milieu du dos. <img class=\"cff-linebreak\" alt=\"\" aria-hidden=\"true\" \/><img class=\"cff-linebreak\" alt=\"\" aria-hidden=\"true\" \/>Le ouaouaron (deuxi\u00e8me photo), quant \u00e0 lui, ne poss\u00e8de pas ce pli. Chez lui, la ligne de peau s'enroule plut\u00f4t autour du tympan (le disque circulaire situ\u00e9 derri\u00e8re l'\u0153il). Il est \u00e9galement beaucoup plus imposant et peut atteindre 20 cm de longueur, ce qui en fait la plus grande grenouille d'Am\u00e9rique du Nord. <img class=\"cff-linebreak\" alt=\"\" aria-hidden=\"true\" \/><img class=\"cff-linebreak\" alt=\"\" aria-hidden=\"true\" \/>\ud83c\udfb6 Leur chant est aussi un excellent indice pour les distinguer! Le ouaouaron \u00e9met un appel grave et profond qui rappelle le mugissement d'un b\u0153uf (\u00ab oum... oum... \u00bb), d'o\u00f9 son nom. La grenouille verte, quant \u00e0 elle, produit un son sec et r\u00e9p\u00e9titif ressemblant au pincement d'une corde de banjo (\u00ab gunk... gunk... \u00bb), particuli\u00e8rement audible lors des soir\u00e9es d'\u00e9t\u00e9. \ud83c\udfb6<img class=\"cff-linebreak\" alt=\"\" aria-hidden=\"true\" \/><img class=\"cff-linebreak\" alt=\"\" aria-hidden=\"true\" \/>\ud83d\udc49 Petit d\u00e9fi! Regardez les deux photos en commentaire\u2026 saurez-vous identifier laquelle est la grenouille verte et laquelle est le ouaouaron?<img class=\"cff-linebreak\" alt=\"\" aria-hidden=\"true\" \/> <img class=\"cff-linebreak\" alt=\"\" aria-hidden=\"true\" \/>Venez tester vos connaissances lors du Bioblitz aquatique de Sherbrooke 2026 qui a lieu dans seulement 2 jours ! Accompagn\u00e9s de sp\u00e9cialistes, vous d\u00e9couvrirez les amphibiens de la rivi\u00e8re Magog, apprendrez \u00e0 reconna\u00eetre leurs chants et leurs caract\u00e9ristiques.<img class=\"cff-linebreak\" alt=\"\" aria-hidden=\"true\" \/><img class=\"cff-linebreak\" alt=\"\" aria-hidden=\"true\" \/> \ud83d\udccdParc Lucien Blanchard<img class=\"cff-linebreak\" alt=\"\" aria-hidden=\"true\" \/> \ud83d\uddd3Samedi 8 ao\u00fbt<img class=\"cff-linebreak\" alt=\"\" aria-hidden=\"true\" \/> \ud83d\udd5aDe 11 h \u00e0 15 h 30<img class=\"cff-linebreak\" alt=\"\" aria-hidden=\"true\" \/><img class=\"cff-linebreak\" alt=\"\" aria-hidden=\"true\" \/>Lien de l'\u00e9v\u00e9nement : <a href=\"https:\/\/www.facebook.com\/events\/3580091065475725?acontext=%7B%22event_action_history%22%3A\" rel='nofollow noopener noreferrer'>www.facebook.com\/events\/3580091065475725?acontext=%7B%22event_action_history%22%3A<\/a>[%7B%22mechanism%22%3A%22attachment%22%2C%22surface%22%3A%22newsfeed%22%7D]%2C%22ref_notif_type%22%3Anull%7D<img class=\"cff-linebreak\" alt=\"\" aria-hidden=\"true\" \/><img class=\"cff-linebreak\" alt=\"\" aria-hidden=\"true\" \/>Grenouille verte, cr\u00e9dit photo : Steven Joyner, Wikim\u00e9dia Commons, licence CC BY 4.0<img class=\"cff-linebreak\" alt=\"\" aria-hidden=\"true\" \/><img class=\"cff-linebreak\" alt=\"\" aria-hidden=\"true\" \/>Ouaouaron, cr\u00e9dit photo : Carl D. Howe, Wikim\u00e9dia Commons, licence CC BY-SA 2.5\t\t\t<\/span>\n\t<span class=\"cff-expand\">... <button type=\"button\" class=\"cff-readmore\" aria-expanded=\"false\" style=\"color: #\"><span class=\"cff-more\">Voir plus<\/span><span class=\"cff-less\">Voir moins<\/span><\/button><\/span>\n\n<\/div>\n\n<p class=\"cff-media-link\">\n\t<a href=\"https:\/\/www.facebook.com\/884557657045311\/posts\/1484719310362473\" aria-label=\"Photo\" target=\"_blank\" style=\"color: #\">\n\t\t<span style=\"padding-right: 5px;\" class=\"fa fas fa-picture-o fa-image\" aria-hidden=\"true\"><\/span>Photo\t<\/a>\n<\/p>\n\t\t<div class=\"cff-post-links\">\n\t\t\t\t\t<a class=\"cff-viewpost-facebook\" href=\"https:\/\/www.facebook.com\/884557657045311\/posts\/1484719310362473\" title=\"View on Facebook\" target=\"_blank\" rel=\"nofollow noopener\" >View on Facebook<span class=\"cff-screenreader\"> (opens in a new tab)<\/span><\/a>\n\t\t\t\t\t\t\t<div class=\"cff-share-container\">\n\t\t\t\t\t\t\t\t\t<span class=\"cff-dot\" >&middot;<\/span>\n\t\t\t\t\t\t\t\t<a class=\"cff-share-link\" href=\"https:\/\/www.facebook.com\/sharer\/sharer.php?u=https%3A%2F%2Fwww.facebook.com%2F884557657045311%2Fposts%2F1484719310362473\" title=\"Share\" aria-expanded=\"false\" aria-haspopup=\"true\" >Share<\/a>\n\t\t\t\t<p class=\"cff-share-tooltip\">\n\t\t\t\t\t\t\t\t\t\t\t<a href=\"https:\/\/www.facebook.com\/sharer\/sharer.php?u=https%3A%2F%2Fwww.facebook.com%2F884557657045311%2Fposts%2F1484719310362473\" target=\"_blank\" rel=\"noopener noreferrer\" class=\"cff-facebook-icon\">\n\t\t\t\t\t\t\t<span class=\"fa fab fa-facebook-square\" aria-hidden=\"true\"><\/span>\n\t\t\t\t\t\t\t<span class=\"cff-screenreader\">Partager sur Facebook (opens in a new tab)<\/span>\n\t\t\t\t\t\t<\/a>\n\t\t\t\t\t\t\t\t\t\t\t<a href=\"https:\/\/twitter.com\/intent\/tweet?text=https%3A%2F%2Fwww.facebook.com%2F884557657045311%2Fposts%2F1484719310362473\" target=\"_blank\" rel=\"noopener noreferrer\" class=\"cff-twitter-icon\">\n\t\t\t\t\t\t\t<span class=\"fa fab fa-twitter\" aria-hidden=\"true\"><\/span>\n\t\t\t\t\t\t\t<span class=\"cff-screenreader\">Partager sur Twitter (opens in a new tab)<\/span>\n\t\t\t\t\t\t<\/a>\n\t\t\t\t\t\t\t\t\t\t\t<a href=\"https:\/\/www.linkedin.com\/shareArticle?mini=true&#038;url=https%3A%2F%2Fwww.facebook.com%2F884557657045311%2Fposts%2F1484719310362473&#038;title=%09%09%09%5BSaurez-vous%20faire%20la%20diff%C3%A9rence%20%3F%5D%20%F0%9F%91%80Grenouille%20verte%20ou%20ouaouaron%E2%80%A6%20saurez-vous%20les%20distinguer%20%3F%20%F0%9F%90%B8%C3%80%20premi%C3%A8re%20vue%2C%20ces%20deux%20esp%C3%A8ces%20se%20ressemblent%20beaucoup.%20Pourtant%2C%20quelques%20indices%20permettent%20de%20les%20reconna%C3%AEtre%20facilement%20%21%20%F0%9F%94%8ELa%20grenouille%20verte%20%28premi%C3%A8re%20photo%29%2C%20poss%C3%A8de%20un%20pli%20dorsolat%C3%A9ral%20%28une%20ligne%20de%20peau%20sur%C3%A9lev%C3%A9e%29%20qui%20part%20de%20derri%C3%A8re%20l%27%C5%93il%20et%20se%20prolonge%20jusqu%27au%20milieu%20du%20dos.%20Le%20ouaouaron%20%28deuxi%C3%A8me%20photo%29%2C%20quant%20%C3%A0%20lui%2C%20ne%20poss%C3%A8de%20pas%20ce%20pli.%20Chez%20lui%2C%20la%20ligne%20de%20peau%20s%27enroule%20plut%C3%B4t%20autour%20du%20tympan%20%28le%20disque%20circulaire%20situ%C3%A9%20derri%C3%A8re%20l%27%C5%93il%29.%20Il%20est%20%C3%A9galement%20beaucoup%20plus%20imposant%20et%20peut%20atteindre%2020%20cm%20de%20longueur%2C%20ce%20qui%20en%20fait%20la%20plus%20grande%20grenouille%20d%27Am%C3%A9rique%20du%20Nord.%20%F0%9F%8E%B6%20Leur%20chant%20est%20aussi%20un%20excellent%20indice%20pour%20les%20distinguer%21%20Le%20ouaouaron%20%C3%A9met%20un%20appel%20grave%20et%20profond%20qui%20rappelle%20le%20mugissement%20d%27un%20b%C5%93uf%20%28%C2%AB%20oum...%20oum...%20%C2%BB%29%2C%20d%27o%C3%B9%20son%20nom.%20La%20grenouille%20verte%2C%20quant%20%C3%A0%20elle%2C%20produit%20un%20son%20sec%20et%20r%C3%A9p%C3%A9titif%20ressemblant%20au%20pincement%20d%27une%20corde%20de%20banjo%20%28%C2%AB%20gunk...%20gunk...%20%C2%BB%29%2C%20particuli%C3%A8rement%20audible%20lors%20des%20soir%C3%A9es%20d%27%C3%A9t%C3%A9.%20%F0%9F%8E%B6%F0%9F%91%89%20Petit%20d%C3%A9fi%21%20Regardez%20les%20deux%20photos%20en%20commentaire%E2%80%A6%20saurez-vous%20identifier%20laquelle%20est%20la%20grenouille%20verte%20et%20laquelle%20est%20le%20ouaouaron%3F%20Venez%20tester%20vos%20connaissances%20lors%20du%20Bioblitz%20aquatique%20de%20Sherbrooke%202026%20qui%20a%20lieu%20dans%20seulement%202%20jours%20%21%20Accompagn%C3%A9s%20de%20sp%C3%A9cialistes%2C%20vous%20d%C3%A9couvrirez%20les%20amphibiens%20de%20la%20rivi%C3%A8re%20Magog%2C%20apprendrez%20%C3%A0%20reconna%C3%AEtre%20leurs%20chants%20et%20leurs%20caract%C3%A9ristiques.%20%F0%9F%93%8DParc%20Lucien%20Blanchard%20%F0%9F%97%93Samedi%208%20ao%C3%BBt%20%F0%9F%95%9ADe%2011%20h%20%C3%A0%2015%20h%2030Lien%20de%20l%27%C3%A9v%C3%A9nement%20%3A%20www.facebook.com%2Fevents%2F3580091065475725%3Facontext%3D%257B%2522event_action_history%2522%253A%5B%257B%2522mechanism%2522%253A%2522attachment%2522%252C%2522surface%2522%253A%2522newsfeed%2522%257D%5D%252C%2522ref_notif_type%2522%253Anull%257DGrenouille%20verte%2C%20cr%C3%A9dit%20photo%20%3A%20Steven%20Joyner%2C%20Wikim%C3%A9dia%20Commons%2C%20licence%20CC%20BY%204.0Ouaouaron%2C%20cr%C3%A9dit%20photo%20%3A%20Carl%20D.%20Howe%2C%20Wikim%C3%A9dia%20Commons%2C%20licence%20CC%20BY-SA%202.5%09%09%09%09\" target=\"_blank\" rel=\"noopener noreferrer\" class=\"cff-linkedin-icon\">\n\t\t\t\t\t\t\t<span class=\"fa fab fa-linkedin\" aria-hidden=\"true\"><\/span>\n\t\t\t\t\t\t\t<span class=\"cff-screenreader\">Share on LinkedIn (opens in a new tab)<\/span>\n\t\t\t\t\t\t<\/a>\n\t\t\t\t\t\t\t\t\t\t\t<a href=\"mailto:?subject=Facebook&#038;body=https%3A%2F%2Fwww.facebook.com%2F884557657045311%2Fposts%2F1484719310362473%20-%20%0A%0A%09%0A%09%09%5BSaurez-vous%20faire%20la%20diff%C3%A9rence%20%3F%5D%20%F0%9F%91%80Grenouille%20verte%20ou%20ouaouaron%E2%80%A6%20saurez-vous%20les%20distinguer%20%3F%20%F0%9F%90%B8%C3%80%20premi%C3%A8re%20vue%2C%20ces%20deux%20esp%C3%A8ces%20se%20ressemblent%20beaucoup.%20Pourtant%2C%20quelques%20indices%20permettent%20de%20les%20reconna%C3%AEtre%20facilement%20%21%20%F0%9F%94%8ELa%20grenouille%20verte%20%28premi%C3%A8re%20photo%29%2C%20poss%C3%A8de%20un%20pli%20dorsolat%C3%A9ral%20%28une%20ligne%20de%20peau%20sur%C3%A9lev%C3%A9e%29%20qui%20part%20de%20derri%C3%A8re%20l%27%C5%93il%20et%20se%20prolonge%20jusqu%27au%20milieu%20du%20dos.%20Le%20ouaouaron%20%28deuxi%C3%A8me%20photo%29%2C%20quant%20%C3%A0%20lui%2C%20ne%20poss%C3%A8de%20pas%20ce%20pli.%20Chez%20lui%2C%20la%20ligne%20de%20peau%20s%27enroule%20plut%C3%B4t%20autour%20du%20tympan%20%28le%20disque%20circulaire%20situ%C3%A9%20derri%C3%A8re%20l%27%C5%93il%29.%20Il%20est%20%C3%A9galement%20beaucoup%20plus%20imposant%20et%20peut%20atteindre%2020%20cm%20de%20longueur%2C%20ce%20qui%20en%20fait%20la%20plus%20grande%20grenouille%20d%27Am%C3%A9rique%20du%20Nord.%20%F0%9F%8E%B6%20Leur%20chant%20est%20aussi%20un%20excellent%20indice%20pour%20les%20distinguer%21%20Le%20ouaouaron%20%C3%A9met%20un%20appel%20grave%20et%20profond%20qui%20rappelle%20le%20mugissement%20d%27un%20b%C5%93uf%20%28%C2%AB%20oum...%20oum...%20%C2%BB%29%2C%20d%27o%C3%B9%20son%20nom.%20La%20grenouille%20verte%2C%20quant%20%C3%A0%20elle%2C%20produit%20un%20son%20sec%20et%20r%C3%A9p%C3%A9titif%20ressemblant%20au%20pincement%20d%27une%20corde%20de%20banjo%20%28%C2%AB%20gunk...%20gunk...%20%C2%BB%29%2C%20particuli%C3%A8rement%20audible%20lors%20des%20soir%C3%A9es%20d%27%C3%A9t%C3%A9.%20%F0%9F%8E%B6%F0%9F%91%89%20Petit%20d%C3%A9fi%21%20Regardez%20les%20deux%20photos%20en%20commentaire%E2%80%A6%20saurez-vous%20identifier%20laquelle%20est%20la%20grenouille%20verte%20et%20laquelle%20est%20le%20ouaouaron%3F%20Venez%20tester%20vos%20connaissances%20lors%20du%20Bioblitz%20aquatique%20de%20Sherbrooke%202026%20qui%20a%20lieu%20dans%20seulement%202%20jours%20%21%20Accompagn%C3%A9s%20de%20sp%C3%A9cialistes%2C%20vous%20d%C3%A9couvrirez%20les%20amphibiens%20de%20la%20rivi%C3%A8re%20Magog%2C%20apprendrez%20%C3%A0%20reconna%C3%AEtre%20leurs%20chants%20et%20leurs%20caract%C3%A9ristiques.%20%F0%9F%93%8DParc%20Lucien%20Blanchard%20%F0%9F%97%93Samedi%208%20ao%C3%BBt%20%F0%9F%95%9ADe%2011%20h%20%C3%A0%2015%20h%2030Lien%20de%20l%27%C3%A9v%C3%A9nement%20%3A%20www.facebook.com%2Fevents%2F3580091065475725%3Facontext%3D%257B%2522event_action_history%2522%253A%5B%257B%2522mechanism%2522%253A%2522attachment%2522%252C%2522surface%2522%253A%2522newsfeed%2522%257D%5D%252C%2522ref_notif_type%2522%253Anull%257DGrenouille%20verte%2C%20cr%C3%A9dit%20photo%20%3A%20Steven%20Joyner%2C%20Wikim%C3%A9dia%20Commons%2C%20licence%20CC%20BY%204.0Ouaouaron%2C%20cr%C3%A9dit%20photo%20%3A%20Carl%20D.%20Howe%2C%20Wikim%C3%A9dia%20Commons%2C%20licence%20CC%20BY-SA%202.5%09%09%09%0A%09\" target=\"_blank\" rel=\"noopener noreferrer\" class=\"cff-email-icon\">\n\t\t\t\t\t\t\t<span class=\"fa fab fa-envelope\" aria-hidden=\"true\"><\/span>\n\t\t\t\t\t\t\t<span class=\"cff-screenreader\">Partager par email (opens in a new tab)<\/span>\n\t\t\t\t\t\t<\/a>\n\t\t\t\t\t\t\t\t\t<\/p>\n\t\t\t<\/div>\n\t\t\t<\/div>\n\t<\/div>\n\n\n\n<div role=\"listitem\" id=\"cff_419624361426852_1484732833694454\" class=\"cff-item cff-link-item cff-box cff-shadow author-nature-cantons-de-l-est\"  style=\"border-radius:15px;background-color:#ECECEC;\" >\n\t<div class=\"cff-author\">\n\t<div class=\"cff-author-text\">\n\t\t\t\t\t<div class=\"cff-page-name cff-author-date\" >\n\t\t\t\t<strong role=\"heading\" aria-level=\"3\"><a href=\"https:\/\/facebook.com\/419624361426852\" target=\"_blank\" rel=\"nofollow noopener\" >Nature Cantons-de-l&#039;Est<\/a><\/strong>\n\t\t\t\t<span class=\"cff-story\"> Nature Cantons-de-l'Est was attending an event.<\/span>\n\t\t\t<\/div>\n\t\t\t\n<p class=\"cff-date\" > 4 weeks ago <\/p>\n\t\t\t<\/div>\n\t<div class=\"cff-author-img  cff-no-consent\" data-avatar=\"https:\/\/scontent-lga3-3.xx.fbcdn.net\/v\/t39.30808-1\/260461949_4831969493525628_7486788510063965590_n.png?stp=cp0_dst-png_s50x50&#038;_nc_cat=102&#038;ccb=1-7&#038;_nc_sid=f907e8&#038;_nc_ohc=UaeytmLyMSYQ7kNvwHsbB8i&#038;_nc_oc=Ado05SH3yQAMJX5f_zbRnOKU-5DZSNbBA8GpvmkVezwPJEE1cx9dD2DChXgoiPPwUPqptJE409YYWcI_8Gx_x7pM&#038;_nc_zt=24&#038;_nc_ht=scontent-lga3-3.xx&#038;edm=AKIiGfEEAAAA&#038;_nc_gid=TUWDTILEQ3fsYy_P0G6Qcw&#038;_nc_tpa=Q5bMBQLyc5kZlSZ86bldy-_gfIvyFlhHCDid0x82XXuwBD7DCtFUxIcRfOpFuNFIGuzThGvmnZ1kQuGvdA&#038;oh=00_AQG5TP71-pBSoFIHhwWwyMtez2VkqfmtVTF-GZPuxoLt1A&#038;oe=6A94F59C\">\n\t\t\t\t<a href=\"https:\/\/facebook.com\/419624361426852\" target=\"_blank\" rel=\"nofollow noopener\" ><img decoding=\"async\" src=\"https:\/\/naturecantonsdelest.ca\/nce\/wp-content\/plugins\/custom-facebook-feed\/\/assets\/img\/placeholder.png\" title=\"Nature Cantons-de-l&#039;Est\" alt=\"Nature Cantons-de-l&#039;Est\" width=40 height=40><\/a>\n\t<\/div>\n<\/div>\n\n<div class=\"cff-post-text\" >\n\t<span class=\"cff-text\" data-color=\"\">\n\t\t\ud83c\udf3f PLUS QUE TROIS JOURS AVANT LE BIOBLITZ AQUATIQUE DE SHERBROOKE !<img class=\"cff-linebreak\" alt=\"\" aria-hidden=\"true\" \/><img class=\"cff-linebreak\" alt=\"\" aria-hidden=\"true\" \/>\u23f3 Plus que trois jours avant le Bioblitz aquatique de Sherbrooke!<img class=\"cff-linebreak\" alt=\"\" aria-hidden=\"true\" \/><img class=\"cff-linebreak\" alt=\"\" aria-hidden=\"true\" \/>Saviez-vous que certaines esp\u00e8ces introduites peuvent transformer compl\u00e8tement nos lacs et nos rivi\u00e8res? \ud83c\udf0a<img class=\"cff-linebreak\" alt=\"\" aria-hidden=\"true\" \/><img class=\"cff-linebreak\" alt=\"\" aria-hidden=\"true\" \/>Lors du Bioblitz, venez d\u00e9couvrir les esp\u00e8ces exotiques envahissantes (EEE) aquatiques : comment les reconna\u00eetre, comprendre leurs impacts sur la biodiversit\u00e9 et apprendre les gestes simples qui permettent de limiter leur propagation.<img class=\"cff-linebreak\" alt=\"\" aria-hidden=\"true\" \/><img class=\"cff-linebreak\" alt=\"\" aria-hidden=\"true\" \/>\ud83c\udf3f Moules, plantes aquatiques, poissons... Certaines esp\u00e8ces peuvent se propager rapidement et modifier les habitats naturels, au d\u00e9triment de la faune et de la flore locales.<img class=\"cff-linebreak\" alt=\"\" aria-hidden=\"true\" \/><img class=\"cff-linebreak\" alt=\"\" aria-hidden=\"true\" \/>Curieux d'en apprendre davantage? Nos sp\u00e9cialistes seront sur place pour r\u00e9pondre \u00e0 vos questions et vous faire d\u00e9couvrir les enjeux li\u00e9s \u00e0 la protection de nos milieux aquatiques.<img class=\"cff-linebreak\" alt=\"\" aria-hidden=\"true\" \/><img class=\"cff-linebreak\" alt=\"\" aria-hidden=\"true\" \/>\ud83d\udccd Parc Lucien-Blanchard<img class=\"cff-linebreak\" alt=\"\" aria-hidden=\"true\" \/>\ud83d\udcc5 Samedi 8 ao\u00fbt<img class=\"cff-linebreak\" alt=\"\" aria-hidden=\"true\" \/>\ud83d\udd5a 11 h \u00e0 15 h 30<img class=\"cff-linebreak\" alt=\"\" aria-hidden=\"true\" \/>Activit\u00e9 gratuite \u2022 Ouverte \u00e0 tous!<img class=\"cff-linebreak\" alt=\"\" aria-hidden=\"true\" \/><img class=\"cff-linebreak\" alt=\"\" aria-hidden=\"true\" \/>Lien de l'\u00e9v\u00e9nement : <a href=\"https:\/\/www.facebook.com\/events\/3580091065475725\/?acontext=%7B%22event_action_history%22%3A\" rel='nofollow noopener noreferrer'>www.facebook.com\/events\/3580091065475725\/?acontext=%7B%22event_action_history%22%3A<\/a>[%7B%22mechanism%22%3A%22attachment%22%2C%22surface%22%3A%22newsfeed%22%7D]%2C%22ref_notif_type%22%3Anull%7D\t\t\t<\/span>\n\t<span class=\"cff-expand\">... <button type=\"button\" class=\"cff-readmore\" aria-expanded=\"false\" style=\"color: #\"><span class=\"cff-more\">Voir plus<\/span><span class=\"cff-less\">Voir moins<\/span><\/button><\/span>\n\n<\/div>\n\n\n<div class=\"cff-shared-link \" >\n\t<div class=\"cff-text-link cff-no-image\">\n\t\t\t\t\t<p class=\"cff-link-title\" >\n\t\t\t\t<a href=\"https:\/\/facebook.com\/419624361426852\" target=\"_blank\"  rel=\"nofollow noopener noreferrer\" style=\"color:#;\">This content isn&#039;t available right now<\/a>\t\t\t<\/p>\n\t\t\n\t\t\n\t\t\t\t\t<span class=\"cff-post-desc\" >When this happens, it's usually because the owner only shared it with a small group of people, changed who can see it or it's been deleted.<\/span>\n\t\t\t\t\n\t<\/div>\n<\/div>\n\n\t<div class=\"cff-post-links\">\n\t\t\t\t\t<a class=\"cff-viewpost-facebook\" href=\"https:\/\/www.facebook.com\/419624361426852\/posts\/1484732833694454\" title=\"View on Facebook\" target=\"_blank\" rel=\"nofollow noopener\" >View on Facebook<span class=\"cff-screenreader\"> (opens in a new tab)<\/span><\/a>\n\t\t\t\t\t\t\t<div class=\"cff-share-container\">\n\t\t\t\t\t\t\t\t\t<span class=\"cff-dot\" >&middot;<\/span>\n\t\t\t\t\t\t\t\t<a class=\"cff-share-link\" href=\"https:\/\/www.facebook.com\/sharer\/sharer.php?u=https%3A%2F%2Fwww.facebook.com%2F419624361426852%2Fposts%2F1484732833694454\" title=\"Share\" aria-expanded=\"false\" aria-haspopup=\"true\" >Share<\/a>\n\t\t\t\t<p class=\"cff-share-tooltip\">\n\t\t\t\t\t\t\t\t\t\t\t<a href=\"https:\/\/www.facebook.com\/sharer\/sharer.php?u=https%3A%2F%2Fwww.facebook.com%2F419624361426852%2Fposts%2F1484732833694454\" target=\"_blank\" rel=\"noopener noreferrer\" class=\"cff-facebook-icon\">\n\t\t\t\t\t\t\t<span class=\"fa fab fa-facebook-square\" aria-hidden=\"true\"><\/span>\n\t\t\t\t\t\t\t<span class=\"cff-screenreader\">Partager sur Facebook (opens in a new tab)<\/span>\n\t\t\t\t\t\t<\/a>\n\t\t\t\t\t\t\t\t\t\t\t<a href=\"https:\/\/twitter.com\/intent\/tweet?text=https%3A%2F%2Fwww.facebook.com%2F419624361426852%2Fposts%2F1484732833694454\" target=\"_blank\" rel=\"noopener noreferrer\" class=\"cff-twitter-icon\">\n\t\t\t\t\t\t\t<span class=\"fa fab fa-twitter\" aria-hidden=\"true\"><\/span>\n\t\t\t\t\t\t\t<span class=\"cff-screenreader\">Partager sur Twitter (opens in a new tab)<\/span>\n\t\t\t\t\t\t<\/a>\n\t\t\t\t\t\t\t\t\t\t\t<a href=\"https:\/\/www.linkedin.com\/shareArticle?mini=true&#038;url=https%3A%2F%2Fwww.facebook.com%2F419624361426852%2Fposts%2F1484732833694454&#038;title=%09%09%09%F0%9F%8C%BF%20PLUS%20QUE%20TROIS%20JOURS%20AVANT%20LE%20BIOBLITZ%20AQUATIQUE%20DE%20SHERBROOKE%20%21%E2%8F%B3%20Plus%20que%20trois%20jours%20avant%20le%20Bioblitz%20aquatique%20de%20Sherbrooke%21Saviez-vous%20que%20certaines%20esp%C3%A8ces%20introduites%20peuvent%20transformer%20compl%C3%A8tement%20nos%20lacs%20et%20nos%20rivi%C3%A8res%3F%20%F0%9F%8C%8ALors%20du%20Bioblitz%2C%20venez%20d%C3%A9couvrir%20les%20esp%C3%A8ces%20exotiques%20envahissantes%20%28EEE%29%20aquatiques%20%3A%20comment%20les%20reconna%C3%AEtre%2C%20comprendre%20leurs%20impacts%20sur%20la%20biodiversit%C3%A9%20et%20apprendre%20les%20gestes%20simples%20qui%20permettent%20de%20limiter%20leur%20propagation.%F0%9F%8C%BF%20Moules%2C%20plantes%20aquatiques%2C%20poissons...%20Certaines%20esp%C3%A8ces%20peuvent%20se%20propager%20rapidement%20et%20modifier%20les%20habitats%20naturels%2C%20au%20d%C3%A9triment%20de%20la%20faune%20et%20de%20la%20flore%20locales.Curieux%20d%27en%20apprendre%20davantage%3F%20Nos%20sp%C3%A9cialistes%20seront%20sur%20place%20pour%20r%C3%A9pondre%20%C3%A0%20vos%20questions%20et%20vous%20faire%20d%C3%A9couvrir%20les%20enjeux%20li%C3%A9s%20%C3%A0%20la%20protection%20de%20nos%20milieux%20aquatiques.%F0%9F%93%8D%20Parc%20Lucien-Blanchard%F0%9F%93%85%20Samedi%208%20ao%C3%BBt%F0%9F%95%9A%2011%20h%20%C3%A0%2015%20h%2030Activit%C3%A9%20gratuite%20%E2%80%A2%20Ouverte%20%C3%A0%20tous%21Lien%20de%20l%27%C3%A9v%C3%A9nement%20%3A%20www.facebook.com%2Fevents%2F3580091065475725%2F%3Facontext%3D%257B%2522event_action_history%2522%253A%5B%257B%2522mechanism%2522%253A%2522attachment%2522%252C%2522surface%2522%253A%2522newsfeed%2522%257D%5D%252C%2522ref_notif_type%2522%253Anull%257D%09%09%09%09\" target=\"_blank\" rel=\"noopener noreferrer\" class=\"cff-linkedin-icon\">\n\t\t\t\t\t\t\t<span class=\"fa fab fa-linkedin\" aria-hidden=\"true\"><\/span>\n\t\t\t\t\t\t\t<span class=\"cff-screenreader\">Share on LinkedIn (opens in a new tab)<\/span>\n\t\t\t\t\t\t<\/a>\n\t\t\t\t\t\t\t\t\t\t\t<a href=\"mailto:?subject=Facebook&#038;body=https%3A%2F%2Fwww.facebook.com%2F419624361426852%2Fposts%2F1484732833694454%20-%20%0A%0A%09%0A%09%09%F0%9F%8C%BF%20PLUS%20QUE%20TROIS%20JOURS%20AVANT%20LE%20BIOBLITZ%20AQUATIQUE%20DE%20SHERBROOKE%20%21%E2%8F%B3%20Plus%20que%20trois%20jours%20avant%20le%20Bioblitz%20aquatique%20de%20Sherbrooke%21Saviez-vous%20que%20certaines%20esp%C3%A8ces%20introduites%20peuvent%20transformer%20compl%C3%A8tement%20nos%20lacs%20et%20nos%20rivi%C3%A8res%3F%20%F0%9F%8C%8ALors%20du%20Bioblitz%2C%20venez%20d%C3%A9couvrir%20les%20esp%C3%A8ces%20exotiques%20envahissantes%20%28EEE%29%20aquatiques%20%3A%20comment%20les%20reconna%C3%AEtre%2C%20comprendre%20leurs%20impacts%20sur%20la%20biodiversit%C3%A9%20et%20apprendre%20les%20gestes%20simples%20qui%20permettent%20de%20limiter%20leur%20propagation.%F0%9F%8C%BF%20Moules%2C%20plantes%20aquatiques%2C%20poissons...%20Certaines%20esp%C3%A8ces%20peuvent%20se%20propager%20rapidement%20et%20modifier%20les%20habitats%20naturels%2C%20au%20d%C3%A9triment%20de%20la%20faune%20et%20de%20la%20flore%20locales.Curieux%20d%27en%20apprendre%20davantage%3F%20Nos%20sp%C3%A9cialistes%20seront%20sur%20place%20pour%20r%C3%A9pondre%20%C3%A0%20vos%20questions%20et%20vous%20faire%20d%C3%A9couvrir%20les%20enjeux%20li%C3%A9s%20%C3%A0%20la%20protection%20de%20nos%20milieux%20aquatiques.%F0%9F%93%8D%20Parc%20Lucien-Blanchard%F0%9F%93%85%20Samedi%208%20ao%C3%BBt%F0%9F%95%9A%2011%20h%20%C3%A0%2015%20h%2030Activit%C3%A9%20gratuite%20%E2%80%A2%20Ouverte%20%C3%A0%20tous%21Lien%20de%20l%27%C3%A9v%C3%A9nement%20%3A%20www.facebook.com%2Fevents%2F3580091065475725%2F%3Facontext%3D%257B%2522event_action_history%2522%253A%5B%257B%2522mechanism%2522%253A%2522attachment%2522%252C%2522surface%2522%253A%2522newsfeed%2522%257D%5D%252C%2522ref_notif_type%2522%253Anull%257D%09%09%09%0A%09\" target=\"_blank\" rel=\"noopener noreferrer\" class=\"cff-email-icon\">\n\t\t\t\t\t\t\t<span class=\"fa fab fa-envelope\" aria-hidden=\"true\"><\/span>\n\t\t\t\t\t\t\t<span class=\"cff-screenreader\">Partager par email (opens in a new tab)<\/span>\n\t\t\t\t\t\t<\/a>\n\t\t\t\t\t\t\t\t\t<\/p>\n\t\t\t<\/div>\n\t\t\t<\/div>\n\t<\/div>\n\n\n\n\n<div class=\"cff-likebox cff-bottom\" >\n\t\t<iframe title=\"Facebook Like Box for 419624361426852\" src=\"\" class=\"fb_iframe_widget\" data-likebox-id=\"419624361426852\" data-likebox-width=\"300\" data-likebox-header=\"\" data-hide-cover=\"\" data-hide-cta=\"\" data-likebox-faces=\"\" data-height=\"130\" data-locale=\"en_US\" scrolling=\"no\" allowTransparency=\"true\" allow=\"encrypted-media\" ><\/iframe>\n<\/div>\n<\/div><input class=\"cff-pag-url\" type=\"hidden\" data-locatornonce=\"ba9624ee4d\" data-cff-shortcode=\"{&quot;feed&quot;: &quot;2&quot;}\" data-post-id=\"134\" data-feed-id=\"419624361426852\"><\/div><\/div><div class=\"cff-clear\"><\/div><\/div><style type=\"text\/css\">\n#cff.cff-palette-2  .cff-item,\n#cff.cff-palette-2  .cff-item.cff-box,\n#cff.cff-palette-2  .cff-item.cff-box:first-child,\n#cff.cff-palette-2  .cff-album-item {\n  background-color: #EBEBEB;\n}\n#cff.cff-palette-2  .cff-view-comments,\n#cff.cff-palette-2  .cff-load-more,\n#cff.cff-palette-2  .cff-shared-link {\n  background-color: #AEAEAE;\n}\n#cff.cff-palette-2  .cff-comment .cff-comment-text p,\n#cff.cff-palette-2  .cff-album-info p,\n#cff.cff-palette-2  .cff-story,\n#cff.cff-palette-2  .cff-text {\n  color: #000000;\n}\n#cff.cff-palette-2  .cff-comment-date,\n#cff.cff-palette-2  .cff-text-link .cff-post-desc,\n#cff.cff-palette-2  .cff-link-caption,\n#cff.cff-palette-2  .cff-date {\n  color: #88882C;\n}\n#cff.cff-palette-2  a,\n#cff.cff-palette-2  .cff-post-links a,\n#cff.cff-palette-2  a {\n  color: #88882C;\n}\n<\/style>\t\t\t\t<\/div>\n\t\t\t\t<\/div>\n\t\t\t\t\t<\/div>\n\t\t<\/div>\n\t\t\t\t\t<\/div>\n\t\t<\/section>\n\t\t\t\t<section class=\"elementor-section elementor-top-section elementor-element elementor-element-efd4891 elementor-section-height-min-height elementor-section-boxed elementor-section-height-default elementor-section-items-middle\" data-id=\"efd4891\" data-element_type=\"section\" data-settings=\"{&quot;background_background&quot;:&quot;classic&quot;}\">\n\t\t\t\t\t\t<div class=\"elementor-container elementor-column-gap-no\">\n\t\t\t\t\t<div class=\"elementor-column elementor-col-100 elementor-top-column elementor-element elementor-element-a9d67d1\" data-id=\"a9d67d1\" data-element_type=\"column\">\n\t\t\t<div class=\"elementor-widget-wrap elementor-element-populated\">\n\t\t\t\t\t\t<div class=\"elementor-element elementor-element-f8f4797 elementor-widget elementor-widget-spacer\" data-id=\"f8f4797\" data-element_type=\"widget\" data-widget_type=\"spacer.default\">\n\t\t\t\t<div class=\"elementor-widget-container\">\n\t\t\t\t\t\t\t<div class=\"elementor-spacer\">\n\t\t\t<div class=\"elementor-spacer-inner\"><\/div>\n\t\t<\/div>\n\t\t\t\t\t\t<\/div>\n\t\t\t\t<\/div>\n\t\t\t\t\t<\/div>\n\t\t<\/div>\n\t\t\t\t\t<\/div>\n\t\t<\/section>\n\t\t\t\t<section class=\"elementor-section elementor-top-section elementor-element elementor-element-e0cb334 elementor-section-height-min-height elementor-section-content-middle elementor-section-boxed elementor-section-height-default elementor-section-items-middle\" data-id=\"e0cb334\" data-element_type=\"section\" data-settings=\"{&quot;background_background&quot;:&quot;classic&quot;,&quot;background_motion_fx_motion_fx_scrolling&quot;:&quot;yes&quot;,&quot;background_motion_fx_translateY_effect&quot;:&quot;yes&quot;,&quot;background_motion_fx_translateY_speed&quot;:{&quot;unit&quot;:&quot;px&quot;,&quot;size&quot;:5.5,&quot;sizes&quot;:[]},&quot;background_motion_fx_range&quot;:&quot;page&quot;,&quot;background_motion_fx_translateY_affectedRange&quot;:{&quot;unit&quot;:&quot;%&quot;,&quot;size&quot;:&quot;&quot;,&quot;sizes&quot;:{&quot;start&quot;:0,&quot;end&quot;:100}},&quot;background_motion_fx_devices&quot;:[&quot;desktop&quot;,&quot;tablet&quot;,&quot;mobile&quot;]}\">\n\t\t\t\t\t\t<div class=\"elementor-container elementor-column-gap-extended\">\n\t\t\t\t\t<div class=\"elementor-column elementor-col-100 elementor-top-column elementor-element elementor-element-f19d3c9\" data-id=\"f19d3c9\" data-element_type=\"column\">\n\t\t\t<div class=\"elementor-widget-wrap elementor-element-populated\">\n\t\t\t\t\t\t<section class=\"elementor-section elementor-inner-section elementor-element elementor-element-90719dc elementor-section-content-middle elementor-section-boxed elementor-section-height-default elementor-section-height-default\" data-id=\"90719dc\" data-element_type=\"section\">\n\t\t\t\t\t\t<div class=\"elementor-container elementor-column-gap-default\">\n\t\t\t\t\t<div class=\"elementor-column elementor-col-50 elementor-inner-column elementor-element elementor-element-c0835bc\" data-id=\"c0835bc\" data-element_type=\"column\" data-settings=\"{&quot;background_background&quot;:&quot;classic&quot;}\">\n\t\t\t<div class=\"elementor-widget-wrap elementor-element-populated\">\n\t\t\t\t\t<div class=\"elementor-background-overlay\"><\/div>\n\t\t\t\t\t\t<div class=\"elementor-element elementor-element-5e03a3b elementor-widget elementor-widget-image\" data-id=\"5e03a3b\" data-element_type=\"widget\" data-widget_type=\"image.default\">\n\t\t\t\t<div class=\"elementor-widget-container\">\n\t\t\t\t\t\t\t\t\t\t\t\t\t\t\t\t<a href=\"https:\/\/naturecantonsdelest.ca\/nce\/parc-johnville\/\">\n\t\t\t\t\t\t\t<img decoding=\"async\" width=\"390\" height=\"163\" src=\"https:\/\/naturecantonsdelest.ca\/nce\/wp-content\/uploads\/2022\/06\/logo_parc-ecoforestier-johnville.png\" class=\"attachment-large size-large wp-image-176\" alt=\"Parc ecoforestier Johnville\" srcset=\"https:\/\/naturecantonsdelest.ca\/nce\/wp-content\/uploads\/2022\/06\/logo_parc-ecoforestier-johnville.png 390w, https:\/\/naturecantonsdelest.ca\/nce\/wp-content\/uploads\/2022\/06\/logo_parc-ecoforestier-johnville-300x125.png 300w\" sizes=\"(max-width: 390px) 100vw, 390px\" \/>\t\t\t\t\t\t\t\t<\/a>\n\t\t\t\t\t\t\t\t\t\t\t\t\t\t\t<\/div>\n\t\t\t\t<\/div>\n\t\t\t\t\t<\/div>\n\t\t<\/div>\n\t\t\t\t<div class=\"elementor-column elementor-col-50 elementor-inner-column elementor-element elementor-element-0f82aec\" data-id=\"0f82aec\" data-element_type=\"column\" data-settings=\"{&quot;background_background&quot;:&quot;classic&quot;}\">\n\t\t\t<div class=\"elementor-widget-wrap elementor-element-populated\">\n\t\t\t\t\t\t<div class=\"elementor-element elementor-element-a5270dc elementor-widget elementor-widget-text-editor\" data-id=\"a5270dc\" data-element_type=\"widget\" data-widget_type=\"text-editor.default\">\n\t\t\t\t<div class=\"elementor-widget-container\">\n\t\t\t\t\t\t\t\t\t<p>Savez-vous que Nature Cantons-de-l\u2019Est est gestionnaire du <strong>Parc \u00e9coforestier de Johnville<\/strong>, une station de recherche et d&rsquo;enseignement universitaire ouverte \u00e0 la pratique du plein-air?<br><a href=\"https:\/\/naturecantonsdelest.ca\/nce\/parc-johnville\/\"><span style=\"color: #ffff99;\">\u00bb<\/span><strong><span style=\"color: #ffff99;\"> En savoir plus<\/span><\/strong><\/a><\/p>\t\t\t\t\t\t\t\t<\/div>\n\t\t\t\t<\/div>\n\t\t\t\t\t<\/div>\n\t\t<\/div>\n\t\t\t\t\t<\/div>\n\t\t<\/section>\n\t\t\t\t\t<\/div>\n\t\t<\/div>\n\t\t\t\t\t<\/div>\n\t\t<\/section>\n\t\t\t\t<section class=\"elementor-section elementor-top-section elementor-element elementor-element-20ae29f elementor-section-height-min-height elementor-section-boxed elementor-section-height-default elementor-section-items-middle\" data-id=\"20ae29f\" data-element_type=\"section\">\n\t\t\t\t\t\t<div class=\"elementor-container elementor-column-gap-no\">\n\t\t\t\t\t<div class=\"elementor-column elementor-col-100 elementor-top-column elementor-element elementor-element-6780ebc\" data-id=\"6780ebc\" data-element_type=\"column\">\n\t\t\t<div class=\"elementor-widget-wrap elementor-element-populated\">\n\t\t\t\t\t\t<div class=\"elementor-element elementor-element-614ccac elementor-widget elementor-widget-spacer\" data-id=\"614ccac\" data-element_type=\"widget\" data-widget_type=\"spacer.default\">\n\t\t\t\t<div class=\"elementor-widget-container\">\n\t\t\t\t\t\t\t<div class=\"elementor-spacer\">\n\t\t\t<div class=\"elementor-spacer-inner\"><\/div>\n\t\t<\/div>\n\t\t\t\t\t\t<\/div>\n\t\t\t\t<\/div>\n\t\t\t\t\t<\/div>\n\t\t<\/div>\n\t\t\t\t\t<\/div>\n\t\t<\/section>\n\t\t\t\t<\/div>\n\t\t","protected":false},"excerpt":{"rendered":"<p>PR\u00c9SERVERLES MILIEUX NATURELSET LA BIODIVERSIT\u00c9 Vous \u00eates un propri\u00e9taire int\u00e9ress\u00e9 par la CONSERVATION? CONTACTEZ-NOUS 819-566-5600 Nature Cantons-de-l\u2019Est est un organisme actif dans la conservation des milieux naturels et dans l\u2019\u00e9ducation et la sensibilisation aux milieux naturels, et qui appuie la formation et la recherche au niveau postsecondaire. En activit\u00e9 depuis 1989, Nature Cantons-de-l\u2019Est collabore avec [&hellip;]<\/p>\n","protected":false},"author":1,"featured_media":8,"parent":0,"menu_order":0,"comment_status":"closed","ping_status":"closed","template":"elementor_header_footer","meta":{"_monsterinsights_skip_tracking":false,"_monsterinsights_sitenote_active":false,"_monsterinsights_sitenote_note":"","_monsterinsights_sitenote_category":0,"footnotes":""},"aioseo_notices":[],"aioseo_head":"\n\t\t<!-- All in One SEO 5.0.1.1 - aioseo.com -->\n\t<meta name=\"description\" content=\"Nature Cantons-de-l\u2019Est, auparavant connu sous le nom de Corporation de conservation du bois\u00e9 de Johnville, est un organisme d\u00e9di\u00e9 \u00e0 la conservation de la nature, \u00e0 l\u2019\u00e9ducation et la sensibilisation aux milieux naturel et \u00e0 l\u2019appui \u00e0 la formation et \u00e0 la recherche.\" \/>\n\t<meta name=\"robots\" content=\"max-image-preview:large\" \/>\n\t<link rel=\"canonical\" href=\"https:\/\/naturecantonsdelest.ca\/nce\/\" \/>\n\t<meta name=\"generator\" content=\"All in One SEO (AIOSEO) 5.0.1.1\" \/>\n\t\t<meta property=\"og:locale\" content=\"fr_FR\" \/>\n\t\t<meta property=\"og:site_name\" content=\"Nature Cantons-de-l&#039;Est - Organisme de conservation des milieux naturels en Estrie\" \/>\n\t\t<meta property=\"og:type\" content=\"article\" \/>\n\t\t<meta property=\"og:title\" content=\"Accueil - Nature Cantons-de-l&#039;Est\" \/>\n\t\t<meta property=\"og:description\" content=\"Nature Cantons-de-l\u2019Est, auparavant connu sous le nom de Corporation de conservation du bois\u00e9 de Johnville, est un organisme d\u00e9di\u00e9 \u00e0 la conservation de la nature, \u00e0 l\u2019\u00e9ducation et la sensibilisation aux milieux naturel et \u00e0 l\u2019appui \u00e0 la formation et \u00e0 la recherche.\" \/>\n\t\t<meta property=\"og:url\" content=\"https:\/\/naturecantonsdelest.ca\/nce\/\" \/>\n\t\t<meta property=\"og:image\" content=\"https:\/\/naturecantonsdelest.ca\/nce\/wp-content\/uploads\/2022\/06\/logo-NCE.png\" \/>\n\t\t<meta property=\"og:image:secure_url\" content=\"https:\/\/naturecantonsdelest.ca\/nce\/wp-content\/uploads\/2022\/06\/logo-NCE.png\" \/>\n\t\t<meta property=\"og:image:width\" content=\"248\" \/>\n\t\t<meta property=\"og:image:height\" content=\"105\" \/>\n\t\t<meta property=\"article:published_time\" content=\"2022-06-21T01:24:47+00:00\" \/>\n\t\t<meta property=\"article:modified_time\" content=\"2025-12-05T14:07:37+00:00\" \/>\n\t\t<meta property=\"article:publisher\" content=\"https:\/\/www.facebook.com\/naturecantonsdelest\" \/>\n\t\t<meta name=\"twitter:card\" content=\"summary\" \/>\n\t\t<meta name=\"twitter:title\" content=\"Accueil - Nature Cantons-de-l&#039;Est\" \/>\n\t\t<meta name=\"twitter:description\" content=\"Nature Cantons-de-l\u2019Est, auparavant connu sous le nom de Corporation de conservation du bois\u00e9 de Johnville, est un organisme d\u00e9di\u00e9 \u00e0 la conservation de la nature, \u00e0 l\u2019\u00e9ducation et la sensibilisation aux milieux naturel et \u00e0 l\u2019appui \u00e0 la formation et \u00e0 la recherche.\" \/>\n\t\t<meta name=\"twitter:image\" content=\"https:\/\/naturecantonsdelest.ca\/nce\/wp-content\/uploads\/2022\/06\/logo-NCE.png\" \/>\n\t\t<script type=\"application\/ld+json\" class=\"aioseo-schema\">\n\t\t\t{\"@context\":\"https:\\\/\\\/schema.org\",\"@graph\":[{\"@type\":\"BreadcrumbList\",\"@id\":\"https:\\\/\\\/naturecantonsdelest.ca\\\/nce\\\/#breadcrumblist\",\"itemListElement\":[{\"@type\":\"ListItem\",\"@id\":\"https:\\\/\\\/naturecantonsdelest.ca\\\/nce#listItem\",\"position\":1,\"name\":\"Accueil\",\"item\":\"https:\\\/\\\/naturecantonsdelest.ca\\\/nce\",\"nextItem\":{\"@type\":\"ListItem\",\"@id\":\"https:\\\/\\\/naturecantonsdelest.ca\\\/nce\\\/#listItem\",\"name\":\"Accueil\"}},{\"@type\":\"ListItem\",\"@id\":\"https:\\\/\\\/naturecantonsdelest.ca\\\/nce\\\/#listItem\",\"position\":2,\"name\":\"Accueil\",\"previousItem\":{\"@type\":\"ListItem\",\"@id\":\"https:\\\/\\\/naturecantonsdelest.ca\\\/nce#listItem\",\"name\":\"Accueil\"}}]},{\"@type\":\"Organization\",\"@id\":\"https:\\\/\\\/naturecantonsdelest.ca\\\/nce\\\/#organization\",\"name\":\"Nature Cantons de l'Est\",\"description\":\"Organisme de conservation des milieux naturels en Estrie\",\"url\":\"https:\\\/\\\/naturecantonsdelest.ca\\\/nce\\\/\",\"telephone\":\"+18195665600\",\"logo\":{\"@type\":\"ImageObject\",\"url\":\"https:\\\/\\\/naturecantonsdelest.ca\\\/nce\\\/wp-content\\\/uploads\\\/2022\\\/06\\\/logo-NCE.png\",\"@id\":\"https:\\\/\\\/naturecantonsdelest.ca\\\/nce\\\/#organizationLogo\",\"width\":248,\"height\":105,\"caption\":\"Nature Cantons de l'est Organisme de conservation de milieux naturels\"},\"image\":{\"@id\":\"https:\\\/\\\/naturecantonsdelest.ca\\\/nce\\\/#organizationLogo\"},\"sameAs\":[\"https:\\\/\\\/www.facebook.com\\\/naturecantonsdelest\"]},{\"@type\":\"WebPage\",\"@id\":\"https:\\\/\\\/naturecantonsdelest.ca\\\/nce\\\/#webpage\",\"url\":\"https:\\\/\\\/naturecantonsdelest.ca\\\/nce\\\/\",\"name\":\"Accueil - Nature Cantons-de-l'Est\",\"description\":\"Nature Cantons-de-l\\u2019Est, auparavant connu sous le nom de Corporation de conservation du bois\\u00e9 de Johnville, est un organisme d\\u00e9di\\u00e9 \\u00e0 la conservation de la nature, \\u00e0 l\\u2019\\u00e9ducation et la sensibilisation aux milieux naturel et \\u00e0 l\\u2019appui \\u00e0 la formation et \\u00e0 la recherche.\",\"inLanguage\":\"fr-FR\",\"isPartOf\":{\"@id\":\"https:\\\/\\\/naturecantonsdelest.ca\\\/nce\\\/#website\"},\"breadcrumb\":{\"@id\":\"https:\\\/\\\/naturecantonsdelest.ca\\\/nce\\\/#breadcrumblist\"},\"image\":{\"@type\":\"ImageObject\",\"url\":\"https:\\\/\\\/naturecantonsdelest.ca\\\/nce\\\/wp-content\\\/uploads\\\/2022\\\/06\\\/logo-NCE.png\",\"@id\":\"https:\\\/\\\/naturecantonsdelest.ca\\\/nce\\\/#mainImage\",\"width\":248,\"height\":105,\"caption\":\"Nature Cantons de l'est Organisme de conservation de milieux naturels\"},\"primaryImageOfPage\":{\"@id\":\"https:\\\/\\\/naturecantonsdelest.ca\\\/nce\\\/#mainImage\"},\"datePublished\":\"2022-06-21T01:24:47+00:00\",\"dateModified\":\"2025-12-05T14:07:37+00:00\"},{\"@type\":\"WebSite\",\"@id\":\"https:\\\/\\\/naturecantonsdelest.ca\\\/nce\\\/#website\",\"url\":\"https:\\\/\\\/naturecantonsdelest.ca\\\/nce\\\/\",\"name\":\"Nature Cantons-de-l'Est\",\"description\":\"Organisme de conservation des milieux naturels en Estrie\",\"inLanguage\":\"fr-FR\",\"publisher\":{\"@id\":\"https:\\\/\\\/naturecantonsdelest.ca\\\/nce\\\/#organization\"}}]}\n\t\t<\/script>\n\t\t<!-- All in One SEO -->\n\n","aioseo_head_json":{"title":"Accueil - Nature Cantons-de-l'Est","description":"Nature Cantons-de-l\u2019Est, auparavant connu sous le nom de Corporation de conservation du bois\u00e9 de Johnville, est un organisme d\u00e9di\u00e9 \u00e0 la conservation de la nature, \u00e0 l\u2019\u00e9ducation et la sensibilisation aux milieux naturel et \u00e0 l\u2019appui \u00e0 la formation et \u00e0 la recherche.","canonical_url":"https:\/\/naturecantonsdelest.ca\/nce\/","robots":"max-image-preview:large","keywords":"","webmasterTools":{"miscellaneous":""},"schema":{"@context":"https:\/\/schema.org","@graph":[{"@type":"BreadcrumbList","@id":"https:\/\/naturecantonsdelest.ca\/nce\/#breadcrumblist","itemListElement":[{"@type":"ListItem","@id":"https:\/\/naturecantonsdelest.ca\/nce#listItem","position":1,"name":"Accueil","item":"https:\/\/naturecantonsdelest.ca\/nce","nextItem":{"@type":"ListItem","@id":"https:\/\/naturecantonsdelest.ca\/nce\/#listItem","name":"Accueil"}},{"@type":"ListItem","@id":"https:\/\/naturecantonsdelest.ca\/nce\/#listItem","position":2,"name":"Accueil","previousItem":{"@type":"ListItem","@id":"https:\/\/naturecantonsdelest.ca\/nce#listItem","name":"Accueil"}}]},{"@type":"Organization","@id":"https:\/\/naturecantonsdelest.ca\/nce\/#organization","name":"Nature Cantons de l'Est","description":"Organisme de conservation des milieux naturels en Estrie","url":"https:\/\/naturecantonsdelest.ca\/nce\/","telephone":"+18195665600","logo":{"@type":"ImageObject","url":"https:\/\/naturecantonsdelest.ca\/nce\/wp-content\/uploads\/2022\/06\/logo-NCE.png","@id":"https:\/\/naturecantonsdelest.ca\/nce\/#organizationLogo","width":248,"height":105,"caption":"Nature Cantons de l'est Organisme de conservation de milieux naturels"},"image":{"@id":"https:\/\/naturecantonsdelest.ca\/nce\/#organizationLogo"},"sameAs":["https:\/\/www.facebook.com\/naturecantonsdelest"]},{"@type":"WebPage","@id":"https:\/\/naturecantonsdelest.ca\/nce\/#webpage","url":"https:\/\/naturecantonsdelest.ca\/nce\/","name":"Accueil - Nature Cantons-de-l'Est","description":"Nature Cantons-de-l\u2019Est, auparavant connu sous le nom de Corporation de conservation du bois\u00e9 de Johnville, est un organisme d\u00e9di\u00e9 \u00e0 la conservation de la nature, \u00e0 l\u2019\u00e9ducation et la sensibilisation aux milieux naturel et \u00e0 l\u2019appui \u00e0 la formation et \u00e0 la recherche.","inLanguage":"fr-FR","isPartOf":{"@id":"https:\/\/naturecantonsdelest.ca\/nce\/#website"},"breadcrumb":{"@id":"https:\/\/naturecantonsdelest.ca\/nce\/#breadcrumblist"},"image":{"@type":"ImageObject","url":"https:\/\/naturecantonsdelest.ca\/nce\/wp-content\/uploads\/2022\/06\/logo-NCE.png","@id":"https:\/\/naturecantonsdelest.ca\/nce\/#mainImage","width":248,"height":105,"caption":"Nature Cantons de l'est Organisme de conservation de milieux naturels"},"primaryImageOfPage":{"@id":"https:\/\/naturecantonsdelest.ca\/nce\/#mainImage"},"datePublished":"2022-06-21T01:24:47+00:00","dateModified":"2025-12-05T14:07:37+00:00"},{"@type":"WebSite","@id":"https:\/\/naturecantonsdelest.ca\/nce\/#website","url":"https:\/\/naturecantonsdelest.ca\/nce\/","name":"Nature Cantons-de-l'Est","description":"Organisme de conservation des milieux naturels en Estrie","inLanguage":"fr-FR","publisher":{"@id":"https:\/\/naturecantonsdelest.ca\/nce\/#organization"}}]},"og:locale":"fr_FR","og:site_name":"Nature Cantons-de-l'Est - Organisme de conservation des milieux naturels en Estrie","og:type":"article","og:title":"Accueil - Nature Cantons-de-l'Est","og:description":"Nature Cantons-de-l\u2019Est, auparavant connu sous le nom de Corporation de conservation du bois\u00e9 de Johnville, est un organisme d\u00e9di\u00e9 \u00e0 la conservation de la nature, \u00e0 l\u2019\u00e9ducation et la sensibilisation aux milieux naturel et \u00e0 l\u2019appui \u00e0 la formation et \u00e0 la recherche.","og:url":"https:\/\/naturecantonsdelest.ca\/nce\/","og:image":"https:\/\/naturecantonsdelest.ca\/nce\/wp-content\/uploads\/2022\/06\/logo-NCE.png","og:image:secure_url":"https:\/\/naturecantonsdelest.ca\/nce\/wp-content\/uploads\/2022\/06\/logo-NCE.png","og:image:width":248,"og:image:height":105,"article:published_time":"2022-06-21T01:24:47+00:00","article:modified_time":"2025-12-05T14:07:37+00:00","article:publisher":"https:\/\/www.facebook.com\/naturecantonsdelest","twitter:card":"summary","twitter:title":"Accueil - Nature Cantons-de-l'Est","twitter:description":"Nature Cantons-de-l\u2019Est, auparavant connu sous le nom de Corporation de conservation du bois\u00e9 de Johnville, est un organisme d\u00e9di\u00e9 \u00e0 la conservation de la nature, \u00e0 l\u2019\u00e9ducation et la sensibilisation aux milieux naturel et \u00e0 l\u2019appui \u00e0 la formation et \u00e0 la recherche.","twitter:image":"https:\/\/naturecantonsdelest.ca\/nce\/wp-content\/uploads\/2022\/06\/logo-NCE.png"},"aioseo_meta_data":{"post_id":"134","title":null,"description":"Nature Cantons-de-l\u2019Est, auparavant connu sous le nom de Corporation de conservation du bois\u00e9 de Johnville, est un organisme d\u00e9di\u00e9 \u00e0 la conservation de la nature, \u00e0 l\u2019\u00e9ducation et la sensibilisation aux milieux naturel et \u00e0 l\u2019appui \u00e0 la formation et \u00e0 la recherche.","keywords":null,"keyphrases":{"focus":[],"additional":[]},"primary_term":null,"canonical_url":null,"og_title":null,"og_description":null,"og_object_type":"default","og_image_type":"default","og_image_url":null,"og_image_width":null,"og_image_height":null,"og_image_custom_url":null,"og_image_custom_fields":null,"og_video":"","og_custom_url":null,"og_article_section":null,"og_article_tags":null,"twitter_use_og":false,"twitter_card":"default","twitter_image_type":"default","twitter_image_url":null,"twitter_image_custom_url":null,"twitter_image_custom_fields":null,"twitter_title":null,"twitter_description":null,"schema":{"blockGraphs":[],"customGraphs":[],"default":{"data":{"Article":[],"Course":[],"Dataset":[],"FAQPage":[],"Movie":[],"Person":[],"Product":[],"ProductReview":[],"Car":[],"Recipe":[],"Service":[],"SoftwareApplication":[],"WebPage":[]},"graphName":"WebPage","isEnabled":true},"graphs":[],"defaultGraph":"WebPage","defaultPostTypeGraph":""},"schema_type":"default","schema_type_options":"{\"article\":{\"articleType\":\"BlogPosting\"},\"course\":{\"name\":\"\",\"description\":\"\",\"provider\":\"\"},\"faq\":{\"pages\":[]},\"product\":{\"reviews\":[]},\"recipe\":{\"ingredients\":[],\"instructions\":[],\"keywords\":[]},\"software\":{\"reviews\":[],\"operatingSystems\":[]},\"webPage\":{\"webPageType\":\"WebPage\"}}","pillar_content":false,"robots_default":true,"robots_noindex":false,"robots_noarchive":false,"robots_nosnippet":false,"robots_nofollow":false,"robots_noimageindex":false,"robots_noodp":false,"robots_notranslate":false,"robots_max_snippet":"-1","robots_max_videopreview":"-1","robots_max_imagepreview":"large","priority":null,"frequency":"default","local_seo":null,"breadcrumb_settings":null,"limit_modified_date":false,"ai":null,"created":"2022-06-21 01:24:49","updated":"2026-08-06 15:25:26","seo_analyzer_scan_date":null,"focus_keyword":null,"additional_keywords":null,"truseo_locale":null},"aioseo_breadcrumb":"<div class=\"aioseo-breadcrumbs\"><span class=\"aioseo-breadcrumb\">\n\t\t\t<a href=\"https:\/\/naturecantonsdelest.ca\/nce\" title=\"Accueil\">Accueil<\/a>\n\t\t<\/span><span class=\"aioseo-breadcrumb-separator\">&raquo;<\/span><span class=\"aioseo-breadcrumb\">\n\t\t\tAccueil\n\t\t<\/span><\/div>","aioseo_breadcrumb_json":[{"label":"Accueil","link":"https:\/\/naturecantonsdelest.ca\/nce"},{"label":"Accueil","link":"https:\/\/naturecantonsdelest.ca\/nce\/"}],"_links":{"self":[{"href":"https:\/\/naturecantonsdelest.ca\/nce\/wp-json\/wp\/v2\/pages\/134"}],"collection":[{"href":"https:\/\/naturecantonsdelest.ca\/nce\/wp-json\/wp\/v2\/pages"}],"about":[{"href":"https:\/\/naturecantonsdelest.ca\/nce\/wp-json\/wp\/v2\/types\/page"}],"author":[{"embeddable":true,"href":"https:\/\/naturecantonsdelest.ca\/nce\/wp-json\/wp\/v2\/users\/1"}],"replies":[{"embeddable":true,"href":"https:\/\/naturecantonsdelest.ca\/nce\/wp-json\/wp\/v2\/comments?post=134"}],"version-history":[{"count":153,"href":"https:\/\/naturecantonsdelest.ca\/nce\/wp-json\/wp\/v2\/pages\/134\/revisions"}],"predecessor-version":[{"id":1638,"href":"https:\/\/naturecantonsdelest.ca\/nce\/wp-json\/wp\/v2\/pages\/134\/revisions\/1638"}],"wp:featuredmedia":[{"embeddable":true,"href":"https:\/\/naturecantonsdelest.ca\/nce\/wp-json\/wp\/v2\/media\/8"}],"wp:attachment":[{"href":"https:\/\/naturecantonsdelest.ca\/nce\/wp-json\/wp\/v2\/media?parent=134"}],"curies":[{"name":"wp","href":"https:\/\/api.w.org\/{rel}","templated":true}]}}