{"id":134,"date":"2022-06-21T01:24:47","date_gmt":"2022-06-21T01:24:47","guid":{"rendered":"https:\/\/naturecantonsdelest.ca\/nce\/?page_id=134"},"modified":"2025-12-05T14:07:37","modified_gmt":"2025-12-05T14:07:37","slug":"accueil","status":"publish","type":"page","link":"https:\/\/naturecantonsdelest.ca\/nce\/","title":{"rendered":"Accueil"},"content":{"rendered":"\t\t<div data-elementor-type=\"wp-post\" data-elementor-id=\"134\" class=\"elementor elementor-134\" data-elementor-post-type=\"page\">\n\t\t\t\t\t\t<section class=\"elementor-section elementor-top-section elementor-element elementor-element-5a4bd9c elementor-section-height-min-height elementor-section-items-bottom elementor-section-boxed elementor-section-height-default\" data-id=\"5a4bd9c\" data-element_type=\"section\" data-settings=\"{&quot;background_background&quot;:&quot;classic&quot;}\">\n\t\t\t\t\t\t\t<div class=\"elementor-background-overlay\"><\/div>\n\t\t\t\t\t\t\t<div class=\"elementor-container elementor-column-gap-default\">\n\t\t\t\t\t<div class=\"elementor-column elementor-col-100 elementor-top-column elementor-element elementor-element-57a5bb0\" data-id=\"57a5bb0\" data-element_type=\"column\">\n\t\t\t<div class=\"elementor-widget-wrap elementor-element-populated\">\n\t\t\t\t\t\t<div class=\"elementor-element elementor-element-5325c74 elementor-widget elementor-widget-text-editor\" data-id=\"5325c74\" data-element_type=\"widget\" data-widget_type=\"text-editor.default\">\n\t\t\t\t<div class=\"elementor-widget-container\">\n\t\t\t\t\t\t\t\t\t<p><strong>PR\u00c9SERVER<\/strong><br \/>LES MILIEUX NATURELS<br \/>ET LA BIODIVERSIT\u00c9<\/p>\t\t\t\t\t\t\t\t<\/div>\n\t\t\t\t<\/div>\n\t\t\t\t\t<\/div>\n\t\t<\/div>\n\t\t\t\t\t<\/div>\n\t\t<\/section>\n\t\t\t\t<section class=\"elementor-section elementor-top-section elementor-element elementor-element-a6f3e57 elementor-section-height-min-height elementor-section-boxed elementor-section-height-default elementor-section-items-middle\" data-id=\"a6f3e57\" data-element_type=\"section\">\n\t\t\t\t\t\t<div class=\"elementor-container elementor-column-gap-no\">\n\t\t\t\t\t<div class=\"elementor-column elementor-col-100 elementor-top-column elementor-element elementor-element-86e6f66\" data-id=\"86e6f66\" data-element_type=\"column\">\n\t\t\t<div class=\"elementor-widget-wrap elementor-element-populated\">\n\t\t\t\t\t\t<div class=\"elementor-element elementor-element-ece7788 elementor-widget elementor-widget-spacer\" data-id=\"ece7788\" data-element_type=\"widget\" data-widget_type=\"spacer.default\">\n\t\t\t\t<div class=\"elementor-widget-container\">\n\t\t\t\t\t\t\t<div class=\"elementor-spacer\">\n\t\t\t<div class=\"elementor-spacer-inner\"><\/div>\n\t\t<\/div>\n\t\t\t\t\t\t<\/div>\n\t\t\t\t<\/div>\n\t\t\t\t\t<\/div>\n\t\t<\/div>\n\t\t\t\t\t<\/div>\n\t\t<\/section>\n\t\t\t\t<section class=\"elementor-section elementor-top-section elementor-element elementor-element-295ce1b elementor-section-height-min-height elementor-section-content-middle elementor-hidden-mobile click-child pointer elementor-section-boxed elementor-section-height-default elementor-section-items-middle\" data-id=\"295ce1b\" data-element_type=\"section\" data-settings=\"{&quot;background_background&quot;:&quot;classic&quot;}\">\n\t\t\t\t\t\t\t<div class=\"elementor-background-overlay\"><\/div>\n\t\t\t\t\t\t\t<div class=\"elementor-container elementor-column-gap-no\">\n\t\t\t\t\t<div class=\"elementor-column elementor-col-50 elementor-top-column elementor-element elementor-element-b70ee0d\" data-id=\"b70ee0d\" data-element_type=\"column\">\n\t\t\t<div class=\"elementor-widget-wrap elementor-element-populated\">\n\t\t\t\t\t\t<div class=\"elementor-element elementor-element-4848db5 elementor-widget elementor-widget-text-editor\" data-id=\"4848db5\" data-element_type=\"widget\" data-widget_type=\"text-editor.default\">\n\t\t\t\t<div class=\"elementor-widget-container\">\n\t\t\t\t\t\t\t\t\t<p>Vous \u00eates <b>un propri\u00e9taire<\/b> int\u00e9ress\u00e9 par la<\/p>\t\t\t\t\t\t\t\t<\/div>\n\t\t\t\t<\/div>\n\t\t\t\t<div class=\"elementor-element elementor-element-306de9e elementor-widget elementor-widget-text-editor\" data-id=\"306de9e\" data-element_type=\"widget\" data-widget_type=\"text-editor.default\">\n\t\t\t\t<div class=\"elementor-widget-container\">\n\t\t\t\t\t\t\t\t\t<p><span style=\"color: #ffff99;\"><a style=\"color: #ffff99;\" href=\"https:\/\/naturecantonsdelest.ca\/nce\/options-de-conservation-milieux-naturels\/\"><span style=\"color: #ffff99;\">CONSERVATION?<\/span><\/a><\/span><\/p>\t\t\t\t\t\t\t\t<\/div>\n\t\t\t\t<\/div>\n\t\t\t\t\t<\/div>\n\t\t<\/div>\n\t\t\t\t<div class=\"elementor-column elementor-col-50 elementor-top-column elementor-element elementor-element-9e7727f\" data-id=\"9e7727f\" data-element_type=\"column\">\n\t\t\t<div class=\"elementor-widget-wrap elementor-element-populated\">\n\t\t\t\t\t\t<div class=\"elementor-element elementor-element-ec58d6a elementor-widget elementor-widget-text-editor\" data-id=\"ec58d6a\" data-element_type=\"widget\" data-widget_type=\"text-editor.default\">\n\t\t\t\t<div class=\"elementor-widget-container\">\n\t\t\t\t\t\t\t\t\t<p style=\"text-align: right;\"><b>CONTACTEZ-NOUS<\/b><\/p>\n<p style=\"text-align: right;\">819-566-5600<\/p>\t\t\t\t\t\t\t\t<\/div>\n\t\t\t\t<\/div>\n\t\t\t\t\t<\/div>\n\t\t<\/div>\n\t\t\t\t\t<\/div>\n\t\t<\/section>\n\t\t\t\t<section class=\"elementor-section elementor-top-section elementor-element elementor-element-dd30d9b elementor-hidden-mobile click-child pointer elementor-section-boxed elementor-section-height-default elementor-section-height-default\" data-id=\"dd30d9b\" data-element_type=\"section\">\n\t\t\t\t\t\t<div class=\"elementor-container elementor-column-gap-default\">\n\t\t\t\t\t<div class=\"elementor-column elementor-col-100 elementor-top-column elementor-element elementor-element-ad3b845\" data-id=\"ad3b845\" data-element_type=\"column\">\n\t\t\t<div class=\"elementor-widget-wrap elementor-element-populated\">\n\t\t\t\t\t\t<div class=\"elementor-element elementor-element-36334c4 elementor-widget elementor-widget-image\" data-id=\"36334c4\" data-element_type=\"widget\" data-widget_type=\"image.default\">\n\t\t\t\t<div class=\"elementor-widget-container\">\n\t\t\t\t\t\t\t\t\t\t\t\t\t\t\t\t<a href=\"https:\/\/naturecantonsdelest.ca\/nce\/options-de-conservation-milieux-naturels\/\">\n\t\t\t\t\t\t\t<img fetchpriority=\"high\" decoding=\"async\" width=\"293\" height=\"191\" src=\"https:\/\/naturecantonsdelest.ca\/nce\/wp-content\/uploads\/2022\/06\/papillon.png\" class=\"attachment-full size-full wp-image-144\" alt=\"\" \/>\t\t\t\t\t\t\t\t<\/a>\n\t\t\t\t\t\t\t\t\t\t\t\t\t\t\t<\/div>\n\t\t\t\t<\/div>\n\t\t\t\t\t<\/div>\n\t\t<\/div>\n\t\t\t\t\t<\/div>\n\t\t<\/section>\n\t\t\t\t<section class=\"elementor-section elementor-top-section elementor-element elementor-element-124a333 elementor-section-boxed elementor-section-height-default elementor-section-height-default\" data-id=\"124a333\" data-element_type=\"section\" data-settings=\"{&quot;background_background&quot;:&quot;classic&quot;}\">\n\t\t\t\t\t\t<div class=\"elementor-container elementor-column-gap-default\">\n\t\t\t\t\t<div class=\"elementor-column elementor-col-50 elementor-top-column elementor-element elementor-element-8c391ed\" data-id=\"8c391ed\" data-element_type=\"column\">\n\t\t\t<div class=\"elementor-widget-wrap elementor-element-populated\">\n\t\t\t\t\t\t<div class=\"elementor-element elementor-element-ec552b0 elementor-widget elementor-widget-heading\" data-id=\"ec552b0\" data-element_type=\"widget\" data-widget_type=\"heading.default\">\n\t\t\t\t<div class=\"elementor-widget-container\">\n\t\t\t\t\t<h2 class=\"elementor-heading-title elementor-size-default\">Nature Cantons-de-l\u2019Est <\/h2>\t\t\t\t<\/div>\n\t\t\t\t<\/div>\n\t\t\t\t<div class=\"elementor-element elementor-element-3cafc48 elementor-widget elementor-widget-text-editor\" data-id=\"3cafc48\" data-element_type=\"widget\" data-widget_type=\"text-editor.default\">\n\t\t\t\t<div class=\"elementor-widget-container\">\n\t\t\t\t\t\t\t\t\t<p>est un organisme actif dans la conservation des milieux naturels et dans l\u2019\u00e9ducation et la sensibilisation aux milieux naturels, et qui appuie la formation et la recherche au niveau postsecondaire. En activit\u00e9 depuis 1989, Nature Cantons-de-l\u2019Est collabore avec des propri\u00e9taires priv\u00e9s, des municipalit\u00e9s et des institutions d\u2019enseignement postsecondaire pour atteindre ses objectifs. <br \/><strong><a href=\"https:\/\/naturecantonsdelest.ca\/nce\/organisation\/\">\u00bb En savoir plus<\/a> <\/strong><\/p>\t\t\t\t\t\t\t\t<\/div>\n\t\t\t\t<\/div>\n\t\t\t\t\t<\/div>\n\t\t<\/div>\n\t\t\t\t<div class=\"elementor-column elementor-col-50 elementor-top-column elementor-element elementor-element-b37a236\" data-id=\"b37a236\" data-element_type=\"column\">\n\t\t\t<div class=\"elementor-widget-wrap elementor-element-populated\">\n\t\t\t\t\t\t<div class=\"elementor-element elementor-element-444cb51 elementor-widget elementor-widget-video\" data-id=\"444cb51\" data-element_type=\"widget\" data-settings=\"{&quot;youtube_url&quot;:&quot;https:\\\/\\\/www.youtube.com\\\/watch?v=i0fZdhOd5AA&quot;,&quot;loop&quot;:&quot;yes&quot;,&quot;video_type&quot;:&quot;youtube&quot;,&quot;controls&quot;:&quot;yes&quot;}\" data-widget_type=\"video.default\">\n\t\t\t\t<div class=\"elementor-widget-container\">\n\t\t\t\t\t\t\t<div class=\"elementor-wrapper elementor-open-inline\">\n\t\t\t<div class=\"elementor-video\"><\/div>\t\t<\/div>\n\t\t\t\t\t\t<\/div>\n\t\t\t\t<\/div>\n\t\t\t\t\t<\/div>\n\t\t<\/div>\n\t\t\t\t\t<\/div>\n\t\t<\/section>\n\t\t\t\t<section class=\"elementor-section elementor-top-section elementor-element elementor-element-6aa5dbf elementor-section-height-min-height elementor-section-content-middle click-child pointer elementor-section-boxed elementor-section-height-default elementor-section-items-middle\" data-id=\"6aa5dbf\" data-element_type=\"section\" data-settings=\"{&quot;background_background&quot;:&quot;slideshow&quot;,&quot;background_slideshow_gallery&quot;:[{&quot;id&quot;:167,&quot;url&quot;:&quot;https:\\\/\\\/naturecantonsdelest.ca\\\/nce\\\/wp-content\\\/uploads\\\/2022\\\/06\\\/bg-projet-mont-megantic.jpg&quot;},{&quot;id&quot;:168,&quot;url&quot;:&quot;https:\\\/\\\/naturecantonsdelest.ca\\\/nce\\\/wp-content\\\/uploads\\\/2022\\\/06\\\/bg-projet-sherbrooke.jpg&quot;},{&quot;id&quot;:173,&quot;url&quot;:&quot;https:\\\/\\\/naturecantonsdelest.ca\\\/nce\\\/wp-content\\\/uploads\\\/2022\\\/06\\\/bg-projet-johnville.jpg&quot;}],&quot;background_slideshow_loop&quot;:&quot;yes&quot;,&quot;background_slideshow_slide_duration&quot;:5000,&quot;background_slideshow_slide_transition&quot;:&quot;fade&quot;,&quot;background_slideshow_transition_duration&quot;:500}\">\n\t\t\t\t\t\t\t<div class=\"elementor-background-overlay\"><\/div>\n\t\t\t\t\t\t\t<div class=\"elementor-container elementor-column-gap-no\">\n\t\t\t\t\t<div class=\"elementor-column elementor-col-100 elementor-top-column elementor-element elementor-element-dba72c4\" data-id=\"dba72c4\" data-element_type=\"column\">\n\t\t\t<div class=\"elementor-widget-wrap elementor-element-populated\">\n\t\t\t\t\t\t<div class=\"elementor-element elementor-element-8688291 elementor-widget elementor-widget-text-editor\" data-id=\"8688291\" data-element_type=\"widget\" data-widget_type=\"text-editor.default\">\n\t\t\t\t<div class=\"elementor-widget-container\">\n\t\t\t\t\t\t\t\t\t<p>D\u00c9COUVREZ NOS DIFF\u00c9RENTS<\/p>\t\t\t\t\t\t\t\t<\/div>\n\t\t\t\t<\/div>\n\t\t\t\t<div class=\"elementor-element elementor-element-eb5ad0a elementor-widget elementor-widget-heading\" data-id=\"eb5ad0a\" data-element_type=\"widget\" data-widget_type=\"heading.default\">\n\t\t\t\t<div class=\"elementor-widget-container\">\n\t\t\t\t\t<h2 class=\"elementor-heading-title elementor-size-default\"><a href=\"https:\/\/naturecantonsdelest.ca\/nce\/conservation-milieux-naturels\/\">PROJETS DE CONSERVATION<\/a><\/h2>\t\t\t\t<\/div>\n\t\t\t\t<\/div>\n\t\t\t\t\t<\/div>\n\t\t<\/div>\n\t\t\t\t\t<\/div>\n\t\t<\/section>\n\t\t\t\t<section class=\"elementor-section elementor-top-section elementor-element elementor-element-5a02e75 elementor-section-height-min-height elementor-section-boxed elementor-section-height-default elementor-section-items-middle\" data-id=\"5a02e75\" data-element_type=\"section\" data-settings=\"{&quot;background_background&quot;:&quot;classic&quot;}\">\n\t\t\t\t\t\t<div class=\"elementor-container elementor-column-gap-no\">\n\t\t\t\t\t<div class=\"elementor-column elementor-col-100 elementor-top-column elementor-element elementor-element-f693d4a\" data-id=\"f693d4a\" data-element_type=\"column\">\n\t\t\t<div class=\"elementor-widget-wrap elementor-element-populated\">\n\t\t\t\t\t\t<div class=\"elementor-element elementor-element-f111233 elementor-widget elementor-widget-spacer\" data-id=\"f111233\" data-element_type=\"widget\" data-widget_type=\"spacer.default\">\n\t\t\t\t<div class=\"elementor-widget-container\">\n\t\t\t\t\t\t\t<div class=\"elementor-spacer\">\n\t\t\t<div class=\"elementor-spacer-inner\"><\/div>\n\t\t<\/div>\n\t\t\t\t\t\t<\/div>\n\t\t\t\t<\/div>\n\t\t\t\t\t<\/div>\n\t\t<\/div>\n\t\t\t\t\t<\/div>\n\t\t<\/section>\n\t\t\t\t<section class=\"elementor-section elementor-top-section elementor-element elementor-element-dd873ae elementor-section-boxed elementor-section-height-default elementor-section-height-default\" data-id=\"dd873ae\" data-element_type=\"section\" data-settings=\"{&quot;background_background&quot;:&quot;classic&quot;}\">\n\t\t\t\t\t\t<div class=\"elementor-container elementor-column-gap-default\">\n\t\t\t\t\t<div class=\"elementor-column elementor-col-100 elementor-top-column elementor-element elementor-element-2978894\" data-id=\"2978894\" data-element_type=\"column\" data-settings=\"{&quot;background_background&quot;:&quot;classic&quot;}\">\n\t\t\t<div class=\"elementor-widget-wrap elementor-element-populated\">\n\t\t\t\t\t\t<div class=\"elementor-element elementor-element-a59ea39 elementor-widget__width-inherit elementor-widget elementor-widget-heading\" data-id=\"a59ea39\" data-element_type=\"widget\" data-widget_type=\"heading.default\">\n\t\t\t\t<div class=\"elementor-widget-container\">\n\t\t\t\t\t<h2 class=\"elementor-heading-title elementor-size-default\"><b>ACTUALIT\u00c9<\/b><br><span style=\"font-size: 80%\">SUIVEZ-NOUS SUR NOTRE <b>PAGE FACEBOOK<b><\/span>\n<\/b><\/b><\/h2>\t\t\t\t<\/div>\n\t\t\t\t<\/div>\n\t\t\t\t<div class=\"elementor-element elementor-element-988c1dc elementor-widget__width-inherit elementor-widget elementor-widget-cff-widget\" data-id=\"988c1dc\" data-element_type=\"widget\" data-widget_type=\"cff-widget.default\">\n\t\t\t\t<div class=\"elementor-widget-container\">\n\t\t\t\t\t<div class=\"cff-wrapper\">\t<div id=\"cff-visual-header-419624361426852\" class=\"cff-visual-header\">\n\t\t\t\t\t\t<div class=\"cff-header-inner-wrap\">\n\t\t\t\t\t\t<div class=\"cff-header-text\" >\n\n\t\t\t\t\t\t\t\t\t\t\t\t<\/div>\n\t\t<\/div>\n\t<\/div>\n<div class=\"cff-wrapper-ctn  cff-wrapper-fixed-height\"  style=\"height:450px;\" ><div id=\"cff\"  class=\"cff cff-list-container cff-masonry masonry-2-tablet cff-masonry-js cff-fixed-height  cff-default-styles  cff-mob-cols-1 cff-palette-2 \"   style=\"width:100%;\"   data-char=\"400\"  data-cff-flags=\"gdpr\" ><div class=\"cff-posts-wrap\"><div id=\"cff_419624361426852_1402283971939341\" class=\"cff-item cff-photo-post cff-box cff-shadow author-nature-cantons-de-l-est\"  style=\"border-radius:15px;background-color:#ECECEC;\" >\n\t<div class=\"cff-author\">\n\t<div class=\"cff-author-text\">\n\t\t\t\t\t<div class=\"cff-page-name cff-author-date\" >\n\t\t\t\t<a href=\"https:\/\/facebook.com\/419624361426852\" target=\"_blank\" rel=\"nofollow noopener\" >Nature Cantons-de-l'Est<\/a>\n\t\t\t\t<span class=\"cff-story\"> <\/span>\n\t\t\t<\/div>\n\t\t\t\n<p class=\"cff-date\" > 1 day ago <\/p>\n\t\t\t<\/div>\n\t<div class=\"cff-author-img  cff-no-consent\" data-avatar=\"https:\/\/scontent-ord5-2.xx.fbcdn.net\/v\/t39.30808-1\/260461949_4831969493525628_7486788510063965590_n.png?stp=cp0_dst-png_s50x50&#038;_nc_cat=102&#038;ccb=1-7&#038;_nc_sid=f907e8&#038;_nc_ohc=o1FzTiXHLkMQ7kNvwHNGy9Y&#038;_nc_oc=AdophuXEW5QtecM74V1EvInbH2bwVFCrUa7h3QpUnHh5HB1SS2XPf1rmgyES55_G3iwfM189KSMmBSIgZdfm_vKv&#038;_nc_zt=24&#038;_nc_ht=scontent-ord5-2.xx&#038;edm=AKIiGfEEAAAA&#038;_nc_gid=DdrXyu44HIQcmb752scFhg&#038;_nc_tpa=Q5bMBQHGU0b2bGlTT_K4gTY1o3tuLPoNixv38lRBidse-ZHOooe_oNAndmQNGPQHaXEM-W_ULMsS8gOGCQ&#038;oh=00_Af0djXXyRWgR6Vv2rgwNks51x50O1Lw5_QVu_3d5gRnIqg&#038;oe=69F8131C\">\n\t\t<a href=\"https:\/\/facebook.com\/419624361426852\" target=\"_blank\" rel=\"nofollow noopener\" ><img decoding=\"async\" src=\"https:\/\/naturecantonsdelest.ca\/nce\/wp-content\/plugins\/custom-facebook-feed\/\/assets\/img\/placeholder.png\" title=\"Nature Cantons-de-l&#039;Est\" alt=\"Nature Cantons-de-l&#039;Est\" width=40 height=40 onerror=\"this.style.display='none'\"><\/a>\n\t<\/div>\n<\/div>\n\n<div class=\"cff-post-text\" >\n\t<span class=\"cff-text\" data-color=\"\">\n\t\t\ud83c\udf32 Distribution gratuite d\u2019arbres \ud83c\udf33<img class=\"cff-linebreak\" \/><img class=\"cff-linebreak\" \/>\u00c0 l\u2019occasion du Mois de l\u2019arbre et des for\u00eats, rendez-vous au Parc \u00e9coforestier de Johnville le vendredi 15 mai, de 11h \u00e0 14h, pour recevoir gratuitement de jeunes arbres! Notre \u00e9quipe vous accueillera aux tables \u00e0 pique-nique \u00e0 l\u2019entr\u00e9e du parc avec une belle s\u00e9lection d\u2019essences indig\u00e8nes, tant feuillues que conif\u00e8res.<img class=\"cff-linebreak\" \/><img class=\"cff-linebreak\" \/>\ud83d\udc40 D\u00e9tails importants :<img class=\"cff-linebreak\" \/>\u2022 Jeunes arbres d\u2019environ 30 \u00e0 50 cm<img class=\"cff-linebreak\" \/>\u2022 Maximum de 3 arbres par personne<img class=\"cff-linebreak\" \/><img class=\"cff-linebreak\" \/>Les arbres sont gracieusement offerts par le minist\u00e8re des Ressources naturelles et des For\u00eats.  <img class=\"cff-linebreak\" \/><img class=\"cff-linebreak\" \/>Au plaisir de vous y voir! \u2600\ufe0f\t\t\t<\/span>\n\t<span class=\"cff-expand\">... <a href=\"#\" style=\"color: #\"><span class=\"cff-more\">Voir plus<\/span><span class=\"cff-less\">Voir moins<\/span><\/a><\/span>\n\n<\/div>\n\n<p class=\"cff-media-link\">\n\t<a href=\"https:\/\/www.facebook.com\/photo.php?fbid=1402283965272675&#038;set=a.458054843028930&#038;type=3\" target=\"_blank\" style=\"color: #\">\n\t\t<span style=\"padding-right: 5px;\" class=\"fa fas fa-picture-o fa-image\"><\/span>Photo\t<\/a>\n<\/p>\n\t\t<div class=\"cff-post-links\">\n\t\t\t\t\t<a class=\"cff-viewpost-facebook\" href=\"https:\/\/www.facebook.com\/photo.php?fbid=1402283965272675&#038;set=a.458054843028930&#038;type=3\" title=\"View on Facebook\" target=\"_blank\" rel=\"nofollow noopener\" >View on Facebook<\/a>\n\t\t\t\t\t\t\t<div class=\"cff-share-container\">\n\t\t\t\t\t\t\t\t\t<span class=\"cff-dot\" >&middot;<\/span>\n\t\t\t\t\t\t\t\t<a class=\"cff-share-link\" href=\"https:\/\/www.facebook.com\/sharer\/sharer.php?u=https%3A%2F%2Fwww.facebook.com%2Fphoto.php%3Ffbid%3D1402283965272675%26amp%3Bset%3Da.458054843028930%26amp%3Btype%3D3\" title=\"Share\" >Share<\/a>\n\t\t\t\t<p class=\"cff-share-tooltip\">\n\t\t\t\t\t\t\t\t\t\t\t<a href=\"https:\/\/www.facebook.com\/sharer\/sharer.php?u=https%3A%2F%2Fwww.facebook.com%2Fphoto.php%3Ffbid%3D1402283965272675%26amp%3Bset%3Da.458054843028930%26amp%3Btype%3D3\" target=\"_blank\" rel=\"noopener noreferrer\" class=\"cff-facebook-icon\">\n\t\t\t\t\t\t\t<span class=\"fa fab fa-facebook-square\" aria-hidden=\"true\"><\/span>\n\t\t\t\t\t\t\t<span class=\"cff-screenreader\">Partager sur Facebook<\/span>\n\t\t\t\t\t\t<\/a>\n\t\t\t\t\t\t\t\t\t\t\t<a href=\"https:\/\/twitter.com\/intent\/tweet?text=https%3A%2F%2Fwww.facebook.com%2Fphoto.php%3Ffbid%3D1402283965272675%26amp%3Bset%3Da.458054843028930%26amp%3Btype%3D3\" target=\"_blank\" rel=\"noopener noreferrer\" class=\"cff-twitter-icon\">\n\t\t\t\t\t\t\t<span class=\"fa fab fa-twitter\" aria-hidden=\"true\"><\/span>\n\t\t\t\t\t\t\t<span class=\"cff-screenreader\">Partager sur Twitter<\/span>\n\t\t\t\t\t\t<\/a>\n\t\t\t\t\t\t\t\t\t\t\t<a href=\"https:\/\/www.linkedin.com\/shareArticle?mini=true&#038;url=https%3A%2F%2Fwww.facebook.com%2Fphoto.php%3Ffbid%3D1402283965272675%26amp%3Bset%3Da.458054843028930%26amp%3Btype%3D3&#038;title=%09%09%09%F0%9F%8C%B2%20Distribution%20gratuite%20d%E2%80%99arbres%20%F0%9F%8C%B3%C3%80%20l%E2%80%99occasion%20du%20Mois%20de%20l%E2%80%99arbre%20et%20des%20for%C3%AAts%2C%20rendez-vous%20au%20Parc%20%C3%A9coforestier%20de%20Johnville%20le%20vendredi%2015%20mai%2C%20de%2011h%20%C3%A0%2014h%2C%20pour%20recevoir%20gratuitement%20de%20jeunes%20arbres%21%20Notre%20%C3%A9quipe%20vous%20accueillera%20aux%20tables%20%C3%A0%20pique-nique%20%C3%A0%20l%E2%80%99entr%C3%A9e%20du%20parc%20avec%20une%20belle%20s%C3%A9lection%20d%E2%80%99essences%20indig%C3%A8nes%2C%20tant%20feuillues%20que%20conif%C3%A8res.%F0%9F%91%80%20D%C3%A9tails%20importants%20%3A%E2%80%A2%20Jeunes%20arbres%20d%E2%80%99environ%2030%20%C3%A0%2050%20cm%E2%80%A2%20Maximum%20de%203%20arbres%20par%20personneLes%20arbres%20sont%20gracieusement%20offerts%20par%20le%20minist%C3%A8re%20des%20Ressources%20naturelles%20et%20des%20For%C3%AAts.%20%20Au%20plaisir%20de%20vous%20y%20voir%21%20%E2%98%80%EF%B8%8F%09%09%09%09\" target=\"_blank\" rel=\"noopener noreferrer\" class=\"cff-linkedin-icon\">\n\t\t\t\t\t\t\t<span class=\"fa fab fa-linkedin\" aria-hidden=\"true\"><\/span>\n\t\t\t\t\t\t\t<span class=\"cff-screenreader\">Partager sur LinkedIn<\/span>\n\t\t\t\t\t\t<\/a>\n\t\t\t\t\t\t\t\t\t\t\t<a href=\"mailto:?subject=Facebook&#038;body=https%3A%2F%2Fwww.facebook.com%2Fphoto.php%3Ffbid%3D1402283965272675%26amp%3Bset%3Da.458054843028930%26amp%3Btype%3D3%20-%20%0A%0A%09%0A%09%09%F0%9F%8C%B2%20Distribution%20gratuite%20d%E2%80%99arbres%20%F0%9F%8C%B3%C3%80%20l%E2%80%99occasion%20du%20Mois%20de%20l%E2%80%99arbre%20et%20des%20for%C3%AAts%2C%20rendez-vous%20au%20Parc%20%C3%A9coforestier%20de%20Johnville%20le%20vendredi%2015%20mai%2C%20de%2011h%20%C3%A0%2014h%2C%20pour%20recevoir%20gratuitement%20de%20jeunes%20arbres%21%20Notre%20%C3%A9quipe%20vous%20accueillera%20aux%20tables%20%C3%A0%20pique-nique%20%C3%A0%20l%E2%80%99entr%C3%A9e%20du%20parc%20avec%20une%20belle%20s%C3%A9lection%20d%E2%80%99essences%20indig%C3%A8nes%2C%20tant%20feuillues%20que%20conif%C3%A8res.%F0%9F%91%80%20D%C3%A9tails%20importants%20%3A%E2%80%A2%20Jeunes%20arbres%20d%E2%80%99environ%2030%20%C3%A0%2050%20cm%E2%80%A2%20Maximum%20de%203%20arbres%20par%20personneLes%20arbres%20sont%20gracieusement%20offerts%20par%20le%20minist%C3%A8re%20des%20Ressources%20naturelles%20et%20des%20For%C3%AAts.%20%20Au%20plaisir%20de%20vous%20y%20voir%21%20%E2%98%80%EF%B8%8F%09%09%09%0A%09\" target=\"_blank\" rel=\"noopener noreferrer\" class=\"cff-email-icon\">\n\t\t\t\t\t\t\t<span class=\"fa fab fa-envelope\" aria-hidden=\"true\"><\/span>\n\t\t\t\t\t\t\t<span class=\"cff-screenreader\">Partager par email<\/span>\n\t\t\t\t\t\t<\/a>\n\t\t\t\t\t\t\t\t\t<\/p>\n\t\t\t<\/div>\n\t\t\t<\/div>\n\t<\/div>\n\n\n\n<div id=\"cff_419624361426852_1401348078699597\" class=\"cff-item cff-status-post cff-box cff-shadow author-nature-cantons-de-l-est\"  style=\"border-radius:15px;background-color:#ECECEC;\" >\n\t<div class=\"cff-author\">\n\t<div class=\"cff-author-text\">\n\t\t\t\t\t<div class=\"cff-page-name cff-author-date\" >\n\t\t\t\t<a href=\"https:\/\/facebook.com\/419624361426852\" target=\"_blank\" rel=\"nofollow noopener\" >Nature Cantons-de-l'Est<\/a>\n\t\t\t\t<span class=\"cff-story\"> <\/span>\n\t\t\t<\/div>\n\t\t\t\n<p class=\"cff-date\" > 2 days ago <\/p>\n\t\t\t<\/div>\n\t<div class=\"cff-author-img  cff-no-consent\" data-avatar=\"https:\/\/scontent-ord5-2.xx.fbcdn.net\/v\/t39.30808-1\/260461949_4831969493525628_7486788510063965590_n.png?stp=cp0_dst-png_s50x50&#038;_nc_cat=102&#038;ccb=1-7&#038;_nc_sid=f907e8&#038;_nc_ohc=o1FzTiXHLkMQ7kNvwHNGy9Y&#038;_nc_oc=AdophuXEW5QtecM74V1EvInbH2bwVFCrUa7h3QpUnHh5HB1SS2XPf1rmgyES55_G3iwfM189KSMmBSIgZdfm_vKv&#038;_nc_zt=24&#038;_nc_ht=scontent-ord5-2.xx&#038;edm=AKIiGfEEAAAA&#038;_nc_gid=DdrXyu44HIQcmb752scFhg&#038;_nc_tpa=Q5bMBQHGU0b2bGlTT_K4gTY1o3tuLPoNixv38lRBidse-ZHOooe_oNAndmQNGPQHaXEM-W_ULMsS8gOGCQ&#038;oh=00_Af0djXXyRWgR6Vv2rgwNks51x50O1Lw5_QVu_3d5gRnIqg&#038;oe=69F8131C\">\n\t\t<a href=\"https:\/\/facebook.com\/419624361426852\" target=\"_blank\" rel=\"nofollow noopener\" ><img decoding=\"async\" src=\"https:\/\/naturecantonsdelest.ca\/nce\/wp-content\/plugins\/custom-facebook-feed\/\/assets\/img\/placeholder.png\" title=\"Nature Cantons-de-l&#039;Est\" alt=\"Nature Cantons-de-l&#039;Est\" width=40 height=40 onerror=\"this.style.display='none'\"><\/a>\n\t<\/div>\n<\/div>\n\n<div class=\"cff-post-text\" >\n\t<span class=\"cff-text\" data-color=\"\">\n\t\tF\u00e9licitations \u00e0 la Ville de Sherbrooke pour cette belle acquisition au Bois Beckett! <img class=\"cff-linebreak\" \/>Prot\u00e9ger des terrains \u00e0 haute valeur \u00e9cologique repr\u00e9sente un geste concret pour la biodiversit\u00e9, la qualit\u00e9 de vie des citoyens et l\u2019avenir de notre patrimoine naturel collectif.\t\t\t<\/span>\n\t<span class=\"cff-expand\">... <a href=\"#\" style=\"color: #\"><span class=\"cff-more\">Voir plus<\/span><span class=\"cff-less\">Voir moins<\/span><\/a><\/span>\n\n<\/div>\n\n\t<div class=\"cff-post-links\">\n\t\t\t\t\t<a class=\"cff-viewpost-facebook\" href=\"https:\/\/www.facebook.com\/414460273381460\/posts\/1515432023284274\" title=\"View on Facebook\" target=\"_blank\" rel=\"nofollow noopener\" >View on Facebook<\/a>\n\t\t\t\t\t\t\t<div class=\"cff-share-container\">\n\t\t\t\t\t\t\t\t\t<span class=\"cff-dot\" >&middot;<\/span>\n\t\t\t\t\t\t\t\t<a class=\"cff-share-link\" href=\"https:\/\/www.facebook.com\/sharer\/sharer.php?u=https%3A%2F%2Fwww.facebook.com%2F414460273381460%2Fposts%2F1515432023284274\" title=\"Share\" >Share<\/a>\n\t\t\t\t<p class=\"cff-share-tooltip\">\n\t\t\t\t\t\t\t\t\t\t\t<a href=\"https:\/\/www.facebook.com\/sharer\/sharer.php?u=https%3A%2F%2Fwww.facebook.com%2F414460273381460%2Fposts%2F1515432023284274\" target=\"_blank\" rel=\"noopener noreferrer\" class=\"cff-facebook-icon\">\n\t\t\t\t\t\t\t<span class=\"fa fab fa-facebook-square\" aria-hidden=\"true\"><\/span>\n\t\t\t\t\t\t\t<span class=\"cff-screenreader\">Partager sur Facebook<\/span>\n\t\t\t\t\t\t<\/a>\n\t\t\t\t\t\t\t\t\t\t\t<a href=\"https:\/\/twitter.com\/intent\/tweet?text=https%3A%2F%2Fwww.facebook.com%2F414460273381460%2Fposts%2F1515432023284274\" target=\"_blank\" rel=\"noopener noreferrer\" class=\"cff-twitter-icon\">\n\t\t\t\t\t\t\t<span class=\"fa fab fa-twitter\" aria-hidden=\"true\"><\/span>\n\t\t\t\t\t\t\t<span class=\"cff-screenreader\">Partager sur Twitter<\/span>\n\t\t\t\t\t\t<\/a>\n\t\t\t\t\t\t\t\t\t\t\t<a href=\"https:\/\/www.linkedin.com\/shareArticle?mini=true&#038;url=https%3A%2F%2Fwww.facebook.com%2F414460273381460%2Fposts%2F1515432023284274&#038;title=%09%09%09F%C3%A9licitations%20%C3%A0%20la%20Ville%20de%20Sherbrooke%20pour%20cette%20belle%20acquisition%20au%20Bois%20Beckett%21%20Prot%C3%A9ger%20des%20terrains%20%C3%A0%20haute%20valeur%20%C3%A9cologique%20repr%C3%A9sente%20un%20geste%20concret%20pour%20la%20biodiversit%C3%A9%2C%20la%20qualit%C3%A9%20de%20vie%20des%20citoyens%20et%20l%E2%80%99avenir%20de%20notre%20patrimoine%20naturel%20collectif.%09%09%09%09\" target=\"_blank\" rel=\"noopener noreferrer\" class=\"cff-linkedin-icon\">\n\t\t\t\t\t\t\t<span class=\"fa fab fa-linkedin\" aria-hidden=\"true\"><\/span>\n\t\t\t\t\t\t\t<span class=\"cff-screenreader\">Partager sur LinkedIn<\/span>\n\t\t\t\t\t\t<\/a>\n\t\t\t\t\t\t\t\t\t\t\t<a href=\"mailto:?subject=Facebook&#038;body=https%3A%2F%2Fwww.facebook.com%2F414460273381460%2Fposts%2F1515432023284274%20-%20%0A%0A%09%0A%09%09F%C3%A9licitations%20%C3%A0%20la%20Ville%20de%20Sherbrooke%20pour%20cette%20belle%20acquisition%20au%20Bois%20Beckett%21%20Prot%C3%A9ger%20des%20terrains%20%C3%A0%20haute%20valeur%20%C3%A9cologique%20repr%C3%A9sente%20un%20geste%20concret%20pour%20la%20biodiversit%C3%A9%2C%20la%20qualit%C3%A9%20de%20vie%20des%20citoyens%20et%20l%E2%80%99avenir%20de%20notre%20patrimoine%20naturel%20collectif.%09%09%09%0A%09\" target=\"_blank\" rel=\"noopener noreferrer\" class=\"cff-email-icon\">\n\t\t\t\t\t\t\t<span class=\"fa fab fa-envelope\" aria-hidden=\"true\"><\/span>\n\t\t\t\t\t\t\t<span class=\"cff-screenreader\">Partager par email<\/span>\n\t\t\t\t\t\t<\/a>\n\t\t\t\t\t\t\t\t\t<\/p>\n\t\t\t<\/div>\n\t\t\t<\/div>\n\t<\/div>\n\n\n\n<div id=\"cff_419624361426852_1397700799064325\" class=\"cff-item cff-status-post cff-box cff-shadow author-nature-cantons-de-l-est\"  style=\"border-radius:15px;background-color:#ECECEC;\" >\n\t<div class=\"cff-author\">\n\t<div class=\"cff-author-text\">\n\t\t\t\t\t<div class=\"cff-page-name cff-author-date\" >\n\t\t\t\t<a href=\"https:\/\/facebook.com\/419624361426852\" target=\"_blank\" rel=\"nofollow noopener\" >Nature Cantons-de-l'Est<\/a>\n\t\t\t\t<span class=\"cff-story\"> <\/span>\n\t\t\t<\/div>\n\t\t\t\n<p class=\"cff-date\" > 6 days ago <\/p>\n\t\t\t<\/div>\n\t<div class=\"cff-author-img  cff-no-consent\" data-avatar=\"https:\/\/scontent-ord5-2.xx.fbcdn.net\/v\/t39.30808-1\/260461949_4831969493525628_7486788510063965590_n.png?stp=cp0_dst-png_s50x50&#038;_nc_cat=102&#038;ccb=1-7&#038;_nc_sid=f907e8&#038;_nc_ohc=o1FzTiXHLkMQ7kNvwHNGy9Y&#038;_nc_oc=AdophuXEW5QtecM74V1EvInbH2bwVFCrUa7h3QpUnHh5HB1SS2XPf1rmgyES55_G3iwfM189KSMmBSIgZdfm_vKv&#038;_nc_zt=24&#038;_nc_ht=scontent-ord5-2.xx&#038;edm=AKIiGfEEAAAA&#038;_nc_gid=DdrXyu44HIQcmb752scFhg&#038;_nc_tpa=Q5bMBQHGU0b2bGlTT_K4gTY1o3tuLPoNixv38lRBidse-ZHOooe_oNAndmQNGPQHaXEM-W_ULMsS8gOGCQ&#038;oh=00_Af0djXXyRWgR6Vv2rgwNks51x50O1Lw5_QVu_3d5gRnIqg&#038;oe=69F8131C\">\n\t\t<a href=\"https:\/\/facebook.com\/419624361426852\" target=\"_blank\" rel=\"nofollow noopener\" ><img decoding=\"async\" src=\"https:\/\/naturecantonsdelest.ca\/nce\/wp-content\/plugins\/custom-facebook-feed\/\/assets\/img\/placeholder.png\" title=\"Nature Cantons-de-l&#039;Est\" alt=\"Nature Cantons-de-l&#039;Est\" width=40 height=40 onerror=\"this.style.display='none'\"><\/a>\n\t<\/div>\n<\/div>\n\n<div class=\"cff-post-text\" >\n\t<span class=\"cff-text\" data-color=\"\">\n\t\tNotre terrain de jeu est immense \ud83d\ude42\t\t\t<\/span>\n\t<span class=\"cff-expand\">... <a href=\"#\" style=\"color: #\"><span class=\"cff-more\">Voir plus<\/span><span class=\"cff-less\">Voir moins<\/span><\/a><\/span>\n\n<\/div>\n\n\t<div class=\"cff-post-links\">\n\t\t\t\t\t<a class=\"cff-viewpost-facebook\" href=\"https:\/\/www.facebook.com\/1370014928488721\/posts\/1364912312332316\" title=\"View on Facebook\" target=\"_blank\" rel=\"nofollow noopener\" >View on Facebook<\/a>\n\t\t\t\t\t\t\t<div class=\"cff-share-container\">\n\t\t\t\t\t\t\t\t\t<span class=\"cff-dot\" >&middot;<\/span>\n\t\t\t\t\t\t\t\t<a class=\"cff-share-link\" href=\"https:\/\/www.facebook.com\/sharer\/sharer.php?u=https%3A%2F%2Fwww.facebook.com%2F1370014928488721%2Fposts%2F1364912312332316\" title=\"Share\" >Share<\/a>\n\t\t\t\t<p class=\"cff-share-tooltip\">\n\t\t\t\t\t\t\t\t\t\t\t<a href=\"https:\/\/www.facebook.com\/sharer\/sharer.php?u=https%3A%2F%2Fwww.facebook.com%2F1370014928488721%2Fposts%2F1364912312332316\" target=\"_blank\" rel=\"noopener noreferrer\" class=\"cff-facebook-icon\">\n\t\t\t\t\t\t\t<span class=\"fa fab fa-facebook-square\" aria-hidden=\"true\"><\/span>\n\t\t\t\t\t\t\t<span class=\"cff-screenreader\">Partager sur Facebook<\/span>\n\t\t\t\t\t\t<\/a>\n\t\t\t\t\t\t\t\t\t\t\t<a href=\"https:\/\/twitter.com\/intent\/tweet?text=https%3A%2F%2Fwww.facebook.com%2F1370014928488721%2Fposts%2F1364912312332316\" target=\"_blank\" rel=\"noopener noreferrer\" class=\"cff-twitter-icon\">\n\t\t\t\t\t\t\t<span class=\"fa fab fa-twitter\" aria-hidden=\"true\"><\/span>\n\t\t\t\t\t\t\t<span class=\"cff-screenreader\">Partager sur Twitter<\/span>\n\t\t\t\t\t\t<\/a>\n\t\t\t\t\t\t\t\t\t\t\t<a href=\"https:\/\/www.linkedin.com\/shareArticle?mini=true&#038;url=https%3A%2F%2Fwww.facebook.com%2F1370014928488721%2Fposts%2F1364912312332316&#038;title=%09%09%09Notre%20terrain%20de%20jeu%20est%20immense%20%3A-%29%09%09%09%09\" target=\"_blank\" rel=\"noopener noreferrer\" class=\"cff-linkedin-icon\">\n\t\t\t\t\t\t\t<span class=\"fa fab fa-linkedin\" aria-hidden=\"true\"><\/span>\n\t\t\t\t\t\t\t<span class=\"cff-screenreader\">Partager sur LinkedIn<\/span>\n\t\t\t\t\t\t<\/a>\n\t\t\t\t\t\t\t\t\t\t\t<a href=\"mailto:?subject=Facebook&#038;body=https%3A%2F%2Fwww.facebook.com%2F1370014928488721%2Fposts%2F1364912312332316%20-%20%0A%0A%09%0A%09%09Notre%20terrain%20de%20jeu%20est%20immense%20%3A-%29%09%09%09%0A%09\" target=\"_blank\" rel=\"noopener noreferrer\" class=\"cff-email-icon\">\n\t\t\t\t\t\t\t<span class=\"fa fab fa-envelope\" aria-hidden=\"true\"><\/span>\n\t\t\t\t\t\t\t<span class=\"cff-screenreader\">Partager par email<\/span>\n\t\t\t\t\t\t<\/a>\n\t\t\t\t\t\t\t\t\t<\/p>\n\t\t\t<\/div>\n\t\t\t<\/div>\n\t<\/div>\n\n\n\n<div id=\"cff_419624361426852_1392956262872112\" class=\"cff-item cff-photo-post cff-box cff-shadow author-nature-cantons-de-l-est\"  style=\"border-radius:15px;background-color:#ECECEC;\" >\n\t<div class=\"cff-author\">\n\t<div class=\"cff-author-text\">\n\t\t\t\t\t<div class=\"cff-page-name cff-author-date\" >\n\t\t\t\t<a href=\"https:\/\/facebook.com\/419624361426852\" target=\"_blank\" rel=\"nofollow noopener\" >Nature Cantons-de-l'Est<\/a>\n\t\t\t\t<span class=\"cff-story\">  is with Nature-Action Qu\u00e9bec and R\u00e9seau de milieux naturels prot\u00e9g\u00e9s.<\/span>\n\t\t\t<\/div>\n\t\t\t\n<p class=\"cff-date\" > 2 weeks ago <\/p>\n\t\t\t<\/div>\n\t<div class=\"cff-author-img  cff-no-consent\" data-avatar=\"https:\/\/scontent-ord5-2.xx.fbcdn.net\/v\/t39.30808-1\/260461949_4831969493525628_7486788510063965590_n.png?stp=cp0_dst-png_s50x50&#038;_nc_cat=102&#038;ccb=1-7&#038;_nc_sid=f907e8&#038;_nc_ohc=o1FzTiXHLkMQ7kNvwHNGy9Y&#038;_nc_oc=AdophuXEW5QtecM74V1EvInbH2bwVFCrUa7h3QpUnHh5HB1SS2XPf1rmgyES55_G3iwfM189KSMmBSIgZdfm_vKv&#038;_nc_zt=24&#038;_nc_ht=scontent-ord5-2.xx&#038;edm=AKIiGfEEAAAA&#038;_nc_gid=DdrXyu44HIQcmb752scFhg&#038;_nc_tpa=Q5bMBQHGU0b2bGlTT_K4gTY1o3tuLPoNixv38lRBidse-ZHOooe_oNAndmQNGPQHaXEM-W_ULMsS8gOGCQ&#038;oh=00_Af0djXXyRWgR6Vv2rgwNks51x50O1Lw5_QVu_3d5gRnIqg&#038;oe=69F8131C\">\n\t\t<a href=\"https:\/\/facebook.com\/419624361426852\" target=\"_blank\" rel=\"nofollow noopener\" ><img decoding=\"async\" src=\"https:\/\/naturecantonsdelest.ca\/nce\/wp-content\/plugins\/custom-facebook-feed\/\/assets\/img\/placeholder.png\" title=\"Nature Cantons-de-l&#039;Est\" alt=\"Nature Cantons-de-l&#039;Est\" width=40 height=40 onerror=\"this.style.display='none'\"><\/a>\n\t<\/div>\n<\/div>\n\n<div class=\"cff-post-text\" >\n\t<span class=\"cff-text\" data-color=\"\">\n\t\t\ud83c\udf3f Acquisition dans le Bois\u00e9 Ascot-Lennox \ud83c\udf3f<img class=\"cff-linebreak\" \/><img class=\"cff-linebreak\" \/>Ce matin, nous avons r\u00e9alis\u00e9 une conf\u00e9rence de presse afin de c\u00e9l\u00e9brer une \u00e9tape importante : la premi\u00e8re acquisition de Nature Cantons-de-l\u2019Est dans le Bois\u00e9 Ascot-Lennox \u00e0 Sherbrooke, soit 80 lots totalisant 8,1 ha. \ud83c\udf89<img class=\"cff-linebreak\" \/><img class=\"cff-linebreak\" \/>Depuis 2022, l\u2019organisme travaille activement \u00e0 prot\u00e9ger ce territoire d\u2019une grande valeur \u00e9cologique en plein c\u0153ur urbain. Cette acquisition marque un tournant majeur pour la conservation de ce milieu riche en biodiversit\u00e9. <img class=\"cff-linebreak\" \/><img class=\"cff-linebreak\" \/>Au cours des prochains mois, des sentiers officiels seront am\u00e9nag\u00e9s afin de rendre le site accessible \u00e0 la population, dans le respect des \u00e9cosyst\u00e8mes et des meilleures pratiques durables. \ud83d\udeb6\u200d\u2642\ufe0f\ud83c\udf31<img class=\"cff-linebreak\" \/><img class=\"cff-linebreak\" \/>Ce projet a \u00e9t\u00e9 rendu possible gr\u00e2ce \u00e0 l\u2019engagement de propri\u00e9taires priv\u00e9s et \u00e0 l\u2019appui pr\u00e9cieux de plusieurs partenaires. \ud83e\udd1d Nous tenons \u00e0 remercier <a href=\"https:\/\/facebook.com\/108641695836334\">Nature-Action Qu\u00e9bec<\/a>, <a href=\"https:\/\/facebook.com\/370233926766473\">Environnement et Changement climatique<\/a>, <a href=\"https:\/\/facebook.com\/232894981968\">Nature Conservancy of Canada \/ Conservation de la nature Canada<\/a>, par l\u2019interm\u00e9diaire de son projet Acc\u00e9l\u00e9rer la conservation dans le sud du Qu\u00e9bec (ACSQ), la <a href=\"https:\/\/facebook.com\/252495435741\">Fondation de la faune du Qu\u00e9bec<\/a>, ainsi que la <a href=\"https:\/\/facebook.com\/210955295720552\">Ville de Sherbrooke<\/a> pour leur contribution dans l\u2019acquisition de cette propri\u00e9t\u00e9. Merci \u00e9galement au R\u00e9seau de milieux naturels prot\u00e9g\u00e9s pour son accompagnement. \ud83d\ude4f<img class=\"cff-linebreak\" \/><img class=\"cff-linebreak\" \/>Tous les d\u00e9tails dans notre communiqu\u00e9 officiel en fran\u00e7ais ici \ud83d\udc49 : <a href=\"https:\/\/bit.ly\/4tl2lXS\" rel='nofollow noopener noreferrer'>bit.ly\/4tl2lXS<\/a><img class=\"cff-linebreak\" \/>Et en anglais ici  \ud83d\udc49  : <a href=\"https:\/\/bit.ly\/4sLJPa3\" rel='nofollow noopener noreferrer'>bit.ly\/4sLJPa3<\/a>\t\t\t<\/span>\n\t<span class=\"cff-expand\">... <a href=\"#\" style=\"color: #\"><span class=\"cff-more\">Voir plus<\/span><span class=\"cff-less\">Voir moins<\/span><\/a><\/span>\n\n<\/div>\n\n<p class=\"cff-media-link\">\n\t<a href=\"https:\/\/www.facebook.com\/photo.php?fbid=1392952226205849&#038;set=a.458054843028930&#038;type=3\" target=\"_blank\" style=\"color: #\">\n\t\t<span style=\"padding-right: 5px;\" class=\"fa fas fa-picture-o fa-image\"><\/span>Photo\t<\/a>\n<\/p>\n\t\t<div class=\"cff-post-links\">\n\t\t\t\t\t<a class=\"cff-viewpost-facebook\" href=\"https:\/\/www.facebook.com\/photo.php?fbid=1392952226205849&#038;set=a.458054843028930&#038;type=3\" title=\"View on Facebook\" target=\"_blank\" rel=\"nofollow noopener\" >View on Facebook<\/a>\n\t\t\t\t\t\t\t<div class=\"cff-share-container\">\n\t\t\t\t\t\t\t\t\t<span class=\"cff-dot\" >&middot;<\/span>\n\t\t\t\t\t\t\t\t<a class=\"cff-share-link\" href=\"https:\/\/www.facebook.com\/sharer\/sharer.php?u=https%3A%2F%2Fwww.facebook.com%2Fphoto.php%3Ffbid%3D1392952226205849%26amp%3Bset%3Da.458054843028930%26amp%3Btype%3D3\" title=\"Share\" >Share<\/a>\n\t\t\t\t<p class=\"cff-share-tooltip\">\n\t\t\t\t\t\t\t\t\t\t\t<a href=\"https:\/\/www.facebook.com\/sharer\/sharer.php?u=https%3A%2F%2Fwww.facebook.com%2Fphoto.php%3Ffbid%3D1392952226205849%26amp%3Bset%3Da.458054843028930%26amp%3Btype%3D3\" target=\"_blank\" rel=\"noopener noreferrer\" class=\"cff-facebook-icon\">\n\t\t\t\t\t\t\t<span class=\"fa fab fa-facebook-square\" aria-hidden=\"true\"><\/span>\n\t\t\t\t\t\t\t<span class=\"cff-screenreader\">Partager sur Facebook<\/span>\n\t\t\t\t\t\t<\/a>\n\t\t\t\t\t\t\t\t\t\t\t<a href=\"https:\/\/twitter.com\/intent\/tweet?text=https%3A%2F%2Fwww.facebook.com%2Fphoto.php%3Ffbid%3D1392952226205849%26amp%3Bset%3Da.458054843028930%26amp%3Btype%3D3\" target=\"_blank\" rel=\"noopener noreferrer\" class=\"cff-twitter-icon\">\n\t\t\t\t\t\t\t<span class=\"fa fab fa-twitter\" aria-hidden=\"true\"><\/span>\n\t\t\t\t\t\t\t<span class=\"cff-screenreader\">Partager sur Twitter<\/span>\n\t\t\t\t\t\t<\/a>\n\t\t\t\t\t\t\t\t\t\t\t<a href=\"https:\/\/www.linkedin.com\/shareArticle?mini=true&#038;url=https%3A%2F%2Fwww.facebook.com%2Fphoto.php%3Ffbid%3D1392952226205849%26amp%3Bset%3Da.458054843028930%26amp%3Btype%3D3&#038;title=%09%09%09%F0%9F%8C%BF%20Acquisition%20dans%20le%20Bois%C3%A9%20Ascot-Lennox%20%F0%9F%8C%BFCe%20matin%2C%20nous%20avons%20r%C3%A9alis%C3%A9%20une%20conf%C3%A9rence%20de%20presse%20afin%20de%20c%C3%A9l%C3%A9brer%20une%20%C3%A9tape%20importante%20%3A%20la%20premi%C3%A8re%20acquisition%20de%20Nature%20Cantons-de-l%E2%80%99Est%20dans%20le%20Bois%C3%A9%20Ascot-Lennox%20%C3%A0%20Sherbrooke%2C%20soit%2080%20lots%20totalisant%208%2C1%20ha.%20%F0%9F%8E%89Depuis%202022%2C%20l%E2%80%99organisme%20travaille%20activement%20%C3%A0%20prot%C3%A9ger%20ce%20territoire%20d%E2%80%99une%20grande%20valeur%20%C3%A9cologique%20en%20plein%20c%C5%93ur%20urbain.%20Cette%20acquisition%20marque%20un%20tournant%20majeur%20pour%20la%20conservation%20de%20ce%20milieu%20riche%20en%20biodiversit%C3%A9.%20Au%20cours%20des%20prochains%20mois%2C%20des%20sentiers%20officiels%20seront%20am%C3%A9nag%C3%A9s%20afin%20de%20rendre%20le%20site%20accessible%20%C3%A0%20la%20population%2C%20dans%20le%20respect%20des%20%C3%A9cosyst%C3%A8mes%20et%20des%20meilleures%20pratiques%20durables.%20%F0%9F%9A%B6%E2%80%8D%E2%99%82%EF%B8%8F%F0%9F%8C%B1Ce%20projet%20a%20%C3%A9t%C3%A9%20rendu%20possible%20gr%C3%A2ce%20%C3%A0%20l%E2%80%99engagement%20de%20propri%C3%A9taires%20priv%C3%A9s%20et%20%C3%A0%20l%E2%80%99appui%20pr%C3%A9cieux%20de%20plusieurs%20partenaires.%20%F0%9F%A4%9D%20Nous%20tenons%20%C3%A0%20remercier%20Nature-Action%20Qu%C3%A9bec%2C%20Environnement%20et%20Changement%20climatique%2C%20Nature%20Conservancy%20of%20Canada%20%2F%20Conservation%20de%20la%20nature%20Canada%2C%20par%20l%E2%80%99interm%C3%A9diaire%20de%20son%20projet%20Acc%C3%A9l%C3%A9rer%20la%20conservation%20dans%20le%20sud%20du%20Qu%C3%A9bec%20%28ACSQ%29%2C%20la%20Fondation%20de%20la%20faune%20du%20Qu%C3%A9bec%2C%20ainsi%20que%20la%20Ville%20de%20Sherbrooke%20pour%20leur%20contribution%20dans%20l%E2%80%99acquisition%20de%20cette%20propri%C3%A9t%C3%A9.%20Merci%20%C3%A9galement%20au%20R%C3%A9seau%20de%20milieux%20naturels%20prot%C3%A9g%C3%A9s%20pour%20son%20accompagnement.%20%F0%9F%99%8FTous%20les%20d%C3%A9tails%20dans%20notre%20communiqu%C3%A9%20officiel%20en%20fran%C3%A7ais%20ici%20%F0%9F%91%89%20%3A%20bit.ly%2F4tl2lXSEt%20en%20anglais%20ici%20%20%F0%9F%91%89%20%20%3A%20bit.ly%2F4sLJPa3%09%09%09%09\" target=\"_blank\" rel=\"noopener noreferrer\" class=\"cff-linkedin-icon\">\n\t\t\t\t\t\t\t<span class=\"fa fab fa-linkedin\" aria-hidden=\"true\"><\/span>\n\t\t\t\t\t\t\t<span class=\"cff-screenreader\">Partager sur LinkedIn<\/span>\n\t\t\t\t\t\t<\/a>\n\t\t\t\t\t\t\t\t\t\t\t<a href=\"mailto:?subject=Facebook&#038;body=https%3A%2F%2Fwww.facebook.com%2Fphoto.php%3Ffbid%3D1392952226205849%26amp%3Bset%3Da.458054843028930%26amp%3Btype%3D3%20-%20%0A%0A%09%0A%09%09%F0%9F%8C%BF%20Acquisition%20dans%20le%20Bois%C3%A9%20Ascot-Lennox%20%F0%9F%8C%BFCe%20matin%2C%20nous%20avons%20r%C3%A9alis%C3%A9%20une%20conf%C3%A9rence%20de%20presse%20afin%20de%20c%C3%A9l%C3%A9brer%20une%20%C3%A9tape%20importante%20%3A%20la%20premi%C3%A8re%20acquisition%20de%20Nature%20Cantons-de-l%E2%80%99Est%20dans%20le%20Bois%C3%A9%20Ascot-Lennox%20%C3%A0%20Sherbrooke%2C%20soit%2080%20lots%20totalisant%208%2C1%20ha.%20%F0%9F%8E%89Depuis%202022%2C%20l%E2%80%99organisme%20travaille%20activement%20%C3%A0%20prot%C3%A9ger%20ce%20territoire%20d%E2%80%99une%20grande%20valeur%20%C3%A9cologique%20en%20plein%20c%C5%93ur%20urbain.%20Cette%20acquisition%20marque%20un%20tournant%20majeur%20pour%20la%20conservation%20de%20ce%20milieu%20riche%20en%20biodiversit%C3%A9.%20Au%20cours%20des%20prochains%20mois%2C%20des%20sentiers%20officiels%20seront%20am%C3%A9nag%C3%A9s%20afin%20de%20rendre%20le%20site%20accessible%20%C3%A0%20la%20population%2C%20dans%20le%20respect%20des%20%C3%A9cosyst%C3%A8mes%20et%20des%20meilleures%20pratiques%20durables.%20%F0%9F%9A%B6%E2%80%8D%E2%99%82%EF%B8%8F%F0%9F%8C%B1Ce%20projet%20a%20%C3%A9t%C3%A9%20rendu%20possible%20gr%C3%A2ce%20%C3%A0%20l%E2%80%99engagement%20de%20propri%C3%A9taires%20priv%C3%A9s%20et%20%C3%A0%20l%E2%80%99appui%20pr%C3%A9cieux%20de%20plusieurs%20partenaires.%20%F0%9F%A4%9D%20Nous%20tenons%20%C3%A0%20remercier%20Nature-Action%20Qu%C3%A9bec%2C%20Environnement%20et%20Changement%20climatique%2C%20Nature%20Conservancy%20of%20Canada%20%2F%20Conservation%20de%20la%20nature%20Canada%2C%20par%20l%E2%80%99interm%C3%A9diaire%20de%20son%20projet%20Acc%C3%A9l%C3%A9rer%20la%20conservation%20dans%20le%20sud%20du%20Qu%C3%A9bec%20%28ACSQ%29%2C%20la%20Fondation%20de%20la%20faune%20du%20Qu%C3%A9bec%2C%20ainsi%20que%20la%20Ville%20de%20Sherbrooke%20pour%20leur%20contribution%20dans%20l%E2%80%99acquisition%20de%20cette%20propri%C3%A9t%C3%A9.%20Merci%20%C3%A9galement%20au%20R%C3%A9seau%20de%20milieux%20naturels%20prot%C3%A9g%C3%A9s%20pour%20son%20accompagnement.%20%F0%9F%99%8FTous%20les%20d%C3%A9tails%20dans%20notre%20communiqu%C3%A9%20officiel%20en%20fran%C3%A7ais%20ici%20%F0%9F%91%89%20%3A%20bit.ly%2F4tl2lXSEt%20en%20anglais%20ici%20%20%F0%9F%91%89%20%20%3A%20bit.ly%2F4sLJPa3%09%09%09%0A%09\" target=\"_blank\" rel=\"noopener noreferrer\" class=\"cff-email-icon\">\n\t\t\t\t\t\t\t<span class=\"fa fab fa-envelope\" aria-hidden=\"true\"><\/span>\n\t\t\t\t\t\t\t<span class=\"cff-screenreader\">Partager par email<\/span>\n\t\t\t\t\t\t<\/a>\n\t\t\t\t\t\t\t\t\t<\/p>\n\t\t\t<\/div>\n\t\t\t<\/div>\n\t<\/div>\n\n\n\n<div id=\"cff_419624361426852_1387119930122412\" class=\"cff-item cff-photo-post cff-box cff-shadow author-nature-cantons-de-l-est\"  style=\"border-radius:15px;background-color:#ECECEC;\" >\n\t<div class=\"cff-author\">\n\t<div class=\"cff-author-text\">\n\t\t\t\t\t<div class=\"cff-page-name cff-author-date\" >\n\t\t\t\t<a href=\"https:\/\/facebook.com\/419624361426852\" target=\"_blank\" rel=\"nofollow noopener\" >Nature Cantons-de-l'Est<\/a>\n\t\t\t\t<span class=\"cff-story\"> <\/span>\n\t\t\t<\/div>\n\t\t\t\n<p class=\"cff-date\" > 3 weeks ago <\/p>\n\t\t\t<\/div>\n\t<div class=\"cff-author-img  cff-no-consent\" data-avatar=\"https:\/\/scontent-ord5-2.xx.fbcdn.net\/v\/t39.30808-1\/260461949_4831969493525628_7486788510063965590_n.png?stp=cp0_dst-png_s50x50&#038;_nc_cat=102&#038;ccb=1-7&#038;_nc_sid=f907e8&#038;_nc_ohc=o1FzTiXHLkMQ7kNvwHNGy9Y&#038;_nc_oc=AdophuXEW5QtecM74V1EvInbH2bwVFCrUa7h3QpUnHh5HB1SS2XPf1rmgyES55_G3iwfM189KSMmBSIgZdfm_vKv&#038;_nc_zt=24&#038;_nc_ht=scontent-ord5-2.xx&#038;edm=AKIiGfEEAAAA&#038;_nc_gid=DdrXyu44HIQcmb752scFhg&#038;_nc_tpa=Q5bMBQHGU0b2bGlTT_K4gTY1o3tuLPoNixv38lRBidse-ZHOooe_oNAndmQNGPQHaXEM-W_ULMsS8gOGCQ&#038;oh=00_Af0djXXyRWgR6Vv2rgwNks51x50O1Lw5_QVu_3d5gRnIqg&#038;oe=69F8131C\">\n\t\t<a href=\"https:\/\/facebook.com\/419624361426852\" target=\"_blank\" rel=\"nofollow noopener\" ><img decoding=\"async\" src=\"https:\/\/naturecantonsdelest.ca\/nce\/wp-content\/plugins\/custom-facebook-feed\/\/assets\/img\/placeholder.png\" title=\"Nature Cantons-de-l&#039;Est\" alt=\"Nature Cantons-de-l&#039;Est\" width=40 height=40 onerror=\"this.style.display='none'\"><\/a>\n\t<\/div>\n<\/div>\n\n<div class=\"cff-post-text\" >\n\t<span class=\"cff-text\" data-color=\"\">\n\t\tN\u2019oubliez pas, vous avez jusqu\u2019au 12 avril pour postuler et saisir l\u2019occasion de rejoindre une \u00e9quipe engag\u00e9e dans la protection des milieux naturels de notre r\u00e9gion! \ud83e\udd8a<span class=\"cff-post-desc\"  style=\"font-size:12px;\" >\u00c0 qui la chance de contribuer \u00e0 la conservation de la biodiversit\u00e9 au sein de notre \u00e9quipe? Consultez nos offres d'emplois 2026 ici: <a href=\"https:\/\/naturecantonsdelest.ca\/nce\/emploi\/\" rel='nofollow noopener noreferrer'>naturecantonsdelest.ca\/nce\/emploi\/<\/a> <\/span>\t\t\t<\/span>\n\t<span class=\"cff-expand\">... <a href=\"#\" style=\"color: #\"><span class=\"cff-more\">Voir plus<\/span><span class=\"cff-less\">Voir moins<\/span><\/a><\/span>\n\n<\/div>\n\n<p class=\"cff-media-link\">\n\t<a href=\"https:\/\/www.facebook.com\/photo.php?fbid=1374185808082491&#038;set=a.458054843028930&#038;type=3\" target=\"_blank\" style=\"color: #\">\n\t\t<span style=\"padding-right: 5px;\" class=\"fa fas fa-picture-o fa-image\"><\/span>Photo\t<\/a>\n<\/p>\n\t\t<div class=\"cff-post-links\">\n\t\t\t\t\t<a class=\"cff-viewpost-facebook\" href=\"https:\/\/www.facebook.com\/photo.php?fbid=1374185808082491&#038;set=a.458054843028930&#038;type=3\" title=\"View on Facebook\" target=\"_blank\" rel=\"nofollow noopener\" >View on Facebook<\/a>\n\t\t\t\t\t\t\t<div class=\"cff-share-container\">\n\t\t\t\t\t\t\t\t\t<span class=\"cff-dot\" >&middot;<\/span>\n\t\t\t\t\t\t\t\t<a class=\"cff-share-link\" href=\"https:\/\/www.facebook.com\/sharer\/sharer.php?u=https%3A%2F%2Fwww.facebook.com%2Fphoto.php%3Ffbid%3D1374185808082491%26amp%3Bset%3Da.458054843028930%26amp%3Btype%3D3\" title=\"Share\" >Share<\/a>\n\t\t\t\t<p class=\"cff-share-tooltip\">\n\t\t\t\t\t\t\t\t\t\t\t<a href=\"https:\/\/www.facebook.com\/sharer\/sharer.php?u=https%3A%2F%2Fwww.facebook.com%2Fphoto.php%3Ffbid%3D1374185808082491%26amp%3Bset%3Da.458054843028930%26amp%3Btype%3D3\" target=\"_blank\" rel=\"noopener noreferrer\" class=\"cff-facebook-icon\">\n\t\t\t\t\t\t\t<span class=\"fa fab fa-facebook-square\" aria-hidden=\"true\"><\/span>\n\t\t\t\t\t\t\t<span class=\"cff-screenreader\">Partager sur Facebook<\/span>\n\t\t\t\t\t\t<\/a>\n\t\t\t\t\t\t\t\t\t\t\t<a href=\"https:\/\/twitter.com\/intent\/tweet?text=https%3A%2F%2Fwww.facebook.com%2Fphoto.php%3Ffbid%3D1374185808082491%26amp%3Bset%3Da.458054843028930%26amp%3Btype%3D3\" target=\"_blank\" rel=\"noopener noreferrer\" class=\"cff-twitter-icon\">\n\t\t\t\t\t\t\t<span class=\"fa fab fa-twitter\" aria-hidden=\"true\"><\/span>\n\t\t\t\t\t\t\t<span class=\"cff-screenreader\">Partager sur Twitter<\/span>\n\t\t\t\t\t\t<\/a>\n\t\t\t\t\t\t\t\t\t\t\t<a href=\"https:\/\/www.linkedin.com\/shareArticle?mini=true&#038;url=https%3A%2F%2Fwww.facebook.com%2Fphoto.php%3Ffbid%3D1374185808082491%26amp%3Bset%3Da.458054843028930%26amp%3Btype%3D3&#038;title=%09%09%09N%E2%80%99oubliez%20pas%2C%20vous%20avez%20jusqu%E2%80%99au%2012%20avril%20pour%20postuler%20et%20saisir%20l%E2%80%99occasion%20de%20rejoindre%20une%20%C3%A9quipe%20engag%C3%A9e%20dans%20la%20protection%20des%20milieux%20naturels%20de%20notre%20r%C3%A9gion%21%20%F0%9F%A6%8A%C3%80%20qui%20la%20chance%20de%20contribuer%20%C3%A0%20la%20conservation%20de%20la%20biodiversit%C3%A9%20au%20sein%20de%20notre%20%C3%A9quipe%3F%20Consultez%20nos%20offres%20d%27emplois%202026%20ici%3A%20naturecantonsdelest.ca%2Fnce%2Femploi%2F%20%09%09%09%09\" target=\"_blank\" rel=\"noopener noreferrer\" class=\"cff-linkedin-icon\">\n\t\t\t\t\t\t\t<span class=\"fa fab fa-linkedin\" aria-hidden=\"true\"><\/span>\n\t\t\t\t\t\t\t<span class=\"cff-screenreader\">Partager sur LinkedIn<\/span>\n\t\t\t\t\t\t<\/a>\n\t\t\t\t\t\t\t\t\t\t\t<a href=\"mailto:?subject=Facebook&#038;body=https%3A%2F%2Fwww.facebook.com%2Fphoto.php%3Ffbid%3D1374185808082491%26amp%3Bset%3Da.458054843028930%26amp%3Btype%3D3%20-%20%0A%0A%09%0A%09%09N%E2%80%99oubliez%20pas%2C%20vous%20avez%20jusqu%E2%80%99au%2012%20avril%20pour%20postuler%20et%20saisir%20l%E2%80%99occasion%20de%20rejoindre%20une%20%C3%A9quipe%20engag%C3%A9e%20dans%20la%20protection%20des%20milieux%20naturels%20de%20notre%20r%C3%A9gion%21%20%F0%9F%A6%8A%C3%80%20qui%20la%20chance%20de%20contribuer%20%C3%A0%20la%20conservation%20de%20la%20biodiversit%C3%A9%20au%20sein%20de%20notre%20%C3%A9quipe%3F%20Consultez%20nos%20offres%20d%27emplois%202026%20ici%3A%20naturecantonsdelest.ca%2Fnce%2Femploi%2F%20%09%09%09%0A%09\" target=\"_blank\" rel=\"noopener noreferrer\" class=\"cff-email-icon\">\n\t\t\t\t\t\t\t<span class=\"fa fab fa-envelope\" aria-hidden=\"true\"><\/span>\n\t\t\t\t\t\t\t<span class=\"cff-screenreader\">Partager par email<\/span>\n\t\t\t\t\t\t<\/a>\n\t\t\t\t\t\t\t\t\t<\/p>\n\t\t\t<\/div>\n\t\t\t<\/div>\n\t<\/div>\n\n\n\n\n<div class=\"cff-likebox cff-bottom\" >\n\t\t<iframe title=\"Likebox Iframe\" src=\"\" class=\"fb_iframe_widget\" data-likebox-id=\"419624361426852\" data-likebox-width=\"300\" data-likebox-header=\"\" data-hide-cover=\"\" data-hide-cta=\"\" data-likebox-faces=\"\" data-height=\"130\" data-locale=\"en_US\" scrolling=\"no\" allowTransparency=\"true\" allow=\"encrypted-media\" ><\/iframe>\n<\/div>\n<\/div><input class=\"cff-pag-url\" type=\"hidden\" data-locatornonce=\"9655b13de1\" data-cff-shortcode=\"{&quot;feed&quot;: &quot;2&quot;}\" data-post-id=\"134\" data-feed-id=\"419624361426852\"><\/div><\/div><div class=\"cff-clear\"><\/div><\/div><style type=\"text\/css\">\n#cff.cff-palette-2  .cff-item,\n#cff.cff-palette-2  .cff-item.cff-box,\n#cff.cff-palette-2  .cff-item.cff-box:first-child,\n#cff.cff-palette-2  .cff-album-item {\n  background-color: #EBEBEB;\n}\n#cff.cff-palette-2  .cff-view-comments,\n#cff.cff-palette-2  .cff-load-more,\n#cff.cff-palette-2  .cff-shared-link {\n  background-color: #AEAEAE;\n}\n#cff.cff-palette-2  .cff-comment .cff-comment-text p,\n#cff.cff-palette-2  .cff-album-info p,\n#cff.cff-palette-2  .cff-story,\n#cff.cff-palette-2  .cff-text {\n  color: #000000;\n}\n#cff.cff-palette-2  .cff-comment-date,\n#cff.cff-palette-2  .cff-text-link .cff-post-desc,\n#cff.cff-palette-2  .cff-link-caption,\n#cff.cff-palette-2  .cff-date {\n  color: #88882C;\n}\n#cff.cff-palette-2  a,\n#cff.cff-palette-2  .cff-post-links a,\n#cff.cff-palette-2  a {\n  color: #88882C;\n}\n<\/style>\t\t\t\t<\/div>\n\t\t\t\t<\/div>\n\t\t\t\t\t<\/div>\n\t\t<\/div>\n\t\t\t\t\t<\/div>\n\t\t<\/section>\n\t\t\t\t<section class=\"elementor-section elementor-top-section elementor-element elementor-element-efd4891 elementor-section-height-min-height elementor-section-boxed elementor-section-height-default elementor-section-items-middle\" data-id=\"efd4891\" data-element_type=\"section\" data-settings=\"{&quot;background_background&quot;:&quot;classic&quot;}\">\n\t\t\t\t\t\t<div class=\"elementor-container elementor-column-gap-no\">\n\t\t\t\t\t<div class=\"elementor-column elementor-col-100 elementor-top-column elementor-element elementor-element-a9d67d1\" data-id=\"a9d67d1\" data-element_type=\"column\">\n\t\t\t<div class=\"elementor-widget-wrap elementor-element-populated\">\n\t\t\t\t\t\t<div class=\"elementor-element elementor-element-f8f4797 elementor-widget elementor-widget-spacer\" data-id=\"f8f4797\" data-element_type=\"widget\" data-widget_type=\"spacer.default\">\n\t\t\t\t<div class=\"elementor-widget-container\">\n\t\t\t\t\t\t\t<div class=\"elementor-spacer\">\n\t\t\t<div class=\"elementor-spacer-inner\"><\/div>\n\t\t<\/div>\n\t\t\t\t\t\t<\/div>\n\t\t\t\t<\/div>\n\t\t\t\t\t<\/div>\n\t\t<\/div>\n\t\t\t\t\t<\/div>\n\t\t<\/section>\n\t\t\t\t<section class=\"elementor-section elementor-top-section elementor-element elementor-element-e0cb334 elementor-section-height-min-height elementor-section-content-middle elementor-section-boxed elementor-section-height-default elementor-section-items-middle\" data-id=\"e0cb334\" data-element_type=\"section\" data-settings=\"{&quot;background_background&quot;:&quot;classic&quot;,&quot;background_motion_fx_motion_fx_scrolling&quot;:&quot;yes&quot;,&quot;background_motion_fx_translateY_effect&quot;:&quot;yes&quot;,&quot;background_motion_fx_translateY_speed&quot;:{&quot;unit&quot;:&quot;px&quot;,&quot;size&quot;:5.5,&quot;sizes&quot;:[]},&quot;background_motion_fx_range&quot;:&quot;page&quot;,&quot;background_motion_fx_translateY_affectedRange&quot;:{&quot;unit&quot;:&quot;%&quot;,&quot;size&quot;:&quot;&quot;,&quot;sizes&quot;:{&quot;start&quot;:0,&quot;end&quot;:100}},&quot;background_motion_fx_devices&quot;:[&quot;desktop&quot;,&quot;tablet&quot;,&quot;mobile&quot;]}\">\n\t\t\t\t\t\t<div class=\"elementor-container elementor-column-gap-extended\">\n\t\t\t\t\t<div class=\"elementor-column elementor-col-100 elementor-top-column elementor-element elementor-element-f19d3c9\" data-id=\"f19d3c9\" data-element_type=\"column\">\n\t\t\t<div class=\"elementor-widget-wrap elementor-element-populated\">\n\t\t\t\t\t\t<section class=\"elementor-section elementor-inner-section elementor-element elementor-element-90719dc elementor-section-content-middle elementor-section-boxed elementor-section-height-default elementor-section-height-default\" data-id=\"90719dc\" data-element_type=\"section\">\n\t\t\t\t\t\t<div class=\"elementor-container elementor-column-gap-default\">\n\t\t\t\t\t<div class=\"elementor-column elementor-col-50 elementor-inner-column elementor-element elementor-element-c0835bc\" data-id=\"c0835bc\" data-element_type=\"column\" data-settings=\"{&quot;background_background&quot;:&quot;classic&quot;}\">\n\t\t\t<div class=\"elementor-widget-wrap elementor-element-populated\">\n\t\t\t\t\t<div class=\"elementor-background-overlay\"><\/div>\n\t\t\t\t\t\t<div class=\"elementor-element elementor-element-5e03a3b elementor-widget elementor-widget-image\" data-id=\"5e03a3b\" data-element_type=\"widget\" data-widget_type=\"image.default\">\n\t\t\t\t<div class=\"elementor-widget-container\">\n\t\t\t\t\t\t\t\t\t\t\t\t\t\t\t\t<a href=\"https:\/\/naturecantonsdelest.ca\/nce\/parc-johnville\/\">\n\t\t\t\t\t\t\t<img decoding=\"async\" width=\"390\" height=\"163\" src=\"https:\/\/naturecantonsdelest.ca\/nce\/wp-content\/uploads\/2022\/06\/logo_parc-ecoforestier-johnville.png\" class=\"attachment-large size-large wp-image-176\" alt=\"Parc ecoforestier Johnville\" srcset=\"https:\/\/naturecantonsdelest.ca\/nce\/wp-content\/uploads\/2022\/06\/logo_parc-ecoforestier-johnville.png 390w, https:\/\/naturecantonsdelest.ca\/nce\/wp-content\/uploads\/2022\/06\/logo_parc-ecoforestier-johnville-300x125.png 300w\" sizes=\"(max-width: 390px) 100vw, 390px\" \/>\t\t\t\t\t\t\t\t<\/a>\n\t\t\t\t\t\t\t\t\t\t\t\t\t\t\t<\/div>\n\t\t\t\t<\/div>\n\t\t\t\t\t<\/div>\n\t\t<\/div>\n\t\t\t\t<div class=\"elementor-column elementor-col-50 elementor-inner-column elementor-element elementor-element-0f82aec\" data-id=\"0f82aec\" data-element_type=\"column\" data-settings=\"{&quot;background_background&quot;:&quot;classic&quot;}\">\n\t\t\t<div class=\"elementor-widget-wrap elementor-element-populated\">\n\t\t\t\t\t\t<div class=\"elementor-element elementor-element-a5270dc elementor-widget elementor-widget-text-editor\" data-id=\"a5270dc\" data-element_type=\"widget\" data-widget_type=\"text-editor.default\">\n\t\t\t\t<div class=\"elementor-widget-container\">\n\t\t\t\t\t\t\t\t\t<p>Savez-vous que Nature Cantons-de-l\u2019Est est gestionnaire du <strong>Parc \u00e9coforestier de Johnville<\/strong>, une station de recherche et d&rsquo;enseignement universitaire ouverte \u00e0 la pratique du plein-air?<br><a href=\"https:\/\/naturecantonsdelest.ca\/nce\/parc-johnville\/\"><span style=\"color: #ffff99;\">\u00bb<\/span><strong><span style=\"color: #ffff99;\"> En savoir plus<\/span><\/strong><\/a><\/p>\t\t\t\t\t\t\t\t<\/div>\n\t\t\t\t<\/div>\n\t\t\t\t\t<\/div>\n\t\t<\/div>\n\t\t\t\t\t<\/div>\n\t\t<\/section>\n\t\t\t\t\t<\/div>\n\t\t<\/div>\n\t\t\t\t\t<\/div>\n\t\t<\/section>\n\t\t\t\t<section class=\"elementor-section elementor-top-section elementor-element elementor-element-20ae29f elementor-section-height-min-height elementor-section-boxed elementor-section-height-default elementor-section-items-middle\" data-id=\"20ae29f\" data-element_type=\"section\">\n\t\t\t\t\t\t<div class=\"elementor-container elementor-column-gap-no\">\n\t\t\t\t\t<div class=\"elementor-column elementor-col-100 elementor-top-column elementor-element elementor-element-6780ebc\" data-id=\"6780ebc\" data-element_type=\"column\">\n\t\t\t<div class=\"elementor-widget-wrap elementor-element-populated\">\n\t\t\t\t\t\t<div class=\"elementor-element elementor-element-614ccac elementor-widget elementor-widget-spacer\" data-id=\"614ccac\" data-element_type=\"widget\" data-widget_type=\"spacer.default\">\n\t\t\t\t<div class=\"elementor-widget-container\">\n\t\t\t\t\t\t\t<div class=\"elementor-spacer\">\n\t\t\t<div class=\"elementor-spacer-inner\"><\/div>\n\t\t<\/div>\n\t\t\t\t\t\t<\/div>\n\t\t\t\t<\/div>\n\t\t\t\t\t<\/div>\n\t\t<\/div>\n\t\t\t\t\t<\/div>\n\t\t<\/section>\n\t\t\t\t<\/div>\n\t\t","protected":false},"excerpt":{"rendered":"<p>PR\u00c9SERVERLES MILIEUX NATURELSET LA BIODIVERSIT\u00c9 Vous \u00eates un propri\u00e9taire int\u00e9ress\u00e9 par la CONSERVATION? CONTACTEZ-NOUS 819-566-5600 Nature Cantons-de-l\u2019Est est un organisme actif dans la conservation des milieux naturels et dans l\u2019\u00e9ducation et la sensibilisation aux milieux naturels, et qui appuie la formation et la recherche au niveau postsecondaire. En activit\u00e9 depuis 1989, Nature Cantons-de-l\u2019Est collabore avec [&hellip;]<\/p>\n","protected":false},"author":1,"featured_media":8,"parent":0,"menu_order":0,"comment_status":"closed","ping_status":"closed","template":"elementor_header_footer","meta":{"_monsterinsights_skip_tracking":false,"_monsterinsights_sitenote_active":false,"_monsterinsights_sitenote_note":"","_monsterinsights_sitenote_category":0,"footnotes":""},"aioseo_notices":[],"_links":{"self":[{"href":"https:\/\/naturecantonsdelest.ca\/nce\/wp-json\/wp\/v2\/pages\/134"}],"collection":[{"href":"https:\/\/naturecantonsdelest.ca\/nce\/wp-json\/wp\/v2\/pages"}],"about":[{"href":"https:\/\/naturecantonsdelest.ca\/nce\/wp-json\/wp\/v2\/types\/page"}],"author":[{"embeddable":true,"href":"https:\/\/naturecantonsdelest.ca\/nce\/wp-json\/wp\/v2\/users\/1"}],"replies":[{"embeddable":true,"href":"https:\/\/naturecantonsdelest.ca\/nce\/wp-json\/wp\/v2\/comments?post=134"}],"version-history":[{"count":153,"href":"https:\/\/naturecantonsdelest.ca\/nce\/wp-json\/wp\/v2\/pages\/134\/revisions"}],"predecessor-version":[{"id":1638,"href":"https:\/\/naturecantonsdelest.ca\/nce\/wp-json\/wp\/v2\/pages\/134\/revisions\/1638"}],"wp:featuredmedia":[{"embeddable":true,"href":"https:\/\/naturecantonsdelest.ca\/nce\/wp-json\/wp\/v2\/media\/8"}],"wp:attachment":[{"href":"https:\/\/naturecantonsdelest.ca\/nce\/wp-json\/wp\/v2\/media?parent=134"}],"curies":[{"name":"wp","href":"https:\/\/api.w.org\/{rel}","templated":true}]}}